{"id":11235,"date":"2023-11-19T12:37:45","date_gmt":"2023-11-19T11:37:45","guid":{"rendered":"https:\/\/www.zaanseschans.com\/das-haus-des-kaufmanns-de-mol\/"},"modified":"2024-10-10T11:35:42","modified_gmt":"2024-10-10T10:35:42","slug":"das-haus-des-kaufmanns-de-mol","status":"publish","type":"page","link":"https:\/\/www.zaanseschans.com\/de\/das-haus-des-kaufmanns-de-mol\/","title":{"rendered":"Kalverringdijk 19"},"content":{"rendered":"<div class=\"fusion-fullwidth fullwidth-box fusion-builder-row-1 fusion-flex-container has-pattern-background has-mask-background nonhundred-percent-fullwidth non-hundred-percent-height-scrolling\" style=\"--awb-border-radius-top-left:0px;--awb-border-radius-top-right:0px;--awb-border-radius-bottom-right:0px;--awb-border-radius-bottom-left:0px;--awb-padding-top:0px;--awb-padding-right:0px;--awb-padding-bottom:0px;--awb-padding-left:0px;--awb-margin-top:0px;--awb-margin-bottom:0px;--awb-flex-wrap:wrap;\" ><div class=\"fusion-builder-row fusion-row fusion-flex-align-items-stretch fusion-flex-content-wrap\" style=\"max-width:calc( 1375px + 0px );margin-left: calc(-0px \/ 2 );margin-right: calc(-0px \/ 2 );\"><div class=\"fusion-layout-column fusion_builder_column fusion-builder-column-0 fusion_builder_column_2_3 2_3 fusion-flex-column\" style=\"--awb-padding-right:75px;--awb-padding-bottom:100px;--awb-padding-left:75px;--awb-bg-color:#ffffff;--awb-bg-color-hover:#ffffff;--awb-bg-image:linear-gradient(180deg, #ffffff 31%,#f9f9f6 94%);--awb-bg-position:center top;--awb-bg-size:cover;--awb-width-large:66.666666666667%;--awb-margin-top-large:0px;--awb-spacing-right-large:0px;--awb-margin-bottom-large:0px;--awb-spacing-left-large:0px;--awb-width-medium:100%;--awb-order-medium:0;--awb-spacing-right-medium:0px;--awb-spacing-left-medium:0px;--awb-width-small:100%;--awb-order-small:0;--awb-spacing-right-small:0px;--awb-spacing-left-small:0px;\" data-scroll-devices=\"small-visibility,medium-visibility,large-visibility\"><div class=\"fusion-column-wrapper fusion-column-has-shadow fusion-flex-justify-content-flex-start fusion-content-layout-column\"><div class=\"fusion-separator fusion-no-small-visibility fusion-no-medium-visibility fusion-full-width-sep\" style=\"align-self: center;margin-left: auto;margin-right: auto;margin-top:60px;width:100%;\"><\/div><div class=\"fusion-text fusion-text-1\"><h3><strong>Kalverringdijk 19<\/strong><\/h3>\n<hr>\n<h3><\/h3>\n<\/div><div class=\"fusion-image-element \" style=\"--awb-margin-bottom:30px;--awb-caption-title-font-family:var(--h2_typography-font-family);--awb-caption-title-font-weight:var(--h2_typography-font-weight);--awb-caption-title-font-style:var(--h2_typography-font-style);--awb-caption-title-size:var(--h2_typography-font-size);--awb-caption-title-transform:var(--h2_typography-text-transform);--awb-caption-title-line-height:var(--h2_typography-line-height);--awb-caption-title-letter-spacing:var(--h2_typography-letter-spacing);\"><span class=\" fusion-imageframe imageframe-none imageframe-1 hover-type-none\"><img decoding=\"async\" width=\"1000\" height=\"650\" alt=\"Das Haus des Kaufmanns de Mol\" title=\"Koopmanshuis-d\u2019Mol\" src=\"https:\/\/www.zaanseschans.com\/wp-content\/uploads\/Koopmanshuis-dMol.jpg\" class=\"img-responsive wp-image-11242\" srcset=\"https:\/\/www.zaanseschans.com\/wp-content\/uploads\/Koopmanshuis-dMol-200x130.jpg 200w, https:\/\/www.zaanseschans.com\/wp-content\/uploads\/Koopmanshuis-dMol-400x260.jpg 400w, https:\/\/www.zaanseschans.com\/wp-content\/uploads\/Koopmanshuis-dMol-600x390.jpg 600w, https:\/\/www.zaanseschans.com\/wp-content\/uploads\/Koopmanshuis-dMol-800x520.jpg 800w, https:\/\/www.zaanseschans.com\/wp-content\/uploads\/Koopmanshuis-dMol.jpg 1000w\" sizes=\"(max-width: 1024px) 100vw, (max-width: 640px) 100vw, 800px\" \/><\/span><\/div><div class=\"fusion-text fusion-text-2 fusion-text-no-margin\" style=\"--awb-margin-top:0px;--awb-margin-bottom:40px;\"><p><strong><em>Haus des Kaufmanns d&#8217;Mol&#8220;, mit einem Maulwurf und einem Bienenstock im Familienwappen \u00fcber der T\u00fcr<\/em><\/strong><\/p>\n<p>Das &#8218;Koopmanshuys d&#8217;Mol&#8216; ist ein wundersch\u00f6nes Kaufmannshaus, das um 1660 erbaut und nach seinem ersten Besitzer, der Familie Mol, benannt wurde, die ihr Verm\u00f6gen mit dem Walfang machte. Das &#8218;T\u00fcrkalb&#8216; zeigt daher einen Maulwurf auf einem runden blauen Hintergrund. Mit dreizehn Zimmern ist es das gr\u00f6\u00dfte Haus an der Zaanse Schans. Die Familie wollte, dass das beeindruckende Geb\u00e4ude ihren Reichtum und ihre Vornehmheit ausstrahlt, und das spiegelt sich in der Pracht des Hauses wider. \u00dcber der T\u00fcr befindet sich ein pr\u00e4chtiges Familienwappen, das wundersch\u00f6n aus Holz geschnitzt ist.<\/p>\n<\/div><div class=\"fusion-image-element \" style=\"--awb-margin-bottom:30px;--awb-caption-title-font-family:var(--h2_typography-font-family);--awb-caption-title-font-weight:var(--h2_typography-font-weight);--awb-caption-title-font-style:var(--h2_typography-font-style);--awb-caption-title-size:var(--h2_typography-font-size);--awb-caption-title-transform:var(--h2_typography-text-transform);--awb-caption-title-line-height:var(--h2_typography-line-height);--awb-caption-title-letter-spacing:var(--h2_typography-letter-spacing);\"><span class=\" fusion-imageframe imageframe-none imageframe-2 hover-type-none\"><img decoding=\"async\" width=\"2000\" height=\"1348\" alt=\"Das Haus des Kaufmanns de Mol\" title=\"&#8218;t-Koopmanshuys-d&#8217;Mol-Anno1795\" src=\"https:\/\/www.zaanseschans.com\/wp-content\/uploads\/Koopmanshuis-de-Mol.jpg\" class=\"img-responsive wp-image-9765\" srcset=\"https:\/\/www.zaanseschans.com\/wp-content\/uploads\/Koopmanshuis-de-Mol-200x135.jpg 200w, https:\/\/www.zaanseschans.com\/wp-content\/uploads\/Koopmanshuis-de-Mol-400x270.jpg 400w, https:\/\/www.zaanseschans.com\/wp-content\/uploads\/Koopmanshuis-de-Mol-600x404.jpg 600w, https:\/\/www.zaanseschans.com\/wp-content\/uploads\/Koopmanshuis-de-Mol-800x539.jpg 800w, https:\/\/www.zaanseschans.com\/wp-content\/uploads\/Koopmanshuis-de-Mol-1200x809.jpg 1200w, https:\/\/www.zaanseschans.com\/wp-content\/uploads\/Koopmanshuis-de-Mol.jpg 2000w\" sizes=\"(max-width: 1024px) 100vw, (max-width: 640px) 100vw, 800px\" \/><\/span><\/div><div class=\"fusion-builder-row fusion-builder-row-inner fusion-row fusion-flex-align-items-stretch fusion-flex-content-wrap\" style=\"--awb-flex-grow:0;--awb-flex-grow-medium:0;--awb-flex-grow-small:0;--awb-flex-shrink:0;--awb-flex-shrink-medium:0;--awb-flex-shrink-small:0;width:calc( 100% + 0px ) !important;max-width:calc( 100% + 0px ) !important;margin-left: calc(-0px \/ 2 );margin-right: calc(-0px \/ 2 );\"><div class=\"fusion-layout-column fusion_builder_column_inner fusion-builder-nested-column-0 fusion_builder_column_inner_1_1 1_1 fusion-flex-column\" style=\"--awb-padding-right:40px;--awb-padding-bottom:20px;--awb-padding-left:40px;--awb-overflow:hidden;--awb-bg-color:#f9f9f6;--awb-bg-color-hover:#f9f9f6;--awb-bg-size:cover;--awb-border-color:rgba(135,135,135,0.34);--awb-border-top:1px;--awb-border-right:1px;--awb-border-bottom:1px;--awb-border-left:1px;--awb-border-style:solid;--awb-border-radius:0px 0px 0px 40px;--awb-width-large:100%;--awb-margin-top-large:0px;--awb-spacing-right-large:0px;--awb-margin-bottom-large:30px;--awb-spacing-left-large:0px;--awb-width-medium:100%;--awb-order-medium:0;--awb-spacing-right-medium:0px;--awb-spacing-left-medium:0px;--awb-width-small:100%;--awb-order-small:0;--awb-spacing-right-small:0px;--awb-spacing-left-small:0px;\" data-scroll-devices=\"small-visibility,medium-visibility,large-visibility\"><div class=\"fusion-column-wrapper fusion-column-has-shadow fusion-flex-justify-content-flex-start fusion-content-layout-column\"><div class=\"fusion-text fusion-text-3\"><h4><em><span style=\"color: #808080;\">Geschichte<\/span><\/em><\/h4>\n<p><span style=\"color: #808080;\"><em>Das Haus hat eine interessante Geschichte. Seine letzten Bewohner waren die Familie Honig, eine renommierte Papiermacherfamilie, die weltweit f\u00fcr ihre hochwertigen Papiere bekannt war.<br \/>\nDas Familienwappen der Honigs, ein Bienenstock, prangt oben auf dem Dach und erinnert an ihren ber\u00fchmten Beitrag zur Herstellung von Papier, darunter auch das Papier, auf dem die amerikanische Unabh\u00e4ngigkeitserkl\u00e4rung gedruckt wurde; viele Exemplare dieses politischen Pamphlets haben daher einen Bienenstock als Wasserzeichen. In der Vergangenheit standen &#8218;t &#8218;Koopmanshuys d&#8217;Mol&#8216; und &#8218;Het Noorderhuis&#8216; in Zaandijk Seite an Seite. Beide H\u00e4user waren in einem vernachl\u00e4ssigten Zustand, wurden aber nicht f\u00fcr unbewohnbar erkl\u00e4rt. Das Noorderhuis wurde sp\u00e4ter von der gleichen Familie gekauft, um ihre Bibliothek unterzubringen. Die monumentalen Verzierungen rund um die T\u00fcr wurden wundersch\u00f6n restauriert und sind nun ein echter Blickfang. Die Eingangstafel wurde bei einer gr\u00fcndlichen Modernisierung im Jahr 1796 hinzugef\u00fcgt und zeigt im Oberlicht die Ruten von Neptun (ein Dreizack) und Merkur (mit zwei Schlangen): die G\u00f6tter der Seefahrt und des Handels.<br \/>\nDie gleichen Ruten und der Bienenstock finden sich auch im Portal des Noorderhuis. Beide Geb\u00e4ude, &#8218;t Koopmanshuys d&#8217;Mol und Het Noorderhuis, haben eine reiche Geschichte und sind dank ihrer einzigartigen Architektur, ihrer historischen Bedeutung und ihrer sch\u00f6nen Details ein wertvoller Teil der Zaanse Schans.      <\/em><\/span><\/p>\n<p><em><span style=\"color: #808080;\"> <\/span><\/em><\/p>\n<p><span style=\"color: #808080;\"><em><br \/>\n<img decoding=\"async\" class=\"alignnone size-full wp-image-5568\" src=\"https:\/\/www.zaanseschans.com\/wp-content\/uploads\/2023\/11\/Koopmanshuys-de-Mol-historie-1.jpg\" alt=\"\" width=\"900\" height=\"550\" srcset=\"https:\/\/www.zaanseschans.com\/wp-content\/uploads\/2023\/11\/Koopmanshuys-de-Mol-historie-1-200x122.jpg 200w, https:\/\/www.zaanseschans.com\/wp-content\/uploads\/2023\/11\/Koopmanshuys-de-Mol-historie-1-300x183.jpg 300w, https:\/\/www.zaanseschans.com\/wp-content\/uploads\/2023\/11\/Koopmanshuys-de-Mol-historie-1-400x244.jpg 400w, https:\/\/www.zaanseschans.com\/wp-content\/uploads\/2023\/11\/Koopmanshuys-de-Mol-historie-1-600x367.jpg 600w, https:\/\/www.zaanseschans.com\/wp-content\/uploads\/2023\/11\/Koopmanshuys-de-Mol-historie-1-768x469.jpg 768w, https:\/\/www.zaanseschans.com\/wp-content\/uploads\/2023\/11\/Koopmanshuys-de-Mol-historie-1-800x489.jpg 800w, https:\/\/www.zaanseschans.com\/wp-content\/uploads\/2023\/11\/Koopmanshuys-de-Mol-historie-1.jpg 900w\" sizes=\"(max-width: 900px) 100vw, 900px\" \/><br \/>\n<\/em><\/span><\/p>\n<p><span style=\"color: #808080;\"><em>Die \u00dcberquerung von &#8218;t Koopmanshuis \u00fcber die Zaan im Jahr 1970<\/em><\/span><\/p>\n<\/div><\/div><\/div><\/div><\/div><\/div><div class=\"fusion-layout-column fusion_builder_column fusion-builder-column-1 fusion_builder_column_1_3 1_3 fusion-flex-column fusion-flex-align-self-stretch\" style=\"--awb-padding-right:20%;--awb-padding-bottom:18%;--awb-padding-left:13%;--awb-bg-color:#f9f9f6;--awb-bg-color-hover:#f9f9f6;--awb-bg-size:cover;--awb-width-large:33.333333333333%;--awb-margin-top-large:0px;--awb-spacing-right-large:0px;--awb-margin-bottom-large:0px;--awb-spacing-left-large:0px;--awb-width-medium:100%;--awb-order-medium:0;--awb-spacing-right-medium:0px;--awb-spacing-left-medium:0px;--awb-width-small:100%;--awb-order-small:0;--awb-spacing-right-small:0px;--awb-spacing-left-small:0px;\" data-scroll-devices=\"small-visibility,medium-visibility,large-visibility\"><div class=\"fusion-column-wrapper fusion-column-has-shadow fusion-flex-justify-content-flex-start fusion-content-layout-column\"><div class=\"fusion-separator fusion-no-small-visibility fusion-no-medium-visibility fusion-full-width-sep\" style=\"align-self: center;margin-left: auto;margin-right: auto;margin-top:60px;width:100%;\"><\/div><div style=\"text-align:center;\"><a class=\"fusion-button button-flat fusion-button-default-size button-default fusion-button-default button-1 fusion-button-default-span fusion-button-default-type\" target=\"_self\" href=\"https:\/\/www.zaanseschans.com\/de\/karte\/\"><span class=\"fusion-button-text awb-button__text awb-button__text--default\">&lt;  zur\u00fcck zur Karte<\/span><\/a><\/div><div class=\"fusion-separator fusion-full-width-sep\" style=\"align-self: center;margin-left: auto;margin-right: auto;margin-top:60px;width:100%;\"><\/div><div class=\"fusion-image-element \" style=\"text-align:center;--awb-max-width:350px;--awb-caption-title-font-family:var(--h2_typography-font-family);--awb-caption-title-font-weight:var(--h2_typography-font-weight);--awb-caption-title-font-style:var(--h2_typography-font-style);--awb-caption-title-size:var(--h2_typography-font-size);--awb-caption-title-transform:var(--h2_typography-text-transform);--awb-caption-title-line-height:var(--h2_typography-line-height);--awb-caption-title-letter-spacing:var(--h2_typography-letter-spacing);\"><span class=\" fusion-imageframe imageframe-none imageframe-3 hover-type-none\"><img decoding=\"async\" width=\"500\" height=\"334\" title=\"De-mol-historie\" src=\"https:\/\/www.zaanseschans.com\/wp-content\/uploads\/2023\/11\/De-mol-historie.png\" alt class=\"img-responsive wp-image-11241\" srcset=\"https:\/\/www.zaanseschans.com\/wp-content\/uploads\/2023\/11\/De-mol-historie-200x134.png 200w, https:\/\/www.zaanseschans.com\/wp-content\/uploads\/2023\/11\/De-mol-historie-400x267.png 400w, https:\/\/www.zaanseschans.com\/wp-content\/uploads\/2023\/11\/De-mol-historie.png 500w\" sizes=\"(max-width: 1024px) 100vw, (max-width: 640px) 100vw, 400px\" \/><\/span><\/div><div class=\"fusion-separator fusion-full-width-sep\" style=\"align-self: center;margin-left: auto;margin-right: auto;margin-top:20px;width:100%;\"><\/div><div class=\"fusion-text fusion-text-4\"><p style=\"text-align: center;\"><span style=\"color: #999999;\"><em><\/p>\n<p>Nationales Denkmal 18. Jahrhundert Umsiedlung 1972 (ehemals Lagedijk 238, Zaandijk)<\/em><\/span><\/p>\n<\/div><ul style=\"--awb-size:14px;--awb-iconcolor:rgba(0,0,0,0.49);--awb-divider-color:rgba(0,0,0,0.49);--awb-textcolor:#707070;--awb-line-height:23.8px;--awb-icon-width:23.8px;--awb-icon-height:23.8px;--awb-icon-margin:9.8px;--awb-content-margin:33.6px;\" class=\"fusion-checklist fusion-checklist-1 fusion-checklist-default fusion-checklist-divider type-icons\"><li class=\"fusion-li-item\" style=\"\"><span class=\"icon-wrapper circle-no\"><i class=\"fusion-li-icon fa-home fas\" aria-hidden=\"true\"><\/i><\/span><div class=\"fusion-li-item-content\">\n<p>Wohnhaus<\/p>\n<\/div><\/li><li class=\"fusion-li-item\" style=\"\"><span class=\"icon-wrapper circle-no\"><i class=\"fusion-li-icon fa-map fas\" aria-hidden=\"true\"><\/i><\/span><div class=\"fusion-li-item-content\">\n<p>Kalverringdijk 19<\/p>\n<\/div><\/li><li class=\"fusion-li-item\" style=\"\"><span class=\"icon-wrapper circle-no\"><i class=\"fusion-li-icon fa-sign fas\" aria-hidden=\"true\"><\/i><\/span><div class=\"fusion-li-item-content\">\n<p>Die H\u00e4user an der Zaanse Schans zeigen die authentische und historische Zaanse-Holzbauweise. Die H\u00e4user sind bewohnt, Sie k\u00f6nnen sie also nicht besichtigen. Beobachten Sie sie aus der Ferne und nehmen Sie bitte R\u00fccksicht auf die Bewohner.<br \/>\n<em>Genie\u00dfen Sie die Umgebung und einen wundersch\u00f6nen Tag in der Zaanse Schans!<\/em><\/p>\n<\/div><\/li><\/ul><div class=\"fusion-separator fusion-full-width-sep\" style=\"align-self: center;margin-left: auto;margin-right: auto;margin-top:60px;width:100%;\"><\/div><nav class=\"awb-menu awb-menu_column awb-menu_em-click mobile-mode-collapse-to-button awb-menu_icons-left awb-menu_dc-yes mobile-trigger-fullwidth-off awb-menu_mobile-toggle awb-menu_indent-left close-on-outer-click-yes mobile-size-full-absolute loading mega-menu-loading awb-menu_desktop awb-menu_v-stacked awb-submenu_cm_accordion\" style=\"--awb-active-color:#000000;--awb-icons-size:56;--awb-main-justify-content:flex-start;--awb-mobile-justify:flex-start;--awb-mobile-caret-left:auto;--awb-mobile-caret-right:0;--awb-fusion-font-family-typography:inherit;--awb-fusion-font-style-typography:normal;--awb-fusion-font-weight-typography:400;--awb-fusion-font-family-submenu-typography:inherit;--awb-fusion-font-style-submenu-typography:normal;--awb-fusion-font-weight-submenu-typography:400;--awb-fusion-font-family-mobile-typography:inherit;--awb-fusion-font-style-mobile-typography:normal;--awb-fusion-font-weight-mobile-typography:400;\" aria-label=\"Locaties\" data-breakpoint=\"0\" data-count=\"0\" data-transition-type=\"fade\" data-transition-time=\"300\"><ul id=\"menu-locaties-duits\" class=\"fusion-menu awb-menu__main-ul awb-menu__main-ul_column\"><li  id=\"menu-item-11980\"  class=\"menu-item menu-item-type-custom menu-item-object-custom menu-item-has-children menu-item-11980 awb-menu__li awb-menu__main-li awb-menu__main-li_regular\"  data-item-id=\"11980\"><span class=\"awb-menu__main-background-default awb-menu__main-background-default_fade\"><\/span><span class=\"awb-menu__main-background-active awb-menu__main-background-active_fade\"><\/span><a  href=\"https:\/\/www.zaanseschans.com\/specerijenmolen-de-huisman\/\" class=\"awb-menu__main-a awb-menu__main-a_regular\"><span class=\"menu-text\">M\u00fchlen<\/span><\/a><button type=\"button\" aria-label=\"Open submenu of M\u00fchlen\" aria-expanded=\"false\" class=\"awb-menu__open-nav-submenu_mobile awb-menu__open-nav-submenu_click awb-menu__open-nav-submenu_main awb-menu__open-nav-submenu_needs-spacing\"><\/button><ul class=\"awb-menu__sub-ul awb-menu__sub-ul_main\"><li  id=\"menu-item-11981\"  class=\"menu-item menu-item-type-post_type menu-item-object-page menu-item-11981 awb-menu__li awb-menu__sub-li\" ><a  href=\"https:\/\/www.zaanseschans.com\/de\/gewuerzmuehle-de-huisman\/\" class=\"awb-menu__sub-a\"><span>Die Huisman Gew\u00fcrzm\u00fchle<\/span><\/a><\/li><li  id=\"menu-item-11982\"  class=\"menu-item menu-item-type-post_type menu-item-object-page menu-item-11982 awb-menu__li awb-menu__sub-li\" ><a  href=\"https:\/\/www.zaanseschans.com\/de\/holzsaegewerk-de-gekroonde-poelenburg\/\" class=\"awb-menu__sub-a\"><span>Holzs\u00e4gewerk De Gekroonde Poelenburg<\/span><\/a><\/li><li  id=\"menu-item-11983\"  class=\"menu-item menu-item-type-post_type menu-item-object-page menu-item-11983 awb-menu__li awb-menu__sub-li\" ><a  href=\"https:\/\/www.zaanseschans.com\/de\/farbmuehle-de-kat\/\" class=\"awb-menu__sub-a\"><span>Farbm\u00fchle Die Katze<\/span><\/a><\/li><li  id=\"menu-item-11984\"  class=\"menu-item menu-item-type-post_type menu-item-object-page menu-item-11984 awb-menu__li awb-menu__sub-li\" ><a  href=\"https:\/\/www.zaanseschans.com\/de\/oelmuehle-de-zoeker\/\" class=\"awb-menu__sub-a\"><span>\u00d6lm\u00fchle The Seeker<\/span><\/a><\/li><li  id=\"menu-item-11985\"  class=\"menu-item menu-item-type-post_type menu-item-object-page menu-item-11985 awb-menu__li awb-menu__sub-li\" ><a  href=\"https:\/\/www.zaanseschans.com\/de\/holzsaegewerk-het-jonge-schaap\/\" class=\"awb-menu__sub-a\"><span>Holzs\u00e4gewerk Das junge Schaf<\/span><\/a><\/li><li  id=\"menu-item-11986\"  class=\"menu-item menu-item-type-post_type menu-item-object-page menu-item-11986 awb-menu__li awb-menu__sub-li\" ><a  href=\"https:\/\/www.zaanseschans.com\/de\/oelmuehle-de-os\/\" class=\"awb-menu__sub-a\"><span>\u00d6lm\u00fchle De Os<\/span><\/a><\/li><li  id=\"menu-item-11987\"  class=\"menu-item menu-item-type-post_type menu-item-object-page menu-item-11987 awb-menu__li awb-menu__sub-li\" ><a  href=\"https:\/\/www.zaanseschans.com\/de\/holzsaegewerk-het-klaverblad\/\" class=\"awb-menu__sub-a\"><span>Holzs\u00e4gewerk Het Klaverblad<\/span><\/a><\/li><li  id=\"menu-item-11988\"  class=\"menu-item menu-item-type-post_type menu-item-object-page menu-item-11988 awb-menu__li awb-menu__sub-li\" ><a  href=\"https:\/\/www.zaanseschans.com\/de\/oelmuehle-de-bonte-hen\/\" class=\"awb-menu__sub-a\"><span>\u00d6lm\u00fchle De Bonte Hen<\/span><\/a><\/li><li  id=\"menu-item-11989\"  class=\"menu-item menu-item-type-post_type menu-item-object-page menu-item-11989 awb-menu__li awb-menu__sub-li\" ><a  href=\"https:\/\/www.zaanseschans.com\/de\/spielzeugmuehle-de-windhond\/\" class=\"awb-menu__sub-a\"><span>Spielzeugm\u00fchle De Windhond<\/span><\/a><\/li><li  id=\"menu-item-11990\"  class=\"menu-item menu-item-type-post_type menu-item-object-page menu-item-11990 awb-menu__li awb-menu__sub-li\" ><a  href=\"https:\/\/www.zaanseschans.com\/de\/wiesenmuehle-de-hadel\/\" class=\"awb-menu__sub-a\"><span>Wiesenm\u00fchle De Hadel<\/span><\/a><\/li><\/ul><\/li><li  id=\"menu-item-11991\"  class=\"menu-item menu-item-type-custom menu-item-object-custom menu-item-has-children menu-item-11991 awb-menu__li awb-menu__main-li awb-menu__main-li_regular\"  data-item-id=\"11991\"><span class=\"awb-menu__main-background-default awb-menu__main-background-default_fade\"><\/span><span class=\"awb-menu__main-background-active awb-menu__main-background-active_fade\"><\/span><a  href=\"https:\/\/www.zaanseschans.com\/de\/kalverringdijk-7\/\" class=\"awb-menu__main-a awb-menu__main-a_regular\"><span class=\"menu-text\">H\u00e4user<\/span><\/a><button type=\"button\" aria-label=\"Open submenu of H\u00e4user\" aria-expanded=\"false\" class=\"awb-menu__open-nav-submenu_mobile awb-menu__open-nav-submenu_click awb-menu__open-nav-submenu_main awb-menu__open-nav-submenu_needs-spacing\"><\/button><ul class=\"awb-menu__sub-ul awb-menu__sub-ul_main\"><li  id=\"menu-item-11992\"  class=\"menu-item menu-item-type-post_type menu-item-object-page menu-item-11992 awb-menu__li awb-menu__sub-li\" ><a  href=\"https:\/\/www.zaanseschans.com\/de\/kalverringdijk-7\/\" class=\"awb-menu__sub-a\"><span>Kalverringdijk 7<\/span><\/a><\/li><li  id=\"menu-item-11993\"  class=\"menu-item menu-item-type-post_type menu-item-object-page menu-item-11993 awb-menu__li awb-menu__sub-li\" ><a  href=\"https:\/\/www.zaanseschans.com\/de\/kalverringdijk-8\/\" class=\"awb-menu__sub-a\"><span>Kalverringdijk 8<\/span><\/a><\/li><li  id=\"menu-item-11994\"  class=\"menu-item menu-item-type-post_type menu-item-object-page menu-item-11994 awb-menu__li awb-menu__sub-li\" ><a  href=\"https:\/\/www.zaanseschans.com\/de\/kalverringdijk-9\/\" class=\"awb-menu__sub-a\"><span>Kalverringdijk 9<\/span><\/a><\/li><li  id=\"menu-item-11995\"  class=\"menu-item menu-item-type-post_type menu-item-object-page menu-item-11995 awb-menu__li awb-menu__sub-li\" ><a  href=\"https:\/\/www.zaanseschans.com\/de\/kalverringdijk-10\/\" class=\"awb-menu__sub-a\"><span>Kalverringdijk 10<\/span><\/a><\/li><li  id=\"menu-item-11996\"  class=\"menu-item menu-item-type-post_type menu-item-object-page menu-item-11996 awb-menu__li awb-menu__sub-li\" ><a  href=\"https:\/\/www.zaanseschans.com\/de\/kalverringdijk-11\/\" class=\"awb-menu__sub-a\"><span>Kalverringdijk 11<\/span><\/a><\/li><li  id=\"menu-item-12035\"  class=\"menu-item menu-item-type-post_type menu-item-object-page menu-item-12035 awb-menu__li awb-menu__sub-li\" ><a  href=\"https:\/\/www.zaanseschans.com\/de\/heerlijck-slaapen-an-der-zaanse-schans\/\" class=\"awb-menu__sub-a\"><span>Kalverringdijk 17<\/span><\/a><\/li><li  id=\"menu-item-12036\"  class=\"menu-item menu-item-type-post_type menu-item-object-page menu-item-12036 awb-menu__li awb-menu__sub-li\" ><a  href=\"https:\/\/www.zaanseschans.com\/de\/das-haus-des-kaufmanns-de-mol\/\" class=\"awb-menu__sub-a\"><span>Kalverringdijk 19<\/span><\/a><\/li><li  id=\"menu-item-11997\"  class=\"menu-item menu-item-type-post_type menu-item-object-page menu-item-11997 awb-menu__li awb-menu__sub-li\" ><a  href=\"https:\/\/www.zaanseschans.com\/de\/zonnewijzerspad-1-2\/\" class=\"awb-menu__sub-a\"><span>Zonnewijzerspad 1-2<\/span><\/a><\/li><li  id=\"menu-item-11998\"  class=\"menu-item menu-item-type-post_type menu-item-object-page menu-item-11998 awb-menu__li awb-menu__sub-li\" ><a  href=\"https:\/\/www.zaanseschans.com\/de\/zonnewijzerspad-5\/\" class=\"awb-menu__sub-a\"><span>Zonnewijzerspad 5<\/span><\/a><\/li><li  id=\"menu-item-11999\"  class=\"menu-item menu-item-type-post_type menu-item-object-page menu-item-11999 awb-menu__li awb-menu__sub-li\" ><a  href=\"https:\/\/www.zaanseschans.com\/de\/zonnewijzerspad-6\/\" class=\"awb-menu__sub-a\"><span>Zonnewijzerspad 6<\/span><\/a><\/li><li  id=\"menu-item-12000\"  class=\"menu-item menu-item-type-post_type menu-item-object-page menu-item-12000 awb-menu__li awb-menu__sub-li\" ><a  href=\"https:\/\/www.zaanseschans.com\/de\/zonnewijzerspad-7\/\" class=\"awb-menu__sub-a\"><span>Zonnewijzerspad 7<\/span><\/a><\/li><li  id=\"menu-item-12001\"  class=\"menu-item menu-item-type-post_type menu-item-object-page menu-item-12001 awb-menu__li awb-menu__sub-li\" ><a  href=\"https:\/\/www.zaanseschans.com\/de\/zonnewijzerspad-8\/\" class=\"awb-menu__sub-a\"><span>Zonnewijzerspad 8<\/span><\/a><\/li><li  id=\"menu-item-12002\"  class=\"menu-item menu-item-type-post_type menu-item-object-page menu-item-12002 awb-menu__li awb-menu__sub-li\" ><a  href=\"https:\/\/www.zaanseschans.com\/de\/de-kwakels-1\/\" class=\"awb-menu__sub-a\"><span>De Kwakels 1<\/span><\/a><\/li><li  id=\"menu-item-12003\"  class=\"menu-item menu-item-type-post_type menu-item-object-page menu-item-12003 awb-menu__li awb-menu__sub-li\" ><a  href=\"https:\/\/www.zaanseschans.com\/de\/zeilenmakerspad-1\/\" class=\"awb-menu__sub-a\"><span>Zeilenmakerspad 1<\/span><\/a><\/li><li  id=\"menu-item-12004\"  class=\"menu-item menu-item-type-post_type menu-item-object-page menu-item-12004 awb-menu__li awb-menu__sub-li\" ><a  href=\"https:\/\/www.zaanseschans.com\/de\/zeilenmakerspad-3\/\" class=\"awb-menu__sub-a\"><span>Zeilenmakerspad 3<\/span><\/a><\/li><li  id=\"menu-item-12005\"  class=\"menu-item menu-item-type-post_type menu-item-object-page menu-item-12005 awb-menu__li awb-menu__sub-li\" ><a  href=\"https:\/\/www.zaanseschans.com\/de\/zeilenmakerspad-5\/\" class=\"awb-menu__sub-a\"><span>Zeilenmakerspad 5<\/span><\/a><\/li><\/ul><\/li><li  id=\"menu-item-12006\"  class=\"menu-item menu-item-type-custom menu-item-object-custom menu-item-has-children menu-item-12006 awb-menu__li awb-menu__main-li awb-menu__main-li_regular\"  data-item-id=\"12006\"><span class=\"awb-menu__main-background-default awb-menu__main-background-default_fade\"><\/span><span class=\"awb-menu__main-background-active awb-menu__main-background-active_fade\"><\/span><a  href=\"https:\/\/www.zaanseschans.com\/tinnegieterij-de-tinkoepel\/\" class=\"awb-menu__main-a awb-menu__main-a_regular\"><span class=\"menu-text\">Handwerk<\/span><\/a><button type=\"button\" aria-label=\"Open submenu of Handwerk\" aria-expanded=\"false\" class=\"awb-menu__open-nav-submenu_mobile awb-menu__open-nav-submenu_click awb-menu__open-nav-submenu_main awb-menu__open-nav-submenu_needs-spacing\"><\/button><ul class=\"awb-menu__sub-ul awb-menu__sub-ul_main\"><li  id=\"menu-item-12007\"  class=\"menu-item menu-item-type-post_type menu-item-object-page menu-item-12007 awb-menu__li awb-menu__sub-li\" ><a  href=\"https:\/\/www.zaanseschans.com\/de\/zinngiesserei-de-tinkoepel\/\" class=\"awb-menu__sub-a\"><span>Zinngie\u00dferei \u2018De Tinkoepel\u2019<\/span><\/a><\/li><li  id=\"menu-item-12008\"  class=\"menu-item menu-item-type-post_type menu-item-object-page menu-item-12008 awb-menu__li awb-menu__sub-li\" ><a  href=\"https:\/\/www.zaanseschans.com\/de\/boettcherei-tiemstra\/\" class=\"awb-menu__sub-a\"><span>B\u00f6ttcherei Tiemstra<\/span><\/a><\/li><li  id=\"menu-item-12009\"  class=\"menu-item menu-item-type-post_type menu-item-object-page menu-item-12009 awb-menu__li awb-menu__sub-li\" ><a  href=\"https:\/\/www.zaanseschans.com\/de\/kaeserei-de-catharina-hoeve\/\" class=\"awb-menu__sub-a\"><span>K\u00e4serei De Catharina Hoeve<\/span><\/a><\/li><li  id=\"menu-item-12010\"  class=\"menu-item menu-item-type-post_type menu-item-object-page menu-item-12010 awb-menu__li awb-menu__sub-li\" ><a  href=\"https:\/\/www.zaanseschans.com\/de\/haus-der-weberin-wevershuis\/\" class=\"awb-menu__sub-a\"><span>Haus der Weberin<\/span><\/a><\/li><li  id=\"menu-item-12011\"  class=\"menu-item menu-item-type-post_type menu-item-object-page menu-item-12011 awb-menu__li awb-menu__sub-li\" ><a  href=\"https:\/\/www.zaanseschans.com\/de\/handwerkszentrum-de-saense-lelie\/\" class=\"awb-menu__sub-a\"><span>Handwerkszentrum De Saense Lelie<\/span><\/a><\/li><li  id=\"menu-item-12012\"  class=\"menu-item menu-item-type-post_type menu-item-object-page menu-item-12012 awb-menu__li awb-menu__sub-li\" ><a  href=\"https:\/\/www.zaanseschans.com\/de\/holzschuhmacherei-de-zaanse-schans\/\" class=\"awb-menu__sub-a\"><span>Holzschuhmacherei De Zaanse Schans<\/span><\/a><\/li><\/ul><\/li><li  id=\"menu-item-12013\"  class=\"menu-item menu-item-type-custom menu-item-object-custom menu-item-has-children menu-item-12013 awb-menu__li awb-menu__main-li awb-menu__main-li_regular\"  data-item-id=\"12013\"><span class=\"awb-menu__main-background-default awb-menu__main-background-default_fade\"><\/span><span class=\"awb-menu__main-background-active awb-menu__main-background-active_fade\"><\/span><a  href=\"https:\/\/www.zaanseschans.com\/museumwinkel-albert-heijn\/\" class=\"awb-menu__main-a awb-menu__main-a_regular\"><span class=\"menu-text\">Museen<\/span><\/a><button type=\"button\" aria-label=\"Open submenu of Museen\" aria-expanded=\"false\" class=\"awb-menu__open-nav-submenu_mobile awb-menu__open-nav-submenu_click awb-menu__open-nav-submenu_main awb-menu__open-nav-submenu_needs-spacing\"><\/button><ul class=\"awb-menu__sub-ul awb-menu__sub-ul_main\"><li  id=\"menu-item-12014\"  class=\"menu-item menu-item-type-post_type menu-item-object-page menu-item-12014 awb-menu__li awb-menu__sub-li\" ><a  href=\"https:\/\/www.zaanseschans.com\/de\/museumsladen-albert-heijn\/\" class=\"awb-menu__sub-a\"><span>Museumsladen Albert Heijn<\/span><\/a><\/li><li  id=\"menu-item-12015\"  class=\"menu-item menu-item-type-post_type menu-item-object-page menu-item-12015 awb-menu__li awb-menu__sub-li\" ><a  href=\"https:\/\/www.zaanseschans.com\/de\/museum-zaanse-tijd\/\" class=\"awb-menu__sub-a\"><span>Museum Zaanse Tijd<\/span><\/a><\/li><li  id=\"menu-item-12016\"  class=\"menu-item menu-item-type-post_type menu-item-object-page menu-item-12016 awb-menu__li awb-menu__sub-li\" ><a  href=\"https:\/\/www.zaanseschans.com\/de\/muehlenmuseum-de-zaansche-molen\/\" class=\"awb-menu__sub-a\"><span>M\u00fchlenmuseum De Zaansche Molen<\/span><\/a><\/li><li  id=\"menu-item-12017\"  class=\"menu-item menu-item-type-post_type menu-item-object-page menu-item-12017 awb-menu__li awb-menu__sub-li\" ><a  href=\"https:\/\/www.zaanseschans.com\/de\/das-jisperhuisje\/\" class=\"awb-menu__sub-a\"><span>Das Jisperhuisje<\/span><\/a><\/li><li  id=\"menu-item-12018\"  class=\"menu-item menu-item-type-post_type menu-item-object-page menu-item-12018 awb-menu__li awb-menu__sub-li\" ><a  href=\"https:\/\/www.zaanseschans.com\/de\/baeckereimuseum-in-de-gecroonde-duyvekater\/\" class=\"awb-menu__sub-a\"><span>B\u00e4ckereimuseum In de Gecroonde Duyvekater<\/span><\/a><\/li><li  id=\"menu-item-12019\"  class=\"menu-item menu-item-type-post_type menu-item-object-page menu-item-12019 awb-menu__li awb-menu__sub-li\" ><a  href=\"https:\/\/www.zaanseschans.com\/de\/zaans-museum\/\" class=\"awb-menu__sub-a\"><span>Zaans Museum<\/span><\/a><\/li><li  id=\"menu-item-12020\"  class=\"menu-item menu-item-type-post_type menu-item-object-page menu-item-12020 awb-menu__li awb-menu__sub-li\" ><a  href=\"https:\/\/www.zaanseschans.com\/de\/verkade-erfahrung\/\" class=\"awb-menu__sub-a\"><span>Verkade Erfahrung<\/span><\/a><\/li><li  id=\"menu-item-12021\"  class=\"menu-item menu-item-type-post_type menu-item-object-page menu-item-12021 awb-menu__li awb-menu__sub-li\" ><a  href=\"https:\/\/www.zaanseschans.com\/de\/mini-museum-spoithois\/\" class=\"awb-menu__sub-a\"><span>Mini-Museum \u2018Spoithois\u2019<\/span><\/a><\/li><\/ul><\/li><li  id=\"menu-item-12022\"  class=\"menu-item menu-item-type-custom menu-item-object-custom menu-item-has-children menu-item-12022 awb-menu__li awb-menu__main-li awb-menu__main-li_regular\"  data-item-id=\"12022\"><span class=\"awb-menu__main-background-default awb-menu__main-background-default_fade\"><\/span><span class=\"awb-menu__main-background-active awb-menu__main-background-active_fade\"><\/span><a  href=\"https:\/\/www.zaanseschans.com\/belevingswinkel-blik-op-de-zaan\/\" class=\"awb-menu__main-a awb-menu__main-a_regular\"><span class=\"menu-text\">Gesch\u00e4fte<\/span><\/a><button type=\"button\" aria-label=\"Open submenu of Gesch\u00e4fte\" aria-expanded=\"false\" class=\"awb-menu__open-nav-submenu_mobile awb-menu__open-nav-submenu_click awb-menu__open-nav-submenu_main awb-menu__open-nav-submenu_needs-spacing\"><\/button><ul class=\"awb-menu__sub-ul awb-menu__sub-ul_main\"><li  id=\"menu-item-12023\"  class=\"menu-item menu-item-type-post_type menu-item-object-page menu-item-12023 awb-menu__li awb-menu__sub-li\" ><a  href=\"https:\/\/www.zaanseschans.com\/de\/erlebnisladen-blik-op-cacao\/\" class=\"awb-menu__sub-a\"><span>Erlebnisladen Blik op Cacao<\/span><\/a><\/li><li  id=\"menu-item-12024\"  class=\"menu-item menu-item-type-post_type menu-item-object-page menu-item-12024 awb-menu__li awb-menu__sub-li\" ><a  href=\"https:\/\/www.zaanseschans.com\/de\/trash-treasures-antiquitaetengeschaeft-het-jagershuis\/\" class=\"awb-menu__sub-a\"><span>Trash &#038; Treasures  Antiquit\u00e4tengesch\u00e4ft Het Jagershuis<\/span><\/a><\/li><li  id=\"menu-item-12025\"  class=\"menu-item menu-item-type-post_type menu-item-object-page menu-item-12025 awb-menu__li awb-menu__sub-li\" ><a  href=\"https:\/\/www.zaanseschans.com\/de\/fotografie-zaanse-schans\/\" class=\"awb-menu__sub-a\"><span>Fotografie Zaanse Schans<\/span><\/a><\/li><li  id=\"menu-item-12026\"  class=\"menu-item menu-item-type-post_type menu-item-object-page menu-item-12026 awb-menu__li awb-menu__sub-li\" ><a  href=\"https:\/\/www.zaanseschans.com\/de\/windmillshop-souvenirs-lagerhaus-de-bezem\/\" class=\"awb-menu__sub-a\"><span>Windmillshop Souvenirs \u2013 Lagerhaus De Bezem<\/span><\/a><\/li><li  id=\"menu-item-12027\"  class=\"menu-item menu-item-type-post_type menu-item-object-page menu-item-12027 awb-menu__li awb-menu__sub-li\" ><a  href=\"https:\/\/www.zaanseschans.com\/de\/souvenirs-lagerhaus-vrede\/\" class=\"awb-menu__sub-a\"><span>Souvenirs Lagerhaus Vrede<\/span><\/a><\/li><li  id=\"menu-item-12028\"  class=\"menu-item menu-item-type-post_type menu-item-object-page menu-item-12028 awb-menu__li awb-menu__sub-li\" ><a  href=\"https:\/\/www.zaanseschans.com\/de\/geschenkeladen-orse-ket-on-t-glop\/\" class=\"awb-menu__sub-a\"><span>Geschenkeladen Orse-Ket on \u2019t Glop<\/span><\/a><\/li><\/ul><\/li><li  id=\"menu-item-12029\"  class=\"menu-item menu-item-type-custom menu-item-object-custom menu-item-has-children menu-item-12029 awb-menu__li awb-menu__main-li awb-menu__main-li_regular\"  data-item-id=\"12029\"><span class=\"awb-menu__main-background-default awb-menu__main-background-default_fade\"><\/span><span class=\"awb-menu__main-background-active awb-menu__main-background-active_fade\"><\/span><a  href=\"https:\/\/www.zaanseschans.com\/kalverringdijk-13\/\" class=\"awb-menu__main-a awb-menu__main-a_regular\"><span class=\"menu-text\">Restaurants<\/span><\/a><button type=\"button\" aria-label=\"Open submenu of Restaurants\" aria-expanded=\"false\" class=\"awb-menu__open-nav-submenu_mobile awb-menu__open-nav-submenu_click awb-menu__open-nav-submenu_main awb-menu__open-nav-submenu_needs-spacing\"><\/button><ul class=\"awb-menu__sub-ul awb-menu__sub-ul_main\"><li  id=\"menu-item-12030\"  class=\"menu-item menu-item-type-post_type menu-item-object-page menu-item-12030 awb-menu__li awb-menu__sub-li\" ><a  href=\"https:\/\/www.zaanseschans.com\/de\/restaurant-de-walvis-dependence\/\" class=\"awb-menu__sub-a\"><span>Restaurant De Walvis Dependence<\/span><\/a><\/li><li  id=\"menu-item-12031\"  class=\"menu-item menu-item-type-post_type menu-item-object-page menu-item-12031 awb-menu__li awb-menu__sub-li\" ><a  href=\"https:\/\/www.zaanseschans.com\/de\/restaurant-de-hoop-op-dswarte-walvis\/\" class=\"awb-menu__sub-a\"><span>Restaurant De Hoop op d\u2019Swarte Walvis<\/span><\/a><\/li><li  id=\"menu-item-12032\"  class=\"menu-item menu-item-type-post_type menu-item-object-page menu-item-12032 awb-menu__li awb-menu__sub-li\" ><a  href=\"https:\/\/www.zaanseschans.com\/de\/verkostungsraum-destillerie-de-tweekoppige-phoenix\/\" class=\"awb-menu__sub-a\"><span>Verkostungsraum\/Destillerie De Tweekoppige Phoenix<\/span><\/a><\/li><li  id=\"menu-item-12033\"  class=\"menu-item menu-item-type-post_type menu-item-object-page menu-item-12033 awb-menu__li awb-menu__sub-li\" ><a  href=\"https:\/\/www.zaanseschans.com\/de\/pfannkuchen-restaurant-de-kraai\/\" class=\"awb-menu__sub-a\"><span>Pfannkuchen-Restaurant De Kraai<\/span><\/a><\/li><\/ul><\/li><li  id=\"menu-item-12037\"  class=\"menu-item menu-item-type-custom menu-item-object-custom menu-item-has-children menu-item-12037 awb-menu__li awb-menu__main-li awb-menu__main-li_regular\"  data-item-id=\"12037\"><span class=\"awb-menu__main-background-default awb-menu__main-background-default_fade\"><\/span><span class=\"awb-menu__main-background-active awb-menu__main-background-active_fade\"><\/span><a  href=\"https:\/\/www.zaanseschans.com\/natuur-wandelroute\/\" class=\"awb-menu__main-a awb-menu__main-a_regular\"><span class=\"menu-text\">Natur-Wanderweg<\/span><\/a><button type=\"button\" aria-label=\"Open submenu of Natur-Wanderweg\" aria-expanded=\"false\" class=\"awb-menu__open-nav-submenu_mobile awb-menu__open-nav-submenu_click awb-menu__open-nav-submenu_main awb-menu__open-nav-submenu_needs-spacing\"><\/button><ul class=\"awb-menu__sub-ul awb-menu__sub-ul_main\"><li  id=\"menu-item-12038\"  class=\"menu-item menu-item-type-post_type menu-item-object-page menu-item-12038 awb-menu__li awb-menu__sub-li\" ><a  href=\"https:\/\/www.zaanseschans.com\/de\/natur-wanderweg\/\" class=\"awb-menu__sub-a\"><span>Natur-Wanderweg<\/span><\/a><\/li><\/ul><\/li><\/ul><\/nav>\n<\/div><\/div><\/div><\/div>\n","protected":false},"excerpt":{"rendered":"","protected":false},"author":1,"featured_media":0,"parent":0,"menu_order":0,"comment_status":"closed","ping_status":"closed","template":"100-width.php","meta":{"footnotes":""},"class_list":["post-11235","page","type-page","status-publish","hentry"],"yoast_head":"<!-- This site is optimized with the Yoast SEO plugin v27.3 - https:\/\/yoast.com\/product\/yoast-seo-wordpress\/ -->\n<title>Kalverringdijk 19 - Zaanse Schans<\/title>\n<meta name=\"description\" content=\"Genie\u00dfen Sie einen einzigartigen Aufenthalt im Bed &amp; Breakfast &#039;t &quot;Koopmanshuys d&#039;Mol&quot;, einem majest\u00e4tischen Kaufmannshaus aus dem Jahr 1660 an der Zaanse Schans.\" \/>\n<meta name=\"robots\" content=\"index, follow, max-snippet:-1, max-image-preview:large, max-video-preview:-1\" \/>\n<link rel=\"canonical\" href=\"https:\/\/www.zaanseschans.com\/de\/das-haus-des-kaufmanns-de-mol\/\" \/>\n<meta property=\"og:locale\" content=\"de_DE\" \/>\n<meta property=\"og:type\" content=\"article\" \/>\n<meta property=\"og:title\" content=\"Kalverringdijk 19 - Zaanse Schans\" \/>\n<meta property=\"og:description\" content=\"Genie\u00dfen Sie einen einzigartigen Aufenthalt im Bed &amp; Breakfast &#039;t &quot;Koopmanshuys d&#039;Mol&quot;, einem majest\u00e4tischen Kaufmannshaus aus dem Jahr 1660 an der Zaanse Schans.\" \/>\n<meta property=\"og:url\" content=\"https:\/\/www.zaanseschans.com\/de\/das-haus-des-kaufmanns-de-mol\/\" \/>\n<meta property=\"og:site_name\" content=\"Zaanse Schans\" \/>\n<meta property=\"article:modified_time\" content=\"2024-10-10T10:35:42+00:00\" \/>\n<meta property=\"og:image\" content=\"https:\/\/www.zaanseschans.com\/wp-content\/uploads\/2023\/11\/Koopmanshuys-de-Mol-historie-1.jpg\" \/>\n<meta name=\"twitter:card\" content=\"summary_large_image\" \/>\n<meta name=\"twitter:label1\" content=\"Gesch\u00e4tzte Lesezeit\" \/>\n\t<meta name=\"twitter:data1\" content=\"4\u00a0Minuten\" \/>\n<script type=\"application\/ld+json\" class=\"yoast-schema-graph\">{\"@context\":\"https:\\\/\\\/schema.org\",\"@graph\":[{\"@type\":\"WebPage\",\"@id\":\"https:\\\/\\\/www.zaanseschans.com\\\/de\\\/das-haus-des-kaufmanns-de-mol\\\/\",\"url\":\"https:\\\/\\\/www.zaanseschans.com\\\/de\\\/das-haus-des-kaufmanns-de-mol\\\/\",\"name\":\"Kalverringdijk 19 - Zaanse Schans\",\"isPartOf\":{\"@id\":\"https:\\\/\\\/www.zaanseschans.com\\\/de\\\/#website\"},\"primaryImageOfPage\":{\"@id\":\"https:\\\/\\\/www.zaanseschans.com\\\/de\\\/das-haus-des-kaufmanns-de-mol\\\/#primaryimage\"},\"image\":{\"@id\":\"https:\\\/\\\/www.zaanseschans.com\\\/de\\\/das-haus-des-kaufmanns-de-mol\\\/#primaryimage\"},\"thumbnailUrl\":\"https:\\\/\\\/www.zaanseschans.com\\\/wp-content\\\/uploads\\\/2023\\\/11\\\/Koopmanshuys-de-Mol-historie-1.jpg\",\"datePublished\":\"2023-11-19T11:37:45+00:00\",\"dateModified\":\"2024-10-10T10:35:42+00:00\",\"description\":\"Genie\u00dfen Sie einen einzigartigen Aufenthalt im Bed & Breakfast 't \\\"Koopmanshuys d'Mol\\\", einem majest\u00e4tischen Kaufmannshaus aus dem Jahr 1660 an der Zaanse Schans.\",\"breadcrumb\":{\"@id\":\"https:\\\/\\\/www.zaanseschans.com\\\/de\\\/das-haus-des-kaufmanns-de-mol\\\/#breadcrumb\"},\"inLanguage\":\"de\",\"potentialAction\":[{\"@type\":\"ReadAction\",\"target\":[\"https:\\\/\\\/www.zaanseschans.com\\\/de\\\/das-haus-des-kaufmanns-de-mol\\\/\"]}]},{\"@type\":\"ImageObject\",\"inLanguage\":\"de\",\"@id\":\"https:\\\/\\\/www.zaanseschans.com\\\/de\\\/das-haus-des-kaufmanns-de-mol\\\/#primaryimage\",\"url\":\"https:\\\/\\\/www.zaanseschans.com\\\/wp-content\\\/uploads\\\/2023\\\/11\\\/Koopmanshuys-de-Mol-historie-1.jpg\",\"contentUrl\":\"https:\\\/\\\/www.zaanseschans.com\\\/wp-content\\\/uploads\\\/2023\\\/11\\\/Koopmanshuys-de-Mol-historie-1.jpg\"},{\"@type\":\"BreadcrumbList\",\"@id\":\"https:\\\/\\\/www.zaanseschans.com\\\/de\\\/das-haus-des-kaufmanns-de-mol\\\/#breadcrumb\",\"itemListElement\":[{\"@type\":\"ListItem\",\"position\":1,\"name\":\"Home\",\"item\":\"https:\\\/\\\/www.zaanseschans.com\\\/de\\\/\"},{\"@type\":\"ListItem\",\"position\":2,\"name\":\"Kalverringdijk 19\"}]},{\"@type\":\"WebSite\",\"@id\":\"https:\\\/\\\/www.zaanseschans.com\\\/de\\\/#website\",\"url\":\"https:\\\/\\\/www.zaanseschans.com\\\/de\\\/\",\"name\":\"Zaanse Schans\",\"description\":\"\",\"publisher\":{\"@id\":\"https:\\\/\\\/www.zaanseschans.com\\\/de\\\/#organization\"},\"potentialAction\":[{\"@type\":\"SearchAction\",\"target\":{\"@type\":\"EntryPoint\",\"urlTemplate\":\"https:\\\/\\\/www.zaanseschans.com\\\/de\\\/?s={search_term_string}\"},\"query-input\":{\"@type\":\"PropertyValueSpecification\",\"valueRequired\":true,\"valueName\":\"search_term_string\"}}],\"inLanguage\":\"de\"},{\"@type\":\"Organization\",\"@id\":\"https:\\\/\\\/www.zaanseschans.com\\\/de\\\/#organization\",\"name\":\"Zaanse Schans\",\"url\":\"https:\\\/\\\/www.zaanseschans.com\\\/de\\\/\",\"logo\":{\"@type\":\"ImageObject\",\"inLanguage\":\"de\",\"@id\":\"https:\\\/\\\/www.zaanseschans.com\\\/de\\\/#\\\/schema\\\/logo\\\/image\\\/\",\"url\":\"https:\\\/\\\/www.zaanseschans.com\\\/wp-content\\\/uploads\\\/Zaanse-schans-logo-INSTA.jpg\",\"contentUrl\":\"https:\\\/\\\/www.zaanseschans.com\\\/wp-content\\\/uploads\\\/Zaanse-schans-logo-INSTA.jpg\",\"width\":360,\"height\":360,\"caption\":\"Zaanse Schans\"},\"image\":{\"@id\":\"https:\\\/\\\/www.zaanseschans.com\\\/de\\\/#\\\/schema\\\/logo\\\/image\\\/\"},\"sameAs\":[\"https:\\\/\\\/www.instagram.com\\\/zaanseschansholland\\\/\"]}]}<\/script>\n<!-- \/ Yoast SEO plugin. -->","yoast_head_json":{"title":"Kalverringdijk 19 - Zaanse Schans","description":"Genie\u00dfen Sie einen einzigartigen Aufenthalt im Bed & Breakfast 't \"Koopmanshuys d'Mol\", einem majest\u00e4tischen Kaufmannshaus aus dem Jahr 1660 an der Zaanse Schans.","robots":{"index":"index","follow":"follow","max-snippet":"max-snippet:-1","max-image-preview":"max-image-preview:large","max-video-preview":"max-video-preview:-1"},"canonical":"https:\/\/www.zaanseschans.com\/de\/das-haus-des-kaufmanns-de-mol\/","og_locale":"de_DE","og_type":"article","og_title":"Kalverringdijk 19 - Zaanse Schans","og_description":"Genie\u00dfen Sie einen einzigartigen Aufenthalt im Bed & Breakfast 't \"Koopmanshuys d'Mol\", einem majest\u00e4tischen Kaufmannshaus aus dem Jahr 1660 an der Zaanse Schans.","og_url":"https:\/\/www.zaanseschans.com\/de\/das-haus-des-kaufmanns-de-mol\/","og_site_name":"Zaanse Schans","article_modified_time":"2024-10-10T10:35:42+00:00","og_image":[{"url":"https:\/\/www.zaanseschans.com\/wp-content\/uploads\/2023\/11\/Koopmanshuys-de-Mol-historie-1.jpg","type":"","width":"","height":""}],"twitter_card":"summary_large_image","twitter_misc":{"Gesch\u00e4tzte Lesezeit":"4\u00a0Minuten"},"schema":{"@context":"https:\/\/schema.org","@graph":[{"@type":"WebPage","@id":"https:\/\/www.zaanseschans.com\/de\/das-haus-des-kaufmanns-de-mol\/","url":"https:\/\/www.zaanseschans.com\/de\/das-haus-des-kaufmanns-de-mol\/","name":"Kalverringdijk 19 - Zaanse Schans","isPartOf":{"@id":"https:\/\/www.zaanseschans.com\/de\/#website"},"primaryImageOfPage":{"@id":"https:\/\/www.zaanseschans.com\/de\/das-haus-des-kaufmanns-de-mol\/#primaryimage"},"image":{"@id":"https:\/\/www.zaanseschans.com\/de\/das-haus-des-kaufmanns-de-mol\/#primaryimage"},"thumbnailUrl":"https:\/\/www.zaanseschans.com\/wp-content\/uploads\/2023\/11\/Koopmanshuys-de-Mol-historie-1.jpg","datePublished":"2023-11-19T11:37:45+00:00","dateModified":"2024-10-10T10:35:42+00:00","description":"Genie\u00dfen Sie einen einzigartigen Aufenthalt im Bed & Breakfast 't \"Koopmanshuys d'Mol\", einem majest\u00e4tischen Kaufmannshaus aus dem Jahr 1660 an der Zaanse Schans.","breadcrumb":{"@id":"https:\/\/www.zaanseschans.com\/de\/das-haus-des-kaufmanns-de-mol\/#breadcrumb"},"inLanguage":"de","potentialAction":[{"@type":"ReadAction","target":["https:\/\/www.zaanseschans.com\/de\/das-haus-des-kaufmanns-de-mol\/"]}]},{"@type":"ImageObject","inLanguage":"de","@id":"https:\/\/www.zaanseschans.com\/de\/das-haus-des-kaufmanns-de-mol\/#primaryimage","url":"https:\/\/www.zaanseschans.com\/wp-content\/uploads\/2023\/11\/Koopmanshuys-de-Mol-historie-1.jpg","contentUrl":"https:\/\/www.zaanseschans.com\/wp-content\/uploads\/2023\/11\/Koopmanshuys-de-Mol-historie-1.jpg"},{"@type":"BreadcrumbList","@id":"https:\/\/www.zaanseschans.com\/de\/das-haus-des-kaufmanns-de-mol\/#breadcrumb","itemListElement":[{"@type":"ListItem","position":1,"name":"Home","item":"https:\/\/www.zaanseschans.com\/de\/"},{"@type":"ListItem","position":2,"name":"Kalverringdijk 19"}]},{"@type":"WebSite","@id":"https:\/\/www.zaanseschans.com\/de\/#website","url":"https:\/\/www.zaanseschans.com\/de\/","name":"Zaanse Schans","description":"","publisher":{"@id":"https:\/\/www.zaanseschans.com\/de\/#organization"},"potentialAction":[{"@type":"SearchAction","target":{"@type":"EntryPoint","urlTemplate":"https:\/\/www.zaanseschans.com\/de\/?s={search_term_string}"},"query-input":{"@type":"PropertyValueSpecification","valueRequired":true,"valueName":"search_term_string"}}],"inLanguage":"de"},{"@type":"Organization","@id":"https:\/\/www.zaanseschans.com\/de\/#organization","name":"Zaanse Schans","url":"https:\/\/www.zaanseschans.com\/de\/","logo":{"@type":"ImageObject","inLanguage":"de","@id":"https:\/\/www.zaanseschans.com\/de\/#\/schema\/logo\/image\/","url":"https:\/\/www.zaanseschans.com\/wp-content\/uploads\/Zaanse-schans-logo-INSTA.jpg","contentUrl":"https:\/\/www.zaanseschans.com\/wp-content\/uploads\/Zaanse-schans-logo-INSTA.jpg","width":360,"height":360,"caption":"Zaanse Schans"},"image":{"@id":"https:\/\/www.zaanseschans.com\/de\/#\/schema\/logo\/image\/"},"sameAs":["https:\/\/www.instagram.com\/zaanseschansholland\/"]}]}},"_links":{"self":[{"href":"https:\/\/www.zaanseschans.com\/de\/wp-json\/wp\/v2\/pages\/11235","targetHints":{"allow":["GET"]}}],"collection":[{"href":"https:\/\/www.zaanseschans.com\/de\/wp-json\/wp\/v2\/pages"}],"about":[{"href":"https:\/\/www.zaanseschans.com\/de\/wp-json\/wp\/v2\/types\/page"}],"author":[{"embeddable":true,"href":"https:\/\/www.zaanseschans.com\/de\/wp-json\/wp\/v2\/users\/1"}],"replies":[{"embeddable":true,"href":"https:\/\/www.zaanseschans.com\/de\/wp-json\/wp\/v2\/comments?post=11235"}],"version-history":[{"count":4,"href":"https:\/\/www.zaanseschans.com\/de\/wp-json\/wp\/v2\/pages\/11235\/revisions"}],"predecessor-version":[{"id":17257,"href":"https:\/\/www.zaanseschans.com\/de\/wp-json\/wp\/v2\/pages\/11235\/revisions\/17257"}],"wp:attachment":[{"href":"https:\/\/www.zaanseschans.com\/de\/wp-json\/wp\/v2\/media?parent=11235"}],"curies":[{"name":"wp","href":"https:\/\/api.w.org\/{rel}","templated":true}]}}