{"id":11654,"date":"2023-12-04T10:35:02","date_gmt":"2023-12-04T09:35:02","guid":{"rendered":"https:\/\/www.zaanseschans.com\/pfannkuchen-restaurant-the-crow\/"},"modified":"2024-06-16T13:44:49","modified_gmt":"2024-06-16T12:44:49","slug":"pfannkuchen-restaurant-de-kraai","status":"publish","type":"page","link":"https:\/\/www.zaanseschans.com\/de\/pfannkuchen-restaurant-de-kraai\/","title":{"rendered":"Pfannkuchen-Restaurant De Kraai"},"content":{"rendered":"<div class=\"fusion-fullwidth fullwidth-box fusion-builder-row-1 fusion-flex-container has-pattern-background has-mask-background nonhundred-percent-fullwidth non-hundred-percent-height-scrolling\" style=\"--awb-border-radius-top-left:0px;--awb-border-radius-top-right:0px;--awb-border-radius-bottom-right:0px;--awb-border-radius-bottom-left:0px;--awb-padding-top:0px;--awb-padding-right:0px;--awb-padding-bottom:0px;--awb-padding-left:0px;--awb-margin-top:0px;--awb-margin-bottom:0px;--awb-flex-wrap:wrap;\" ><div class=\"fusion-builder-row fusion-row fusion-flex-align-items-stretch fusion-flex-content-wrap\" style=\"max-width:calc( 1375px + 0px );margin-left: calc(-0px \/ 2 );margin-right: calc(-0px \/ 2 );\"><div class=\"fusion-layout-column fusion_builder_column fusion-builder-column-0 fusion_builder_column_2_3 2_3 fusion-flex-column\" style=\"--awb-padding-right:75px;--awb-padding-bottom:100px;--awb-padding-left:75px;--awb-bg-color:#ffffff;--awb-bg-color-hover:#ffffff;--awb-bg-image:linear-gradient(180deg, #ffffff 31%,#f9f9f6 94%);--awb-bg-position:center top;--awb-bg-size:cover;--awb-width-large:66.666666666667%;--awb-margin-top-large:0px;--awb-spacing-right-large:0px;--awb-margin-bottom-large:0px;--awb-spacing-left-large:0px;--awb-width-medium:100%;--awb-order-medium:0;--awb-spacing-right-medium:0px;--awb-spacing-left-medium:0px;--awb-width-small:100%;--awb-order-small:0;--awb-spacing-right-small:0px;--awb-spacing-left-small:0px;\" data-scroll-devices=\"small-visibility,medium-visibility,large-visibility\"><div class=\"fusion-column-wrapper fusion-column-has-shadow fusion-flex-justify-content-flex-start fusion-content-layout-column\"><div class=\"fusion-separator fusion-no-small-visibility fusion-no-medium-visibility fusion-full-width-sep\" style=\"align-self: center;margin-left: auto;margin-right: auto;margin-top:60px;width:100%;\"><\/div><div class=\"fusion-text fusion-text-1\"><h3>Pfannkuchen-Restaurant \u2018De Kraai\u2019<\/h3>\n<hr \/>\n<h3><\/h3>\n<\/div><div class=\"fusion-image-element \" style=\"--awb-margin-bottom:30px;--awb-caption-title-font-family:var(--h2_typography-font-family);--awb-caption-title-font-weight:var(--h2_typography-font-weight);--awb-caption-title-font-style:var(--h2_typography-font-style);--awb-caption-title-size:var(--h2_typography-font-size);--awb-caption-title-transform:var(--h2_typography-text-transform);--awb-caption-title-line-height:var(--h2_typography-line-height);--awb-caption-title-letter-spacing:var(--h2_typography-letter-spacing);\"><span class=\" fusion-imageframe imageframe-none imageframe-1 hover-type-none\"><img decoding=\"async\" width=\"1000\" height=\"500\" alt=\"Pfannkuchen-Restaurant The Crow\" title=\"Pannenkoekenhuis-\u2018De-Kraai\u2019\" src=\"https:\/\/www.zaanseschans.com\/wp-content\/uploads\/Pannenkoekenhuis-\u2018De-Kraai.jpg\" class=\"img-responsive wp-image-11661\" srcset=\"https:\/\/www.zaanseschans.com\/wp-content\/uploads\/Pannenkoekenhuis-\u2018De-Kraai-200x100.jpg 200w, https:\/\/www.zaanseschans.com\/wp-content\/uploads\/Pannenkoekenhuis-\u2018De-Kraai-400x200.jpg 400w, https:\/\/www.zaanseschans.com\/wp-content\/uploads\/Pannenkoekenhuis-\u2018De-Kraai-600x300.jpg 600w, https:\/\/www.zaanseschans.com\/wp-content\/uploads\/Pannenkoekenhuis-\u2018De-Kraai-800x400.jpg 800w, https:\/\/www.zaanseschans.com\/wp-content\/uploads\/Pannenkoekenhuis-\u2018De-Kraai.jpg 1000w\" sizes=\"(max-width: 1024px) 100vw, (max-width: 640px) 100vw, 800px\" \/><\/span><\/div><div class=\"fusion-text fusion-text-2 fusion-text-no-margin\" style=\"--awb-margin-top:0px;--awb-margin-bottom:40px;\"><p><em><strong>Pfannkuchen essen in diesem originellen Lagerhaus aus Holz, mit sch\u00f6nen alten &#8217;smuiger&#8216; und Kacheltafeln&#8230;<\/strong><\/em><\/p>\n<p>Am Kraaiepad 1, in der N\u00e4he des Parkplatzes\/Eingangs zur Zaanse Schans, befindet sich das Lagerhaus &#8218;De Kraai&#8216;, das seinen Namen von der ehemaligen \u00d6lm\u00fchle &#8218;De Bonte Kraai&#8216; von Wormerveer aus dem 18. Jahrhundert hat. Das Lagerhaus hat eine reiche Geschichte als \u00d6lm\u00fchle, Getreidem\u00fchle und Getreidespeicher und wurde mehrmals verlegt. Es wird heute als Restaurant genutzt, dessen Spezialit\u00e4t Pfannkuchen sind.<\/p>\n<\/div><div class=\"fusion-image-element \" style=\"--awb-margin-bottom:30px;--awb-caption-title-font-family:var(--h2_typography-font-family);--awb-caption-title-font-weight:var(--h2_typography-font-weight);--awb-caption-title-font-style:var(--h2_typography-font-style);--awb-caption-title-size:var(--h2_typography-font-size);--awb-caption-title-transform:var(--h2_typography-text-transform);--awb-caption-title-line-height:var(--h2_typography-line-height);--awb-caption-title-letter-spacing:var(--h2_typography-letter-spacing);\"><span class=\" fusion-imageframe imageframe-none imageframe-2 hover-type-none\"><img decoding=\"async\" width=\"1000\" height=\"700\" alt=\"Pfannkuchen-Restaurant The Crow\" title=\"Pakhuis-\u2018De-Kraai\u2019-02\" src=\"https:\/\/www.zaanseschans.com\/wp-content\/uploads\/2023\/12\/Pakhuis-\u2018De-Kraai-02.jpg\" class=\"img-responsive wp-image-11659\" srcset=\"https:\/\/www.zaanseschans.com\/wp-content\/uploads\/2023\/12\/Pakhuis-\u2018De-Kraai-02-200x140.jpg 200w, https:\/\/www.zaanseschans.com\/wp-content\/uploads\/2023\/12\/Pakhuis-\u2018De-Kraai-02-400x280.jpg 400w, https:\/\/www.zaanseschans.com\/wp-content\/uploads\/2023\/12\/Pakhuis-\u2018De-Kraai-02-600x420.jpg 600w, https:\/\/www.zaanseschans.com\/wp-content\/uploads\/2023\/12\/Pakhuis-\u2018De-Kraai-02-800x560.jpg 800w, https:\/\/www.zaanseschans.com\/wp-content\/uploads\/2023\/12\/Pakhuis-\u2018De-Kraai-02.jpg 1000w\" sizes=\"(max-width: 1024px) 100vw, (max-width: 640px) 100vw, 800px\" \/><\/span><\/div><div class=\"fusion-text fusion-text-3 fusion-text-no-margin\" style=\"--awb-margin-top:0px;--awb-margin-bottom:40px;\"><p>F\u00fcr die echten holl\u00e4ndischen Pfannkuchen m\u00fcssen Sie ins &#8218;De Kraai&#8216; gehen, eine gro\u00dfe Auswahl von s\u00fc\u00df bis herzhaft! Es serviert auch eine Vielzahl von Gerichten wie verschiedene Sandwiches, Salate, Suppe und auch verschiedene Arten von Kaffee und Tee mit einer gro\u00dfen Auswahl an Geb\u00e4ck. Das gro\u00dfe &#8218;Lagerhaus&#8216; bietet Platz f\u00fcr etwa zweihundert Personen und es gibt ma\u00dfgeschneiderte Optionen au\u00dferhalb der \u00d6ffnungszeiten f\u00fcr Empf\u00e4nge und Hochzeiten.<\/p>\n<\/div><div class=\"fusion-image-element \" style=\"--awb-margin-bottom:10px;--awb-caption-title-font-family:var(--h2_typography-font-family);--awb-caption-title-font-weight:var(--h2_typography-font-weight);--awb-caption-title-font-style:var(--h2_typography-font-style);--awb-caption-title-size:var(--h2_typography-font-size);--awb-caption-title-transform:var(--h2_typography-text-transform);--awb-caption-title-line-height:var(--h2_typography-line-height);--awb-caption-title-letter-spacing:var(--h2_typography-letter-spacing);\"><span class=\" fusion-imageframe imageframe-none imageframe-3 hover-type-none\"><img decoding=\"async\" width=\"1231\" height=\"593\" alt=\"Pfannkuchen-Restaurant The Crow\" title=\"Restaurant-De-Kraai-Tegeltableau-Cornelis-de-Jong\" src=\"https:\/\/www.zaanseschans.com\/wp-content\/uploads\/de-kraai-800x593-1.jpg\" class=\"img-responsive wp-image-9771\" srcset=\"https:\/\/www.zaanseschans.com\/wp-content\/uploads\/de-kraai-800x593-1-200x96.jpg 200w, https:\/\/www.zaanseschans.com\/wp-content\/uploads\/de-kraai-800x593-1-400x193.jpg 400w, https:\/\/www.zaanseschans.com\/wp-content\/uploads\/de-kraai-800x593-1-600x289.jpg 600w, https:\/\/www.zaanseschans.com\/wp-content\/uploads\/de-kraai-800x593-1-800x385.jpg 800w, https:\/\/www.zaanseschans.com\/wp-content\/uploads\/de-kraai-800x593-1-1200x578.jpg 1200w, https:\/\/www.zaanseschans.com\/wp-content\/uploads\/de-kraai-800x593-1.jpg 1231w\" sizes=\"(max-width: 1024px) 100vw, (max-width: 640px) 100vw, 800px\" \/><\/span><\/div><div class=\"fusion-text fusion-text-4 fusion-text-no-margin\" style=\"--awb-margin-top:0px;--awb-margin-bottom:40px;\"><p><em>Sch\u00f6ner Delfter Blauer &#8218;Smuiger&#8216;, mit einem Fliesentableau des Transports von &#8218;De Kraai&#8216; auf der rechten Seite, entworfen von Architekt Cornelis de Jong<\/em><\/p>\n<\/div><div class=\"fusion-builder-row fusion-builder-row-inner fusion-row fusion-flex-align-items-stretch fusion-flex-content-wrap\" style=\"--awb-flex-grow:0;--awb-flex-grow-medium:0;--awb-flex-grow-small:0;--awb-flex-shrink:0;--awb-flex-shrink-medium:0;--awb-flex-shrink-small:0;width:calc( 100% + 0px ) !important;max-width:calc( 100% + 0px ) !important;margin-left: calc(-0px \/ 2 );margin-right: calc(-0px \/ 2 );\"><div class=\"fusion-layout-column fusion_builder_column_inner fusion-builder-nested-column-0 fusion_builder_column_inner_1_1 1_1 fusion-flex-column\" style=\"--awb-padding-right:40px;--awb-padding-bottom:20px;--awb-padding-left:40px;--awb-overflow:hidden;--awb-bg-color:#f9f9f6;--awb-bg-color-hover:#f9f9f6;--awb-bg-size:cover;--awb-border-color:rgba(135,135,135,0.34);--awb-border-top:1px;--awb-border-right:1px;--awb-border-bottom:1px;--awb-border-left:1px;--awb-border-style:solid;--awb-border-radius:0px 0px 0px 40px;--awb-width-large:100%;--awb-margin-top-large:0px;--awb-spacing-right-large:0px;--awb-margin-bottom-large:30px;--awb-spacing-left-large:0px;--awb-width-medium:100%;--awb-order-medium:0;--awb-spacing-right-medium:0px;--awb-spacing-left-medium:0px;--awb-width-small:100%;--awb-order-small:0;--awb-spacing-right-small:0px;--awb-spacing-left-small:0px;\" data-scroll-devices=\"small-visibility,medium-visibility,large-visibility\"><div class=\"fusion-column-wrapper fusion-column-has-shadow fusion-flex-justify-content-flex-start fusion-content-layout-column\"><div class=\"fusion-text fusion-text-5\"><h4><em><span style=\"color: #808080;\">Geschichte<\/span><\/em><\/h4>\n<p><em><span style=\"color: #808080;\">Im Jahr 1976 wurde das gesamte Lagerhaus auf spektakul\u00e4re Weise nach Zaanse Schans gebracht, wo es in sieben Teile zerlegt wurde &#8211; jedes Teil etwa 5 Meter lang, 8 Meter hoch und 14 Meter breit &#8211; die auf 14 Decksk\u00e4hnen nach Zaanse Schans transportiert wurden. Ein Bild dieses beeindruckenden Transportmittels ist auf dem sch\u00f6nen Delfter Kachelkamin (&#8218;Smuiger&#8216;) im Speisesaal des Pancake Restaurants zu sehen.<\/span><\/em><\/p>\n<p><span style=\"color: #808080;\"><em><br \/>\n<img decoding=\"async\" class=\"alignnone size-full wp-image-5881\" src=\"https:\/\/www.zaanseschans.com\/wp-content\/uploads\/2023\/12\/Pakhuis-%E2%80%98De-Kraai-historie.jpg\" alt=\"\" width=\"1000\" height=\"600\" \/><br \/>\n<\/em><\/span><\/p>\n<\/div><\/div><\/div><\/div><\/div><\/div><div class=\"fusion-layout-column fusion_builder_column fusion-builder-column-1 fusion_builder_column_1_3 1_3 fusion-flex-column fusion-flex-align-self-stretch\" style=\"--awb-padding-right:20%;--awb-padding-bottom:18%;--awb-padding-left:13%;--awb-bg-color:#f9f9f6;--awb-bg-color-hover:#f9f9f6;--awb-bg-size:cover;--awb-width-large:33.333333333333%;--awb-margin-top-large:0px;--awb-spacing-right-large:0px;--awb-margin-bottom-large:0px;--awb-spacing-left-large:0px;--awb-width-medium:100%;--awb-order-medium:0;--awb-spacing-right-medium:0px;--awb-spacing-left-medium:0px;--awb-width-small:100%;--awb-order-small:0;--awb-spacing-right-small:0px;--awb-spacing-left-small:0px;\" data-scroll-devices=\"small-visibility,medium-visibility,large-visibility\"><div class=\"fusion-column-wrapper fusion-column-has-shadow fusion-flex-justify-content-flex-start fusion-content-layout-column\"><div class=\"fusion-separator fusion-no-small-visibility fusion-no-medium-visibility fusion-full-width-sep\" style=\"align-self: center;margin-left: auto;margin-right: auto;margin-top:60px;width:100%;\"><\/div><div style=\"text-align:center;\"><a class=\"fusion-button button-flat fusion-button-default-size button-default fusion-button-default button-1 fusion-button-default-span fusion-button-default-type\" target=\"_self\" href=\"https:\/\/www.zaanseschans.com\/de\/karte\/\"><span class=\"fusion-button-text awb-button__text awb-button__text--default\">&lt; zur\u00fcck zur Karte<\/span><\/a><\/div><div class=\"fusion-separator fusion-full-width-sep\" style=\"align-self: center;margin-left: auto;margin-right: auto;margin-top:60px;width:100%;\"><\/div><div class=\"fusion-image-element \" style=\"text-align:center;--awb-max-width:350px;--awb-caption-title-font-family:var(--h2_typography-font-family);--awb-caption-title-font-weight:var(--h2_typography-font-weight);--awb-caption-title-font-style:var(--h2_typography-font-style);--awb-caption-title-size:var(--h2_typography-font-size);--awb-caption-title-transform:var(--h2_typography-text-transform);--awb-caption-title-line-height:var(--h2_typography-line-height);--awb-caption-title-letter-spacing:var(--h2_typography-letter-spacing);\"><span class=\" fusion-imageframe imageframe-none imageframe-4 hover-type-none\"><img decoding=\"async\" width=\"500\" height=\"319\" title=\"De-Kraai-lijntekening\" src=\"https:\/\/www.zaanseschans.com\/wp-content\/uploads\/2023\/12\/De-Kraai-lijntekening.png\" alt class=\"img-responsive wp-image-11660\" srcset=\"https:\/\/www.zaanseschans.com\/wp-content\/uploads\/2023\/12\/De-Kraai-lijntekening-200x128.png 200w, https:\/\/www.zaanseschans.com\/wp-content\/uploads\/2023\/12\/De-Kraai-lijntekening-400x255.png 400w, https:\/\/www.zaanseschans.com\/wp-content\/uploads\/2023\/12\/De-Kraai-lijntekening.png 500w\" sizes=\"(max-width: 1024px) 100vw, (max-width: 640px) 100vw, 400px\" \/><\/span><\/div><div class=\"fusion-separator fusion-full-width-sep\" style=\"align-self: center;margin-left: auto;margin-right: auto;margin-top:10px;width:100%;\"><\/div><div class=\"fusion-text fusion-text-6\"><p style=\"text-align: center;\"><span style=\"color: #808080;\"><em>St\u00e4dtisches Denkmal 19. Jahrhundert<br \/>\nWiedereinsetzung 1976<br \/>\n(urspr\u00fcnglicher Standort Noorddijk, Wormerveer)<\/em><\/span><\/p>\n<\/div><ul style=\"--awb-size:14px;--awb-iconcolor:rgba(0,0,0,0.49);--awb-divider-color:rgba(0,0,0,0.49);--awb-textcolor:#707070;--awb-line-height:23.8px;--awb-icon-width:23.8px;--awb-icon-height:23.8px;--awb-icon-margin:9.8px;--awb-content-margin:33.6px;\" class=\"fusion-checklist fusion-checklist-1 fusion-checklist-default fusion-checklist-divider type-icons\"><li class=\"fusion-li-item\" style=\"\"><span class=\"icon-wrapper circle-no\"><i class=\"fusion-li-icon fa-home fas\" aria-hidden=\"true\"><\/i><\/span><div class=\"fusion-li-item-content\">\n<p>Restaurant<\/p>\n<\/div><\/li><li class=\"fusion-li-item\" style=\"\"><span class=\"icon-wrapper circle-no\"><i class=\"fusion-li-icon fa-map fas\" aria-hidden=\"true\"><\/i><\/span><div class=\"fusion-li-item-content\">\n<p>Kraaiepad 1, 1509 AX Zaandam<\/p>\n<\/div><\/li><li class=\"fusion-li-item\" style=\"\"><span class=\"icon-wrapper circle-no\"><i class=\"fusion-li-icon fa-door-open fas\" aria-hidden=\"true\"><\/i><\/span><div class=\"fusion-li-item-content\">\n<p><strong><span style=\"color: #b4b63e;\">Eintritt: kostenlos<\/span><\/strong><\/p>\n<\/div><\/li><li class=\"fusion-li-item\" style=\"\"><span class=\"icon-wrapper circle-no\"><i class=\"fusion-li-icon fa-sign fas\" aria-hidden=\"true\"><\/i><\/span><div class=\"fusion-li-item-content\">\n<p>M\u00e4rz bis Okt. 09.00 &#8211; 18.00<br \/>\nNov. bis Feb. 09.00 &#8211; 17.00<\/p>\n<\/div><\/li><li class=\"fusion-li-item\" style=\"\"><span class=\"icon-wrapper circle-no\"><i class=\"fusion-li-icon fa-mobile-alt fas\" aria-hidden=\"true\"><\/i><\/span><div class=\"fusion-li-item-content\">\n<p>075-6156403<\/p>\n<\/div><\/li><li class=\"fusion-li-item\" style=\"\"><span class=\"icon-wrapper circle-no\"><i class=\"fusion-li-icon fa-envelope-open fas\" aria-hidden=\"true\"><\/i><\/span><div class=\"fusion-li-item-content\">\n<p><a href=\"mailto:info@dekraai.nl\">info@dekraai.nl<\/a><\/p>\n<\/div><\/li><li class=\"fusion-li-item\" style=\"\"><span class=\"icon-wrapper circle-no\"><i class=\"fusion-li-icon fa-laptop fas\" aria-hidden=\"true\"><\/i><\/span><div class=\"fusion-li-item-content\">\n<p><a href=\"http:\/\/www.dekraai.nl\" target=\"_blank\" rel=\"noopener\">www.dekraai.nl<\/a><\/p>\n<\/div><\/li><\/ul><div class=\"fusion-separator fusion-full-width-sep\" style=\"align-self: center;margin-left: auto;margin-right: auto;margin-top:80px;width:100%;\"><\/div><nav class=\"awb-menu awb-menu_column awb-menu_em-click mobile-mode-collapse-to-button awb-menu_icons-left awb-menu_dc-yes mobile-trigger-fullwidth-off awb-menu_mobile-toggle awb-menu_indent-left close-on-outer-click-yes mobile-size-full-absolute loading mega-menu-loading awb-menu_desktop awb-menu_v-stacked awb-submenu_cm_accordion\" style=\"--awb-active-color:#000000;--awb-icons-size:56;--awb-main-justify-content:flex-start;--awb-mobile-justify:flex-start;--awb-mobile-caret-left:auto;--awb-mobile-caret-right:0;--awb-fusion-font-family-typography:inherit;--awb-fusion-font-style-typography:normal;--awb-fusion-font-weight-typography:400;--awb-fusion-font-family-submenu-typography:inherit;--awb-fusion-font-style-submenu-typography:normal;--awb-fusion-font-weight-submenu-typography:400;--awb-fusion-font-family-mobile-typography:inherit;--awb-fusion-font-style-mobile-typography:normal;--awb-fusion-font-weight-mobile-typography:400;\" aria-label=\"Locaties\" data-breakpoint=\"0\" data-count=\"0\" data-transition-type=\"fade\" data-transition-time=\"300\"><ul id=\"menu-locaties-duits\" class=\"fusion-menu awb-menu__main-ul awb-menu__main-ul_column\"><li  id=\"menu-item-11980\"  class=\"menu-item menu-item-type-custom menu-item-object-custom menu-item-has-children menu-item-11980 awb-menu__li awb-menu__main-li awb-menu__main-li_regular\"  data-item-id=\"11980\"><span class=\"awb-menu__main-background-default awb-menu__main-background-default_fade\"><\/span><span class=\"awb-menu__main-background-active awb-menu__main-background-active_fade\"><\/span><a  href=\"https:\/\/www.zaanseschans.com\/specerijenmolen-de-huisman\/\" class=\"awb-menu__main-a awb-menu__main-a_regular\"><span class=\"menu-text\">M\u00fchlen<\/span><\/a><button type=\"button\" aria-label=\"Open submenu of M\u00fchlen\" aria-expanded=\"false\" class=\"awb-menu__open-nav-submenu_mobile awb-menu__open-nav-submenu_click awb-menu__open-nav-submenu_main awb-menu__open-nav-submenu_needs-spacing\"><\/button><ul class=\"awb-menu__sub-ul awb-menu__sub-ul_main\"><li  id=\"menu-item-11981\"  class=\"menu-item menu-item-type-post_type menu-item-object-page menu-item-11981 awb-menu__li awb-menu__sub-li\" ><a  href=\"https:\/\/www.zaanseschans.com\/de\/gewuerzmuehle-de-huisman\/\" class=\"awb-menu__sub-a\"><span>Die Huisman Gew\u00fcrzm\u00fchle<\/span><\/a><\/li><li  id=\"menu-item-11982\"  class=\"menu-item menu-item-type-post_type menu-item-object-page menu-item-11982 awb-menu__li awb-menu__sub-li\" ><a  href=\"https:\/\/www.zaanseschans.com\/de\/holzsaegewerk-de-gekroonde-poelenburg\/\" class=\"awb-menu__sub-a\"><span>Holzs\u00e4gewerk De Gekroonde Poelenburg<\/span><\/a><\/li><li  id=\"menu-item-11983\"  class=\"menu-item menu-item-type-post_type menu-item-object-page menu-item-11983 awb-menu__li awb-menu__sub-li\" ><a  href=\"https:\/\/www.zaanseschans.com\/de\/farbmuehle-de-kat\/\" class=\"awb-menu__sub-a\"><span>Farbm\u00fchle Die Katze<\/span><\/a><\/li><li  id=\"menu-item-11984\"  class=\"menu-item menu-item-type-post_type menu-item-object-page menu-item-11984 awb-menu__li awb-menu__sub-li\" ><a  href=\"https:\/\/www.zaanseschans.com\/de\/oelmuehle-de-zoeker\/\" class=\"awb-menu__sub-a\"><span>\u00d6lm\u00fchle The Seeker<\/span><\/a><\/li><li  id=\"menu-item-11985\"  class=\"menu-item menu-item-type-post_type menu-item-object-page menu-item-11985 awb-menu__li awb-menu__sub-li\" ><a  href=\"https:\/\/www.zaanseschans.com\/de\/holzsaegewerk-het-jonge-schaap\/\" class=\"awb-menu__sub-a\"><span>Holzs\u00e4gewerk Das junge Schaf<\/span><\/a><\/li><li  id=\"menu-item-11986\"  class=\"menu-item menu-item-type-post_type menu-item-object-page menu-item-11986 awb-menu__li awb-menu__sub-li\" ><a  href=\"https:\/\/www.zaanseschans.com\/de\/oelmuehle-de-os\/\" class=\"awb-menu__sub-a\"><span>\u00d6lm\u00fchle De Os<\/span><\/a><\/li><li  id=\"menu-item-11987\"  class=\"menu-item menu-item-type-post_type menu-item-object-page menu-item-11987 awb-menu__li awb-menu__sub-li\" ><a  href=\"https:\/\/www.zaanseschans.com\/de\/holzsaegewerk-het-klaverblad\/\" class=\"awb-menu__sub-a\"><span>Holzs\u00e4gewerk Het Klaverblad<\/span><\/a><\/li><li  id=\"menu-item-11988\"  class=\"menu-item menu-item-type-post_type menu-item-object-page menu-item-11988 awb-menu__li awb-menu__sub-li\" ><a  href=\"https:\/\/www.zaanseschans.com\/de\/oelmuehle-de-bonte-hen\/\" class=\"awb-menu__sub-a\"><span>\u00d6lm\u00fchle De Bonte Hen<\/span><\/a><\/li><li  id=\"menu-item-11989\"  class=\"menu-item menu-item-type-post_type menu-item-object-page menu-item-11989 awb-menu__li awb-menu__sub-li\" ><a  href=\"https:\/\/www.zaanseschans.com\/de\/spielzeugmuehle-de-windhond\/\" class=\"awb-menu__sub-a\"><span>Spielzeugm\u00fchle De Windhond<\/span><\/a><\/li><li  id=\"menu-item-11990\"  class=\"menu-item menu-item-type-post_type menu-item-object-page menu-item-11990 awb-menu__li awb-menu__sub-li\" ><a  href=\"https:\/\/www.zaanseschans.com\/de\/wiesenmuehle-de-hadel\/\" class=\"awb-menu__sub-a\"><span>Wiesenm\u00fchle De Hadel<\/span><\/a><\/li><\/ul><\/li><li  id=\"menu-item-11991\"  class=\"menu-item menu-item-type-custom menu-item-object-custom menu-item-has-children menu-item-11991 awb-menu__li awb-menu__main-li awb-menu__main-li_regular\"  data-item-id=\"11991\"><span class=\"awb-menu__main-background-default awb-menu__main-background-default_fade\"><\/span><span class=\"awb-menu__main-background-active awb-menu__main-background-active_fade\"><\/span><a  href=\"https:\/\/www.zaanseschans.com\/de\/kalverringdijk-7\/\" class=\"awb-menu__main-a awb-menu__main-a_regular\"><span class=\"menu-text\">H\u00e4user<\/span><\/a><button type=\"button\" aria-label=\"Open submenu of H\u00e4user\" aria-expanded=\"false\" class=\"awb-menu__open-nav-submenu_mobile awb-menu__open-nav-submenu_click awb-menu__open-nav-submenu_main awb-menu__open-nav-submenu_needs-spacing\"><\/button><ul class=\"awb-menu__sub-ul awb-menu__sub-ul_main\"><li  id=\"menu-item-11992\"  class=\"menu-item menu-item-type-post_type menu-item-object-page menu-item-11992 awb-menu__li awb-menu__sub-li\" ><a  href=\"https:\/\/www.zaanseschans.com\/de\/kalverringdijk-7\/\" class=\"awb-menu__sub-a\"><span>Kalverringdijk 7<\/span><\/a><\/li><li  id=\"menu-item-11993\"  class=\"menu-item menu-item-type-post_type menu-item-object-page menu-item-11993 awb-menu__li awb-menu__sub-li\" ><a  href=\"https:\/\/www.zaanseschans.com\/de\/kalverringdijk-8\/\" class=\"awb-menu__sub-a\"><span>Kalverringdijk 8<\/span><\/a><\/li><li  id=\"menu-item-11994\"  class=\"menu-item menu-item-type-post_type menu-item-object-page menu-item-11994 awb-menu__li awb-menu__sub-li\" ><a  href=\"https:\/\/www.zaanseschans.com\/de\/kalverringdijk-9\/\" class=\"awb-menu__sub-a\"><span>Kalverringdijk 9<\/span><\/a><\/li><li  id=\"menu-item-11995\"  class=\"menu-item menu-item-type-post_type menu-item-object-page menu-item-11995 awb-menu__li awb-menu__sub-li\" ><a  href=\"https:\/\/www.zaanseschans.com\/de\/kalverringdijk-10\/\" class=\"awb-menu__sub-a\"><span>Kalverringdijk 10<\/span><\/a><\/li><li  id=\"menu-item-11996\"  class=\"menu-item menu-item-type-post_type menu-item-object-page menu-item-11996 awb-menu__li awb-menu__sub-li\" ><a  href=\"https:\/\/www.zaanseschans.com\/de\/kalverringdijk-11\/\" class=\"awb-menu__sub-a\"><span>Kalverringdijk 11<\/span><\/a><\/li><li  id=\"menu-item-12035\"  class=\"menu-item menu-item-type-post_type menu-item-object-page menu-item-12035 awb-menu__li awb-menu__sub-li\" ><a  href=\"https:\/\/www.zaanseschans.com\/de\/heerlijck-slaapen-an-der-zaanse-schans\/\" class=\"awb-menu__sub-a\"><span>Kalverringdijk 17<\/span><\/a><\/li><li  id=\"menu-item-12036\"  class=\"menu-item menu-item-type-post_type menu-item-object-page menu-item-12036 awb-menu__li awb-menu__sub-li\" ><a  href=\"https:\/\/www.zaanseschans.com\/de\/das-haus-des-kaufmanns-de-mol\/\" class=\"awb-menu__sub-a\"><span>Kalverringdijk 19<\/span><\/a><\/li><li  id=\"menu-item-11997\"  class=\"menu-item menu-item-type-post_type menu-item-object-page menu-item-11997 awb-menu__li awb-menu__sub-li\" ><a  href=\"https:\/\/www.zaanseschans.com\/de\/zonnewijzerspad-1-2\/\" class=\"awb-menu__sub-a\"><span>Zonnewijzerspad 1-2<\/span><\/a><\/li><li  id=\"menu-item-11998\"  class=\"menu-item menu-item-type-post_type menu-item-object-page menu-item-11998 awb-menu__li awb-menu__sub-li\" ><a  href=\"https:\/\/www.zaanseschans.com\/de\/zonnewijzerspad-5\/\" class=\"awb-menu__sub-a\"><span>Zonnewijzerspad 5<\/span><\/a><\/li><li  id=\"menu-item-11999\"  class=\"menu-item menu-item-type-post_type menu-item-object-page menu-item-11999 awb-menu__li awb-menu__sub-li\" ><a  href=\"https:\/\/www.zaanseschans.com\/de\/zonnewijzerspad-6\/\" class=\"awb-menu__sub-a\"><span>Zonnewijzerspad 6<\/span><\/a><\/li><li  id=\"menu-item-12000\"  class=\"menu-item menu-item-type-post_type menu-item-object-page menu-item-12000 awb-menu__li awb-menu__sub-li\" ><a  href=\"https:\/\/www.zaanseschans.com\/de\/zonnewijzerspad-7\/\" class=\"awb-menu__sub-a\"><span>Zonnewijzerspad 7<\/span><\/a><\/li><li  id=\"menu-item-12001\"  class=\"menu-item menu-item-type-post_type menu-item-object-page menu-item-12001 awb-menu__li awb-menu__sub-li\" ><a  href=\"https:\/\/www.zaanseschans.com\/de\/zonnewijzerspad-8\/\" class=\"awb-menu__sub-a\"><span>Zonnewijzerspad 8<\/span><\/a><\/li><li  id=\"menu-item-12002\"  class=\"menu-item menu-item-type-post_type menu-item-object-page menu-item-12002 awb-menu__li awb-menu__sub-li\" ><a  href=\"https:\/\/www.zaanseschans.com\/de\/de-kwakels-1\/\" class=\"awb-menu__sub-a\"><span>De Kwakels 1<\/span><\/a><\/li><li  id=\"menu-item-12003\"  class=\"menu-item menu-item-type-post_type menu-item-object-page menu-item-12003 awb-menu__li awb-menu__sub-li\" ><a  href=\"https:\/\/www.zaanseschans.com\/de\/zeilenmakerspad-1\/\" class=\"awb-menu__sub-a\"><span>Zeilenmakerspad 1<\/span><\/a><\/li><li  id=\"menu-item-12004\"  class=\"menu-item menu-item-type-post_type menu-item-object-page menu-item-12004 awb-menu__li awb-menu__sub-li\" ><a  href=\"https:\/\/www.zaanseschans.com\/de\/zeilenmakerspad-3\/\" class=\"awb-menu__sub-a\"><span>Zeilenmakerspad 3<\/span><\/a><\/li><li  id=\"menu-item-12005\"  class=\"menu-item menu-item-type-post_type menu-item-object-page menu-item-12005 awb-menu__li awb-menu__sub-li\" ><a  href=\"https:\/\/www.zaanseschans.com\/de\/zeilenmakerspad-5\/\" class=\"awb-menu__sub-a\"><span>Zeilenmakerspad 5<\/span><\/a><\/li><\/ul><\/li><li  id=\"menu-item-12006\"  class=\"menu-item menu-item-type-custom menu-item-object-custom menu-item-has-children menu-item-12006 awb-menu__li awb-menu__main-li awb-menu__main-li_regular\"  data-item-id=\"12006\"><span class=\"awb-menu__main-background-default awb-menu__main-background-default_fade\"><\/span><span class=\"awb-menu__main-background-active awb-menu__main-background-active_fade\"><\/span><a  href=\"https:\/\/www.zaanseschans.com\/tinnegieterij-de-tinkoepel\/\" class=\"awb-menu__main-a awb-menu__main-a_regular\"><span class=\"menu-text\">Handwerk<\/span><\/a><button type=\"button\" aria-label=\"Open submenu of Handwerk\" aria-expanded=\"false\" class=\"awb-menu__open-nav-submenu_mobile awb-menu__open-nav-submenu_click awb-menu__open-nav-submenu_main awb-menu__open-nav-submenu_needs-spacing\"><\/button><ul class=\"awb-menu__sub-ul awb-menu__sub-ul_main\"><li  id=\"menu-item-12007\"  class=\"menu-item menu-item-type-post_type menu-item-object-page menu-item-12007 awb-menu__li awb-menu__sub-li\" ><a  href=\"https:\/\/www.zaanseschans.com\/de\/zinngiesserei-de-tinkoepel\/\" class=\"awb-menu__sub-a\"><span>Zinngie\u00dferei \u2018De Tinkoepel\u2019<\/span><\/a><\/li><li  id=\"menu-item-12008\"  class=\"menu-item menu-item-type-post_type menu-item-object-page menu-item-12008 awb-menu__li awb-menu__sub-li\" ><a  href=\"https:\/\/www.zaanseschans.com\/de\/boettcherei-tiemstra\/\" class=\"awb-menu__sub-a\"><span>B\u00f6ttcherei Tiemstra<\/span><\/a><\/li><li  id=\"menu-item-12009\"  class=\"menu-item menu-item-type-post_type menu-item-object-page menu-item-12009 awb-menu__li awb-menu__sub-li\" ><a  href=\"https:\/\/www.zaanseschans.com\/de\/kaeserei-de-catharina-hoeve\/\" class=\"awb-menu__sub-a\"><span>K\u00e4serei De Catharina Hoeve<\/span><\/a><\/li><li  id=\"menu-item-12010\"  class=\"menu-item menu-item-type-post_type menu-item-object-page menu-item-12010 awb-menu__li awb-menu__sub-li\" ><a  href=\"https:\/\/www.zaanseschans.com\/de\/haus-der-weberin-wevershuis\/\" class=\"awb-menu__sub-a\"><span>Haus der Weberin<\/span><\/a><\/li><li  id=\"menu-item-12011\"  class=\"menu-item menu-item-type-post_type menu-item-object-page menu-item-12011 awb-menu__li awb-menu__sub-li\" ><a  href=\"https:\/\/www.zaanseschans.com\/de\/handwerkszentrum-de-saense-lelie\/\" class=\"awb-menu__sub-a\"><span>Handwerkszentrum De Saense Lelie<\/span><\/a><\/li><li  id=\"menu-item-12012\"  class=\"menu-item menu-item-type-post_type menu-item-object-page menu-item-12012 awb-menu__li awb-menu__sub-li\" ><a  href=\"https:\/\/www.zaanseschans.com\/de\/holzschuhmacherei-de-zaanse-schans\/\" class=\"awb-menu__sub-a\"><span>Holzschuhmacherei De Zaanse Schans<\/span><\/a><\/li><\/ul><\/li><li  id=\"menu-item-12013\"  class=\"menu-item menu-item-type-custom menu-item-object-custom menu-item-has-children menu-item-12013 awb-menu__li awb-menu__main-li awb-menu__main-li_regular\"  data-item-id=\"12013\"><span class=\"awb-menu__main-background-default awb-menu__main-background-default_fade\"><\/span><span class=\"awb-menu__main-background-active awb-menu__main-background-active_fade\"><\/span><a  href=\"https:\/\/www.zaanseschans.com\/museumwinkel-albert-heijn\/\" class=\"awb-menu__main-a awb-menu__main-a_regular\"><span class=\"menu-text\">Museen<\/span><\/a><button type=\"button\" aria-label=\"Open submenu of Museen\" aria-expanded=\"false\" class=\"awb-menu__open-nav-submenu_mobile awb-menu__open-nav-submenu_click awb-menu__open-nav-submenu_main awb-menu__open-nav-submenu_needs-spacing\"><\/button><ul class=\"awb-menu__sub-ul awb-menu__sub-ul_main\"><li  id=\"menu-item-12014\"  class=\"menu-item menu-item-type-post_type menu-item-object-page menu-item-12014 awb-menu__li awb-menu__sub-li\" ><a  href=\"https:\/\/www.zaanseschans.com\/de\/museumsladen-albert-heijn\/\" class=\"awb-menu__sub-a\"><span>Museumsladen Albert Heijn<\/span><\/a><\/li><li  id=\"menu-item-12015\"  class=\"menu-item menu-item-type-post_type menu-item-object-page menu-item-12015 awb-menu__li awb-menu__sub-li\" ><a  href=\"https:\/\/www.zaanseschans.com\/de\/museum-zaanse-tijd\/\" class=\"awb-menu__sub-a\"><span>Museum Zaanse Tijd<\/span><\/a><\/li><li  id=\"menu-item-12016\"  class=\"menu-item menu-item-type-post_type menu-item-object-page menu-item-12016 awb-menu__li awb-menu__sub-li\" ><a  href=\"https:\/\/www.zaanseschans.com\/de\/muehlenmuseum-de-zaansche-molen\/\" class=\"awb-menu__sub-a\"><span>M\u00fchlenmuseum De Zaansche Molen<\/span><\/a><\/li><li  id=\"menu-item-12017\"  class=\"menu-item menu-item-type-post_type menu-item-object-page menu-item-12017 awb-menu__li awb-menu__sub-li\" ><a  href=\"https:\/\/www.zaanseschans.com\/de\/das-jisperhuisje\/\" class=\"awb-menu__sub-a\"><span>Das Jisperhuisje<\/span><\/a><\/li><li  id=\"menu-item-12018\"  class=\"menu-item menu-item-type-post_type menu-item-object-page menu-item-12018 awb-menu__li awb-menu__sub-li\" ><a  href=\"https:\/\/www.zaanseschans.com\/de\/baeckereimuseum-in-de-gecroonde-duyvekater\/\" class=\"awb-menu__sub-a\"><span>B\u00e4ckereimuseum In de Gecroonde Duyvekater<\/span><\/a><\/li><li  id=\"menu-item-12019\"  class=\"menu-item menu-item-type-post_type menu-item-object-page menu-item-12019 awb-menu__li awb-menu__sub-li\" ><a  href=\"https:\/\/www.zaanseschans.com\/de\/zaans-museum\/\" class=\"awb-menu__sub-a\"><span>Zaans Museum<\/span><\/a><\/li><li  id=\"menu-item-12020\"  class=\"menu-item menu-item-type-post_type menu-item-object-page menu-item-12020 awb-menu__li awb-menu__sub-li\" ><a  href=\"https:\/\/www.zaanseschans.com\/de\/verkade-erfahrung\/\" class=\"awb-menu__sub-a\"><span>Verkade Erfahrung<\/span><\/a><\/li><li  id=\"menu-item-12021\"  class=\"menu-item menu-item-type-post_type menu-item-object-page menu-item-12021 awb-menu__li awb-menu__sub-li\" ><a  href=\"https:\/\/www.zaanseschans.com\/de\/mini-museum-spoithois\/\" class=\"awb-menu__sub-a\"><span>Mini-Museum \u2018Spoithois\u2019<\/span><\/a><\/li><\/ul><\/li><li  id=\"menu-item-12022\"  class=\"menu-item menu-item-type-custom menu-item-object-custom menu-item-has-children menu-item-12022 awb-menu__li awb-menu__main-li awb-menu__main-li_regular\"  data-item-id=\"12022\"><span class=\"awb-menu__main-background-default awb-menu__main-background-default_fade\"><\/span><span class=\"awb-menu__main-background-active awb-menu__main-background-active_fade\"><\/span><a  href=\"https:\/\/www.zaanseschans.com\/belevingswinkel-blik-op-de-zaan\/\" class=\"awb-menu__main-a awb-menu__main-a_regular\"><span class=\"menu-text\">Gesch\u00e4fte<\/span><\/a><button type=\"button\" aria-label=\"Open submenu of Gesch\u00e4fte\" aria-expanded=\"false\" class=\"awb-menu__open-nav-submenu_mobile awb-menu__open-nav-submenu_click awb-menu__open-nav-submenu_main awb-menu__open-nav-submenu_needs-spacing\"><\/button><ul class=\"awb-menu__sub-ul awb-menu__sub-ul_main\"><li  id=\"menu-item-12023\"  class=\"menu-item menu-item-type-post_type menu-item-object-page menu-item-12023 awb-menu__li awb-menu__sub-li\" ><a  href=\"https:\/\/www.zaanseschans.com\/de\/erlebnisladen-blik-op-cacao\/\" class=\"awb-menu__sub-a\"><span>Erlebnisladen Blik op Cacao<\/span><\/a><\/li><li  id=\"menu-item-12024\"  class=\"menu-item menu-item-type-post_type menu-item-object-page menu-item-12024 awb-menu__li awb-menu__sub-li\" ><a  href=\"https:\/\/www.zaanseschans.com\/de\/trash-treasures-antiquitaetengeschaeft-het-jagershuis\/\" class=\"awb-menu__sub-a\"><span>Trash &#038; Treasures  Antiquit\u00e4tengesch\u00e4ft Het Jagershuis<\/span><\/a><\/li><li  id=\"menu-item-12025\"  class=\"menu-item menu-item-type-post_type menu-item-object-page menu-item-12025 awb-menu__li awb-menu__sub-li\" ><a  href=\"https:\/\/www.zaanseschans.com\/de\/fotografie-zaanse-schans\/\" class=\"awb-menu__sub-a\"><span>Fotografie Zaanse Schans<\/span><\/a><\/li><li  id=\"menu-item-12026\"  class=\"menu-item menu-item-type-post_type menu-item-object-page menu-item-12026 awb-menu__li awb-menu__sub-li\" ><a  href=\"https:\/\/www.zaanseschans.com\/de\/windmillshop-souvenirs-lagerhaus-de-bezem\/\" class=\"awb-menu__sub-a\"><span>Windmillshop Souvenirs \u2013 Lagerhaus De Bezem<\/span><\/a><\/li><li  id=\"menu-item-12027\"  class=\"menu-item menu-item-type-post_type menu-item-object-page menu-item-12027 awb-menu__li awb-menu__sub-li\" ><a  href=\"https:\/\/www.zaanseschans.com\/de\/souvenirs-lagerhaus-vrede\/\" class=\"awb-menu__sub-a\"><span>Souvenirs Lagerhaus Vrede<\/span><\/a><\/li><li  id=\"menu-item-12028\"  class=\"menu-item menu-item-type-post_type menu-item-object-page menu-item-12028 awb-menu__li awb-menu__sub-li\" ><a  href=\"https:\/\/www.zaanseschans.com\/de\/geschenkeladen-orse-ket-on-t-glop\/\" class=\"awb-menu__sub-a\"><span>Geschenkeladen Orse-Ket on \u2019t Glop<\/span><\/a><\/li><\/ul><\/li><li  id=\"menu-item-12029\"  class=\"menu-item menu-item-type-custom menu-item-object-custom menu-item-has-children menu-item-12029 awb-menu__li awb-menu__main-li awb-menu__main-li_regular\"  data-item-id=\"12029\"><span class=\"awb-menu__main-background-default awb-menu__main-background-default_fade\"><\/span><span class=\"awb-menu__main-background-active awb-menu__main-background-active_fade\"><\/span><a  href=\"https:\/\/www.zaanseschans.com\/kalverringdijk-13\/\" class=\"awb-menu__main-a awb-menu__main-a_regular\"><span class=\"menu-text\">Restaurants<\/span><\/a><button type=\"button\" aria-label=\"Open submenu of Restaurants\" aria-expanded=\"false\" class=\"awb-menu__open-nav-submenu_mobile awb-menu__open-nav-submenu_click awb-menu__open-nav-submenu_main awb-menu__open-nav-submenu_needs-spacing\"><\/button><ul class=\"awb-menu__sub-ul awb-menu__sub-ul_main\"><li  id=\"menu-item-12030\"  class=\"menu-item menu-item-type-post_type menu-item-object-page menu-item-12030 awb-menu__li awb-menu__sub-li\" ><a  href=\"https:\/\/www.zaanseschans.com\/de\/restaurant-de-walvis-dependence\/\" class=\"awb-menu__sub-a\"><span>Restaurant De Walvis Dependence<\/span><\/a><\/li><li  id=\"menu-item-12031\"  class=\"menu-item menu-item-type-post_type menu-item-object-page menu-item-12031 awb-menu__li awb-menu__sub-li\" ><a  href=\"https:\/\/www.zaanseschans.com\/de\/restaurant-de-hoop-op-dswarte-walvis\/\" class=\"awb-menu__sub-a\"><span>Restaurant De Hoop op d\u2019Swarte Walvis<\/span><\/a><\/li><li  id=\"menu-item-12032\"  class=\"menu-item menu-item-type-post_type menu-item-object-page menu-item-12032 awb-menu__li awb-menu__sub-li\" ><a  href=\"https:\/\/www.zaanseschans.com\/de\/verkostungsraum-destillerie-de-tweekoppige-phoenix\/\" class=\"awb-menu__sub-a\"><span>Verkostungsraum\/Destillerie De Tweekoppige Phoenix<\/span><\/a><\/li><li  id=\"menu-item-12033\"  class=\"menu-item menu-item-type-post_type menu-item-object-page menu-item-12033 awb-menu__li awb-menu__sub-li\" ><a  href=\"https:\/\/www.zaanseschans.com\/de\/pfannkuchen-restaurant-de-kraai\/\" class=\"awb-menu__sub-a\"><span>Pfannkuchen-Restaurant De Kraai<\/span><\/a><\/li><\/ul><\/li><li  id=\"menu-item-12037\"  class=\"menu-item menu-item-type-custom menu-item-object-custom menu-item-has-children menu-item-12037 awb-menu__li awb-menu__main-li awb-menu__main-li_regular\"  data-item-id=\"12037\"><span class=\"awb-menu__main-background-default awb-menu__main-background-default_fade\"><\/span><span class=\"awb-menu__main-background-active awb-menu__main-background-active_fade\"><\/span><a  href=\"https:\/\/www.zaanseschans.com\/natuur-wandelroute\/\" class=\"awb-menu__main-a awb-menu__main-a_regular\"><span class=\"menu-text\">Natur-Wanderweg<\/span><\/a><button type=\"button\" aria-label=\"Open submenu of Natur-Wanderweg\" aria-expanded=\"false\" class=\"awb-menu__open-nav-submenu_mobile awb-menu__open-nav-submenu_click awb-menu__open-nav-submenu_main awb-menu__open-nav-submenu_needs-spacing\"><\/button><ul class=\"awb-menu__sub-ul awb-menu__sub-ul_main\"><li  id=\"menu-item-12038\"  class=\"menu-item menu-item-type-post_type menu-item-object-page menu-item-12038 awb-menu__li awb-menu__sub-li\" ><a  href=\"https:\/\/www.zaanseschans.com\/de\/natur-wanderweg\/\" class=\"awb-menu__sub-a\"><span>Natur-Wanderweg<\/span><\/a><\/li><\/ul><\/li><\/ul><\/nav>\n<\/div><\/div><\/div><\/div>\n","protected":false},"excerpt":{"rendered":"","protected":false},"author":1,"featured_media":0,"parent":0,"menu_order":0,"comment_status":"closed","ping_status":"closed","template":"100-width.php","meta":{"footnotes":""},"class_list":["post-11654","page","type-page","status-publish","hentry"],"yoast_head":"<!-- This site is optimized with the Yoast SEO plugin v27.3 - https:\/\/yoast.com\/product\/yoast-seo-wordpress\/ -->\n<title>Pfannkuchen-Restaurant De Kraai - Zaanse Schans<\/title>\n<meta name=\"description\" content=\"Leckere Pfannkuchen im &#039;The Crow&#039;. Diese ehemalige \u00d6lm\u00fchle und das Lagerhaus einer Getreidem\u00fchle erz\u00e4hlen eine reiche Geschichte, w\u00e4hrend Sie k\u00f6stliche Speisen genie\u00dfen.\" \/>\n<meta name=\"robots\" content=\"index, follow, max-snippet:-1, max-image-preview:large, max-video-preview:-1\" \/>\n<link rel=\"canonical\" href=\"https:\/\/www.zaanseschans.com\/de\/pfannkuchen-restaurant-de-kraai\/\" \/>\n<meta property=\"og:locale\" content=\"de_DE\" \/>\n<meta property=\"og:type\" content=\"article\" \/>\n<meta property=\"og:title\" content=\"Pfannkuchen-Restaurant De Kraai - Zaanse Schans\" \/>\n<meta property=\"og:description\" content=\"Leckere Pfannkuchen im &#039;The Crow&#039;. Diese ehemalige \u00d6lm\u00fchle und das Lagerhaus einer Getreidem\u00fchle erz\u00e4hlen eine reiche Geschichte, w\u00e4hrend Sie k\u00f6stliche Speisen genie\u00dfen.\" \/>\n<meta property=\"og:url\" content=\"https:\/\/www.zaanseschans.com\/de\/pfannkuchen-restaurant-de-kraai\/\" \/>\n<meta property=\"og:site_name\" content=\"Zaanse Schans\" \/>\n<meta property=\"article:modified_time\" content=\"2024-06-16T12:44:49+00:00\" \/>\n<meta property=\"og:image\" content=\"https:\/\/www.zaanseschans.com\/wp-content\/uploads\/2023\/12\/Pakhuis-%E2%80%98De-Kraai-historie.jpg\" \/>\n<meta name=\"twitter:card\" content=\"summary_large_image\" \/>\n<meta name=\"twitter:label1\" content=\"Gesch\u00e4tzte Lesezeit\" \/>\n\t<meta name=\"twitter:data1\" content=\"4\u00a0Minuten\" \/>\n<script type=\"application\/ld+json\" class=\"yoast-schema-graph\">{\"@context\":\"https:\\\/\\\/schema.org\",\"@graph\":[{\"@type\":\"WebPage\",\"@id\":\"https:\\\/\\\/www.zaanseschans.com\\\/de\\\/pfannkuchen-restaurant-de-kraai\\\/\",\"url\":\"https:\\\/\\\/www.zaanseschans.com\\\/de\\\/pfannkuchen-restaurant-de-kraai\\\/\",\"name\":\"Pfannkuchen-Restaurant De Kraai - Zaanse Schans\",\"isPartOf\":{\"@id\":\"https:\\\/\\\/www.zaanseschans.com\\\/de\\\/#website\"},\"primaryImageOfPage\":{\"@id\":\"https:\\\/\\\/www.zaanseschans.com\\\/de\\\/pfannkuchen-restaurant-de-kraai\\\/#primaryimage\"},\"image\":{\"@id\":\"https:\\\/\\\/www.zaanseschans.com\\\/de\\\/pfannkuchen-restaurant-de-kraai\\\/#primaryimage\"},\"thumbnailUrl\":\"https:\\\/\\\/www.zaanseschans.com\\\/wp-content\\\/uploads\\\/2023\\\/12\\\/Pakhuis-%E2%80%98De-Kraai-historie.jpg\",\"datePublished\":\"2023-12-04T09:35:02+00:00\",\"dateModified\":\"2024-06-16T12:44:49+00:00\",\"description\":\"Leckere Pfannkuchen im 'The Crow'. Diese ehemalige \u00d6lm\u00fchle und das Lagerhaus einer Getreidem\u00fchle erz\u00e4hlen eine reiche Geschichte, w\u00e4hrend Sie k\u00f6stliche Speisen genie\u00dfen.\",\"breadcrumb\":{\"@id\":\"https:\\\/\\\/www.zaanseschans.com\\\/de\\\/pfannkuchen-restaurant-de-kraai\\\/#breadcrumb\"},\"inLanguage\":\"de\",\"potentialAction\":[{\"@type\":\"ReadAction\",\"target\":[\"https:\\\/\\\/www.zaanseschans.com\\\/de\\\/pfannkuchen-restaurant-de-kraai\\\/\"]}]},{\"@type\":\"ImageObject\",\"inLanguage\":\"de\",\"@id\":\"https:\\\/\\\/www.zaanseschans.com\\\/de\\\/pfannkuchen-restaurant-de-kraai\\\/#primaryimage\",\"url\":\"https:\\\/\\\/www.zaanseschans.com\\\/wp-content\\\/uploads\\\/2023\\\/12\\\/Pakhuis-%E2%80%98De-Kraai-historie.jpg\",\"contentUrl\":\"https:\\\/\\\/www.zaanseschans.com\\\/wp-content\\\/uploads\\\/2023\\\/12\\\/Pakhuis-%E2%80%98De-Kraai-historie.jpg\"},{\"@type\":\"BreadcrumbList\",\"@id\":\"https:\\\/\\\/www.zaanseschans.com\\\/de\\\/pfannkuchen-restaurant-de-kraai\\\/#breadcrumb\",\"itemListElement\":[{\"@type\":\"ListItem\",\"position\":1,\"name\":\"Home\",\"item\":\"https:\\\/\\\/www.zaanseschans.com\\\/de\\\/\"},{\"@type\":\"ListItem\",\"position\":2,\"name\":\"Pfannkuchen-Restaurant De Kraai\"}]},{\"@type\":\"WebSite\",\"@id\":\"https:\\\/\\\/www.zaanseschans.com\\\/de\\\/#website\",\"url\":\"https:\\\/\\\/www.zaanseschans.com\\\/de\\\/\",\"name\":\"Zaanse Schans\",\"description\":\"\",\"publisher\":{\"@id\":\"https:\\\/\\\/www.zaanseschans.com\\\/de\\\/#organization\"},\"potentialAction\":[{\"@type\":\"SearchAction\",\"target\":{\"@type\":\"EntryPoint\",\"urlTemplate\":\"https:\\\/\\\/www.zaanseschans.com\\\/de\\\/?s={search_term_string}\"},\"query-input\":{\"@type\":\"PropertyValueSpecification\",\"valueRequired\":true,\"valueName\":\"search_term_string\"}}],\"inLanguage\":\"de\"},{\"@type\":\"Organization\",\"@id\":\"https:\\\/\\\/www.zaanseschans.com\\\/de\\\/#organization\",\"name\":\"Zaanse Schans\",\"url\":\"https:\\\/\\\/www.zaanseschans.com\\\/de\\\/\",\"logo\":{\"@type\":\"ImageObject\",\"inLanguage\":\"de\",\"@id\":\"https:\\\/\\\/www.zaanseschans.com\\\/de\\\/#\\\/schema\\\/logo\\\/image\\\/\",\"url\":\"https:\\\/\\\/www.zaanseschans.com\\\/wp-content\\\/uploads\\\/Zaanse-schans-logo-INSTA.jpg\",\"contentUrl\":\"https:\\\/\\\/www.zaanseschans.com\\\/wp-content\\\/uploads\\\/Zaanse-schans-logo-INSTA.jpg\",\"width\":360,\"height\":360,\"caption\":\"Zaanse Schans\"},\"image\":{\"@id\":\"https:\\\/\\\/www.zaanseschans.com\\\/de\\\/#\\\/schema\\\/logo\\\/image\\\/\"},\"sameAs\":[\"https:\\\/\\\/www.instagram.com\\\/zaanseschansholland\\\/\"]}]}<\/script>\n<!-- \/ Yoast SEO plugin. -->","yoast_head_json":{"title":"Pfannkuchen-Restaurant De Kraai - Zaanse Schans","description":"Leckere Pfannkuchen im 'The Crow'. Diese ehemalige \u00d6lm\u00fchle und das Lagerhaus einer Getreidem\u00fchle erz\u00e4hlen eine reiche Geschichte, w\u00e4hrend Sie k\u00f6stliche Speisen genie\u00dfen.","robots":{"index":"index","follow":"follow","max-snippet":"max-snippet:-1","max-image-preview":"max-image-preview:large","max-video-preview":"max-video-preview:-1"},"canonical":"https:\/\/www.zaanseschans.com\/de\/pfannkuchen-restaurant-de-kraai\/","og_locale":"de_DE","og_type":"article","og_title":"Pfannkuchen-Restaurant De Kraai - Zaanse Schans","og_description":"Leckere Pfannkuchen im 'The Crow'. Diese ehemalige \u00d6lm\u00fchle und das Lagerhaus einer Getreidem\u00fchle erz\u00e4hlen eine reiche Geschichte, w\u00e4hrend Sie k\u00f6stliche Speisen genie\u00dfen.","og_url":"https:\/\/www.zaanseschans.com\/de\/pfannkuchen-restaurant-de-kraai\/","og_site_name":"Zaanse Schans","article_modified_time":"2024-06-16T12:44:49+00:00","og_image":[{"url":"https:\/\/www.zaanseschans.com\/wp-content\/uploads\/2023\/12\/Pakhuis-%E2%80%98De-Kraai-historie.jpg","type":"","width":"","height":""}],"twitter_card":"summary_large_image","twitter_misc":{"Gesch\u00e4tzte Lesezeit":"4\u00a0Minuten"},"schema":{"@context":"https:\/\/schema.org","@graph":[{"@type":"WebPage","@id":"https:\/\/www.zaanseschans.com\/de\/pfannkuchen-restaurant-de-kraai\/","url":"https:\/\/www.zaanseschans.com\/de\/pfannkuchen-restaurant-de-kraai\/","name":"Pfannkuchen-Restaurant De Kraai - Zaanse Schans","isPartOf":{"@id":"https:\/\/www.zaanseschans.com\/de\/#website"},"primaryImageOfPage":{"@id":"https:\/\/www.zaanseschans.com\/de\/pfannkuchen-restaurant-de-kraai\/#primaryimage"},"image":{"@id":"https:\/\/www.zaanseschans.com\/de\/pfannkuchen-restaurant-de-kraai\/#primaryimage"},"thumbnailUrl":"https:\/\/www.zaanseschans.com\/wp-content\/uploads\/2023\/12\/Pakhuis-%E2%80%98De-Kraai-historie.jpg","datePublished":"2023-12-04T09:35:02+00:00","dateModified":"2024-06-16T12:44:49+00:00","description":"Leckere Pfannkuchen im 'The Crow'. Diese ehemalige \u00d6lm\u00fchle und das Lagerhaus einer Getreidem\u00fchle erz\u00e4hlen eine reiche Geschichte, w\u00e4hrend Sie k\u00f6stliche Speisen genie\u00dfen.","breadcrumb":{"@id":"https:\/\/www.zaanseschans.com\/de\/pfannkuchen-restaurant-de-kraai\/#breadcrumb"},"inLanguage":"de","potentialAction":[{"@type":"ReadAction","target":["https:\/\/www.zaanseschans.com\/de\/pfannkuchen-restaurant-de-kraai\/"]}]},{"@type":"ImageObject","inLanguage":"de","@id":"https:\/\/www.zaanseschans.com\/de\/pfannkuchen-restaurant-de-kraai\/#primaryimage","url":"https:\/\/www.zaanseschans.com\/wp-content\/uploads\/2023\/12\/Pakhuis-%E2%80%98De-Kraai-historie.jpg","contentUrl":"https:\/\/www.zaanseschans.com\/wp-content\/uploads\/2023\/12\/Pakhuis-%E2%80%98De-Kraai-historie.jpg"},{"@type":"BreadcrumbList","@id":"https:\/\/www.zaanseschans.com\/de\/pfannkuchen-restaurant-de-kraai\/#breadcrumb","itemListElement":[{"@type":"ListItem","position":1,"name":"Home","item":"https:\/\/www.zaanseschans.com\/de\/"},{"@type":"ListItem","position":2,"name":"Pfannkuchen-Restaurant De Kraai"}]},{"@type":"WebSite","@id":"https:\/\/www.zaanseschans.com\/de\/#website","url":"https:\/\/www.zaanseschans.com\/de\/","name":"Zaanse Schans","description":"","publisher":{"@id":"https:\/\/www.zaanseschans.com\/de\/#organization"},"potentialAction":[{"@type":"SearchAction","target":{"@type":"EntryPoint","urlTemplate":"https:\/\/www.zaanseschans.com\/de\/?s={search_term_string}"},"query-input":{"@type":"PropertyValueSpecification","valueRequired":true,"valueName":"search_term_string"}}],"inLanguage":"de"},{"@type":"Organization","@id":"https:\/\/www.zaanseschans.com\/de\/#organization","name":"Zaanse Schans","url":"https:\/\/www.zaanseschans.com\/de\/","logo":{"@type":"ImageObject","inLanguage":"de","@id":"https:\/\/www.zaanseschans.com\/de\/#\/schema\/logo\/image\/","url":"https:\/\/www.zaanseschans.com\/wp-content\/uploads\/Zaanse-schans-logo-INSTA.jpg","contentUrl":"https:\/\/www.zaanseschans.com\/wp-content\/uploads\/Zaanse-schans-logo-INSTA.jpg","width":360,"height":360,"caption":"Zaanse Schans"},"image":{"@id":"https:\/\/www.zaanseschans.com\/de\/#\/schema\/logo\/image\/"},"sameAs":["https:\/\/www.instagram.com\/zaanseschansholland\/"]}]}},"_links":{"self":[{"href":"https:\/\/www.zaanseschans.com\/de\/wp-json\/wp\/v2\/pages\/11654","targetHints":{"allow":["GET"]}}],"collection":[{"href":"https:\/\/www.zaanseschans.com\/de\/wp-json\/wp\/v2\/pages"}],"about":[{"href":"https:\/\/www.zaanseschans.com\/de\/wp-json\/wp\/v2\/types\/page"}],"author":[{"embeddable":true,"href":"https:\/\/www.zaanseschans.com\/de\/wp-json\/wp\/v2\/users\/1"}],"replies":[{"embeddable":true,"href":"https:\/\/www.zaanseschans.com\/de\/wp-json\/wp\/v2\/comments?post=11654"}],"version-history":[{"count":0,"href":"https:\/\/www.zaanseschans.com\/de\/wp-json\/wp\/v2\/pages\/11654\/revisions"}],"wp:attachment":[{"href":"https:\/\/www.zaanseschans.com\/de\/wp-json\/wp\/v2\/media?parent=11654"}],"curies":[{"name":"wp","href":"https:\/\/api.w.org\/{rel}","templated":true}]}}