{"id":11766,"date":"2023-12-07T10:48:06","date_gmt":"2023-12-07T09:48:06","guid":{"rendered":"https:\/\/www.zaanseschans.com\/kalverringdijk-7\/"},"modified":"2024-06-16T13:41:58","modified_gmt":"2024-06-16T12:41:58","slug":"kalverringdijk-7","status":"publish","type":"page","link":"https:\/\/www.zaanseschans.com\/de\/kalverringdijk-7\/","title":{"rendered":"Kalverringdijk 7"},"content":{"rendered":"<div class=\"fusion-fullwidth fullwidth-box fusion-builder-row-1 fusion-flex-container has-pattern-background has-mask-background nonhundred-percent-fullwidth non-hundred-percent-height-scrolling\" style=\"--awb-border-radius-top-left:0px;--awb-border-radius-top-right:0px;--awb-border-radius-bottom-right:0px;--awb-border-radius-bottom-left:0px;--awb-padding-top:0px;--awb-padding-right:0px;--awb-padding-bottom:0px;--awb-padding-left:0px;--awb-margin-top:0px;--awb-margin-bottom:0px;--awb-flex-wrap:wrap;\" ><div class=\"fusion-builder-row fusion-row fusion-flex-align-items-stretch fusion-flex-content-wrap\" style=\"max-width:calc( 1375px + 0px );margin-left: calc(-0px \/ 2 );margin-right: calc(-0px \/ 2 );\"><div class=\"fusion-layout-column fusion_builder_column fusion-builder-column-0 fusion_builder_column_2_3 2_3 fusion-flex-column\" style=\"--awb-padding-right:75px;--awb-padding-bottom:100px;--awb-padding-left:75px;--awb-bg-color:#ffffff;--awb-bg-color-hover:#ffffff;--awb-bg-image:linear-gradient(180deg, #ffffff 31%,#f9f9f6 94%);--awb-bg-position:center top;--awb-bg-size:cover;--awb-width-large:66.666666666667%;--awb-margin-top-large:0px;--awb-spacing-right-large:0px;--awb-margin-bottom-large:0px;--awb-spacing-left-large:0px;--awb-width-medium:100%;--awb-order-medium:0;--awb-spacing-right-medium:0px;--awb-spacing-left-medium:0px;--awb-width-small:100%;--awb-order-small:0;--awb-spacing-right-small:0px;--awb-spacing-left-small:0px;\" data-scroll-devices=\"small-visibility,medium-visibility,large-visibility\"><div class=\"fusion-column-wrapper fusion-column-has-shadow fusion-flex-justify-content-flex-start fusion-content-layout-column\"><div class=\"fusion-separator fusion-no-small-visibility fusion-no-medium-visibility fusion-full-width-sep\" style=\"align-self: center;margin-left: auto;margin-right: auto;margin-top:60px;width:100%;\"><\/div><div class=\"fusion-text fusion-text-1\"><h3 class=\"fusion-responsive-typography-calculated\" data-fontsize=\"48\" data-lineheight=\"48px\">Kalverringdijk 7<\/h3>\n<hr \/>\n<h3 class=\"fusion-responsive-typography-calculated\" data-fontsize=\"48\" data-lineheight=\"48px\"><\/h3>\n<\/div><div class=\"fusion-image-element \" style=\"--awb-margin-bottom:30px;--awb-caption-title-font-family:var(--h2_typography-font-family);--awb-caption-title-font-weight:var(--h2_typography-font-weight);--awb-caption-title-font-style:var(--h2_typography-font-style);--awb-caption-title-size:var(--h2_typography-font-size);--awb-caption-title-transform:var(--h2_typography-text-transform);--awb-caption-title-line-height:var(--h2_typography-line-height);--awb-caption-title-letter-spacing:var(--h2_typography-letter-spacing);\"><span class=\" fusion-imageframe imageframe-none imageframe-1 hover-type-none\"><img decoding=\"async\" width=\"1134\" height=\"683\" alt=\"Kalverringdijk 7\" title=\"Kalverringdijk-7-1-1\" src=\"https:\/\/www.zaanseschans.com\/wp-content\/uploads\/Kalverringdijk-7-1-1.jpg\" class=\"img-responsive wp-image-11770\" srcset=\"https:\/\/www.zaanseschans.com\/wp-content\/uploads\/Kalverringdijk-7-1-1-200x120.jpg 200w, https:\/\/www.zaanseschans.com\/wp-content\/uploads\/Kalverringdijk-7-1-1-400x241.jpg 400w, https:\/\/www.zaanseschans.com\/wp-content\/uploads\/Kalverringdijk-7-1-1-600x361.jpg 600w, https:\/\/www.zaanseschans.com\/wp-content\/uploads\/Kalverringdijk-7-1-1-800x482.jpg 800w, https:\/\/www.zaanseschans.com\/wp-content\/uploads\/Kalverringdijk-7-1-1.jpg 1134w\" sizes=\"(max-width: 1024px) 100vw, (max-width: 640px) 100vw, 800px\" \/><\/span><\/div><div class=\"fusion-text fusion-text-2 fusion-text-no-margin\" style=\"--awb-margin-top:0px;--awb-margin-bottom:40px;\"><p><strong><em>Das einzige zweigeschossige Holzhaus an der Zaanse Schans&#8230;<\/em><\/strong><\/p>\n<p>Das Anwesen am Kalverringdijk 7 ist eine einzigartige Sehensw\u00fcrdigkeit in der Zaanse Schans, denn es ist das einzige Anwesen mit zwei Etagen. Solche H\u00e4user mit einem zus\u00e4tzlichen Stockwerk sind in der Zaanser Holzbauweise selten. Das Geb\u00e4ude ist vollst\u00e4ndig aus Kiefernholz gebaut und hat eine gut erhaltene h\u00f6lzerne St\u00fctzstruktur. Obwohl die Fassade aus dem 18. und 19. Jahrhundert stark besch\u00e4digt war, konnte sie von dem Architekten Cornelis de Jong anhand einer alten Fotografie und einer umfangreichen Studie des Grundst\u00fccks rekonstruiert werden.<\/p>\n<p>Bevor es nach Zaanse Schans verlegt wurde, diente das Anwesen als Schaufenster f\u00fcr ein Tuchgesch\u00e4ft und einen Gem\u00fcseladen. Das Haus stammt aus der Zeit um 1650 und zeichnet sich durch ein sch\u00f6nes holzgeschnitztes Wappen aus. In den 1960er Jahren wurde es auf einem Pritschenwagen von der Noorderkerkstraat im Herzen von Zaandam nach Kalverpolder transportiert, wo es heute eine markante und historische Erg\u00e4nzung der Zaanse Schans darstellt.<\/p>\n<\/div><div class=\"fusion-image-element \" style=\"--awb-margin-bottom:10px;--awb-caption-title-font-family:var(--h2_typography-font-family);--awb-caption-title-font-weight:var(--h2_typography-font-weight);--awb-caption-title-font-style:var(--h2_typography-font-style);--awb-caption-title-size:var(--h2_typography-font-size);--awb-caption-title-transform:var(--h2_typography-text-transform);--awb-caption-title-line-height:var(--h2_typography-line-height);--awb-caption-title-letter-spacing:var(--h2_typography-letter-spacing);\"><span class=\" fusion-imageframe imageframe-none imageframe-2 hover-type-none\"><img decoding=\"async\" width=\"900\" height=\"650\" alt=\"Kalverringdijk 7\" title=\"Kalverringdijk-7-historie\" src=\"https:\/\/www.zaanseschans.com\/wp-content\/uploads\/2023\/11\/Kalverringdijk-7-historie-1.jpg\" class=\"img-responsive wp-image-11169\" srcset=\"https:\/\/www.zaanseschans.com\/wp-content\/uploads\/2023\/11\/Kalverringdijk-7-historie-1-200x144.jpg 200w, https:\/\/www.zaanseschans.com\/wp-content\/uploads\/2023\/11\/Kalverringdijk-7-historie-1-400x289.jpg 400w, https:\/\/www.zaanseschans.com\/wp-content\/uploads\/2023\/11\/Kalverringdijk-7-historie-1-600x433.jpg 600w, https:\/\/www.zaanseschans.com\/wp-content\/uploads\/2023\/11\/Kalverringdijk-7-historie-1-800x578.jpg 800w, https:\/\/www.zaanseschans.com\/wp-content\/uploads\/2023\/11\/Kalverringdijk-7-historie-1.jpg 900w\" sizes=\"(max-width: 1024px) 100vw, (max-width: 640px) 100vw, 800px\" \/><\/span><\/div><div class=\"fusion-text fusion-text-3 fusion-text-no-margin\" style=\"--awb-margin-top:0px;--awb-margin-bottom:40px;\"><p><em><span style=\"color: #808080;\">Das Anwesen Noorderkerkstraat 7 wird 1963 zum Kalverringdijk 7 an der Zaanse Schans transportiert<\/span><\/em><\/p>\n<\/div><\/div><\/div><div class=\"fusion-layout-column fusion_builder_column fusion-builder-column-1 fusion_builder_column_1_3 1_3 fusion-flex-column fusion-flex-align-self-stretch\" style=\"--awb-padding-right:20%;--awb-padding-bottom:18%;--awb-padding-left:13%;--awb-bg-color:#f9f9f6;--awb-bg-color-hover:#f9f9f6;--awb-bg-size:cover;--awb-width-large:33.333333333333%;--awb-margin-top-large:0px;--awb-spacing-right-large:0px;--awb-margin-bottom-large:0px;--awb-spacing-left-large:0px;--awb-width-medium:100%;--awb-order-medium:0;--awb-spacing-right-medium:0px;--awb-spacing-left-medium:0px;--awb-width-small:100%;--awb-order-small:0;--awb-spacing-right-small:0px;--awb-spacing-left-small:0px;\" data-scroll-devices=\"small-visibility,medium-visibility,large-visibility\"><div class=\"fusion-column-wrapper fusion-column-has-shadow fusion-flex-justify-content-flex-start fusion-content-layout-column\"><div class=\"fusion-separator fusion-no-small-visibility fusion-no-medium-visibility fusion-full-width-sep\" style=\"align-self: center;margin-left: auto;margin-right: auto;margin-top:60px;width:100%;\"><\/div><div style=\"text-align:center;\"><a class=\"fusion-button button-flat fusion-button-default-size button-default fusion-button-default button-1 fusion-button-default-span fusion-button-default-type\" target=\"_self\" href=\"https:\/\/www.zaanseschans.com\/de\/karte\/\"><span class=\"fusion-button-text awb-button__text awb-button__text--default\">&lt; zur\u00fcck zur Karte<\/span><\/a><\/div><div class=\"fusion-separator fusion-full-width-sep\" style=\"align-self: center;margin-left: auto;margin-right: auto;margin-top:60px;width:100%;\"><\/div><div class=\"fusion-image-element \" style=\"text-align:center;--awb-max-width:250px;--awb-caption-title-font-family:var(--h2_typography-font-family);--awb-caption-title-font-weight:var(--h2_typography-font-weight);--awb-caption-title-font-style:var(--h2_typography-font-style);--awb-caption-title-size:var(--h2_typography-font-size);--awb-caption-title-transform:var(--h2_typography-text-transform);--awb-caption-title-line-height:var(--h2_typography-line-height);--awb-caption-title-letter-spacing:var(--h2_typography-letter-spacing);\"><span class=\" fusion-imageframe imageframe-none imageframe-3 hover-type-none\"><img decoding=\"async\" width=\"500\" height=\"503\" title=\"Kalverringdijk-7-lijntekening\" src=\"https:\/\/www.zaanseschans.com\/wp-content\/uploads\/2023\/11\/Kalverringdijk-7-lijntekening.png\" alt class=\"img-responsive wp-image-11170\" srcset=\"https:\/\/www.zaanseschans.com\/wp-content\/uploads\/2023\/11\/Kalverringdijk-7-lijntekening-200x201.png 200w, https:\/\/www.zaanseschans.com\/wp-content\/uploads\/2023\/11\/Kalverringdijk-7-lijntekening-400x402.png 400w, https:\/\/www.zaanseschans.com\/wp-content\/uploads\/2023\/11\/Kalverringdijk-7-lijntekening.png 500w\" sizes=\"(max-width: 1024px) 100vw, (max-width: 640px) 100vw, 400px\" \/><\/span><\/div><div class=\"fusion-separator fusion-full-width-sep\" style=\"align-self: center;margin-left: auto;margin-right: auto;margin-top:30px;width:100%;\"><\/div><div class=\"fusion-text fusion-text-4\"><p style=\"text-align: center;\"><span style=\"color: #999999;\"><em>Nationales Denkmal um 1650<br \/>\nWiedereinsetzung 1965<br \/>\n(ehemals Noorderkerkstraat 7, Zaandam)<\/em><\/span><\/p>\n<\/div><ul style=\"--awb-size:14px;--awb-iconcolor:rgba(0,0,0,0.49);--awb-divider-color:rgba(0,0,0,0.49);--awb-textcolor:#707070;--awb-line-height:23.8px;--awb-icon-width:23.8px;--awb-icon-height:23.8px;--awb-icon-margin:9.8px;--awb-content-margin:33.6px;\" class=\"fusion-checklist fusion-checklist-1 fusion-checklist-default fusion-checklist-divider type-icons\"><li class=\"fusion-li-item\" style=\"\"><span class=\"icon-wrapper circle-no\"><i class=\"fusion-li-icon fa-home fas\" aria-hidden=\"true\"><\/i><\/span><div class=\"fusion-li-item-content\">\n<p>Wohnhaus<\/p>\n<\/div><\/li><li class=\"fusion-li-item\" style=\"\"><span class=\"icon-wrapper circle-no\"><i class=\"fusion-li-icon fa-map fas\" aria-hidden=\"true\"><\/i><\/span><div class=\"fusion-li-item-content\">\n<p>Kalverringdijk 7<\/p>\n<\/div><\/li><li class=\"fusion-li-item\" style=\"\"><span class=\"icon-wrapper circle-no\"><i class=\"fusion-li-icon fa-sign fas\" aria-hidden=\"true\"><\/i><\/span><div class=\"fusion-li-item-content\">\n<p>Besuchen Sie nicht<\/p>\n<p>Die H\u00e4user an der Zaanse Schans zeigen die authentische und historische Zaanse-Holzbauweise. Die H\u00e4user sind bewohnt, Sie k\u00f6nnen sie also nicht besuchen. Beobachten Sie sie aus der Ferne und nehmen Sie bitte R\u00fccksicht auf die Anwohner.<br \/>\n<em>Genie\u00dfen Sie die Umgebung und einen wundersch\u00f6nen Tag in der Zaanse Schans!<\/em><\/p>\n<\/div><\/li><\/ul><div class=\"fusion-separator fusion-full-width-sep\" style=\"align-self: center;margin-left: auto;margin-right: auto;margin-top:60px;width:100%;\"><\/div><nav class=\"awb-menu awb-menu_column awb-menu_em-click mobile-mode-collapse-to-button awb-menu_icons-left awb-menu_dc-yes mobile-trigger-fullwidth-off awb-menu_mobile-toggle awb-menu_indent-left close-on-outer-click-yes mobile-size-full-absolute loading mega-menu-loading awb-menu_desktop awb-menu_v-stacked awb-submenu_cm_accordion\" style=\"--awb-active-color:#000000;--awb-icons-size:56;--awb-main-justify-content:flex-start;--awb-mobile-justify:flex-start;--awb-mobile-caret-left:auto;--awb-mobile-caret-right:0;--awb-fusion-font-family-typography:inherit;--awb-fusion-font-style-typography:normal;--awb-fusion-font-weight-typography:400;--awb-fusion-font-family-submenu-typography:inherit;--awb-fusion-font-style-submenu-typography:normal;--awb-fusion-font-weight-submenu-typography:400;--awb-fusion-font-family-mobile-typography:inherit;--awb-fusion-font-style-mobile-typography:normal;--awb-fusion-font-weight-mobile-typography:400;\" aria-label=\"Locaties\" data-breakpoint=\"0\" data-count=\"0\" data-transition-type=\"fade\" data-transition-time=\"300\"><ul id=\"menu-locaties-duits\" class=\"fusion-menu awb-menu__main-ul awb-menu__main-ul_column\"><li  id=\"menu-item-11980\"  class=\"menu-item menu-item-type-custom menu-item-object-custom menu-item-has-children menu-item-11980 awb-menu__li awb-menu__main-li awb-menu__main-li_regular\"  data-item-id=\"11980\"><span class=\"awb-menu__main-background-default awb-menu__main-background-default_fade\"><\/span><span class=\"awb-menu__main-background-active awb-menu__main-background-active_fade\"><\/span><a  href=\"https:\/\/www.zaanseschans.com\/specerijenmolen-de-huisman\/\" class=\"awb-menu__main-a awb-menu__main-a_regular\"><span class=\"menu-text\">M\u00fchlen<\/span><\/a><button type=\"button\" aria-label=\"Open submenu of M\u00fchlen\" aria-expanded=\"false\" class=\"awb-menu__open-nav-submenu_mobile awb-menu__open-nav-submenu_click awb-menu__open-nav-submenu_main awb-menu__open-nav-submenu_needs-spacing\"><\/button><ul class=\"awb-menu__sub-ul awb-menu__sub-ul_main\"><li  id=\"menu-item-11981\"  class=\"menu-item menu-item-type-post_type menu-item-object-page menu-item-11981 awb-menu__li awb-menu__sub-li\" ><a  href=\"https:\/\/www.zaanseschans.com\/de\/gewuerzmuehle-de-huisman\/\" class=\"awb-menu__sub-a\"><span>Die Huisman Gew\u00fcrzm\u00fchle<\/span><\/a><\/li><li  id=\"menu-item-11982\"  class=\"menu-item menu-item-type-post_type menu-item-object-page menu-item-11982 awb-menu__li awb-menu__sub-li\" ><a  href=\"https:\/\/www.zaanseschans.com\/de\/holzsaegewerk-de-gekroonde-poelenburg\/\" class=\"awb-menu__sub-a\"><span>Holzs\u00e4gewerk De Gekroonde Poelenburg<\/span><\/a><\/li><li  id=\"menu-item-11983\"  class=\"menu-item menu-item-type-post_type menu-item-object-page menu-item-11983 awb-menu__li awb-menu__sub-li\" ><a  href=\"https:\/\/www.zaanseschans.com\/de\/farbmuehle-de-kat\/\" class=\"awb-menu__sub-a\"><span>Farbm\u00fchle Die Katze<\/span><\/a><\/li><li  id=\"menu-item-11984\"  class=\"menu-item menu-item-type-post_type menu-item-object-page menu-item-11984 awb-menu__li awb-menu__sub-li\" ><a  href=\"https:\/\/www.zaanseschans.com\/de\/oelmuehle-de-zoeker\/\" class=\"awb-menu__sub-a\"><span>\u00d6lm\u00fchle The Seeker<\/span><\/a><\/li><li  id=\"menu-item-11985\"  class=\"menu-item menu-item-type-post_type menu-item-object-page menu-item-11985 awb-menu__li awb-menu__sub-li\" ><a  href=\"https:\/\/www.zaanseschans.com\/de\/holzsaegewerk-het-jonge-schaap\/\" class=\"awb-menu__sub-a\"><span>Holzs\u00e4gewerk Das junge Schaf<\/span><\/a><\/li><li  id=\"menu-item-11986\"  class=\"menu-item menu-item-type-post_type menu-item-object-page menu-item-11986 awb-menu__li awb-menu__sub-li\" ><a  href=\"https:\/\/www.zaanseschans.com\/de\/oelmuehle-de-os\/\" class=\"awb-menu__sub-a\"><span>\u00d6lm\u00fchle De Os<\/span><\/a><\/li><li  id=\"menu-item-11987\"  class=\"menu-item menu-item-type-post_type menu-item-object-page menu-item-11987 awb-menu__li awb-menu__sub-li\" ><a  href=\"https:\/\/www.zaanseschans.com\/de\/holzsaegewerk-het-klaverblad\/\" class=\"awb-menu__sub-a\"><span>Holzs\u00e4gewerk Het Klaverblad<\/span><\/a><\/li><li  id=\"menu-item-11988\"  class=\"menu-item menu-item-type-post_type menu-item-object-page menu-item-11988 awb-menu__li awb-menu__sub-li\" ><a  href=\"https:\/\/www.zaanseschans.com\/de\/oelmuehle-de-bonte-hen\/\" class=\"awb-menu__sub-a\"><span>\u00d6lm\u00fchle De Bonte Hen<\/span><\/a><\/li><li  id=\"menu-item-11989\"  class=\"menu-item menu-item-type-post_type menu-item-object-page menu-item-11989 awb-menu__li awb-menu__sub-li\" ><a  href=\"https:\/\/www.zaanseschans.com\/de\/spielzeugmuehle-de-windhond\/\" class=\"awb-menu__sub-a\"><span>Spielzeugm\u00fchle De Windhond<\/span><\/a><\/li><li  id=\"menu-item-11990\"  class=\"menu-item menu-item-type-post_type menu-item-object-page menu-item-11990 awb-menu__li awb-menu__sub-li\" ><a  href=\"https:\/\/www.zaanseschans.com\/de\/wiesenmuehle-de-hadel\/\" class=\"awb-menu__sub-a\"><span>Wiesenm\u00fchle De Hadel<\/span><\/a><\/li><\/ul><\/li><li  id=\"menu-item-11991\"  class=\"menu-item menu-item-type-custom menu-item-object-custom menu-item-has-children menu-item-11991 awb-menu__li awb-menu__main-li awb-menu__main-li_regular\"  data-item-id=\"11991\"><span class=\"awb-menu__main-background-default awb-menu__main-background-default_fade\"><\/span><span class=\"awb-menu__main-background-active awb-menu__main-background-active_fade\"><\/span><a  href=\"https:\/\/www.zaanseschans.com\/de\/kalverringdijk-7\/\" class=\"awb-menu__main-a awb-menu__main-a_regular\"><span class=\"menu-text\">H\u00e4user<\/span><\/a><button type=\"button\" aria-label=\"Open submenu of H\u00e4user\" aria-expanded=\"false\" class=\"awb-menu__open-nav-submenu_mobile awb-menu__open-nav-submenu_click awb-menu__open-nav-submenu_main awb-menu__open-nav-submenu_needs-spacing\"><\/button><ul class=\"awb-menu__sub-ul awb-menu__sub-ul_main\"><li  id=\"menu-item-11992\"  class=\"menu-item menu-item-type-post_type menu-item-object-page menu-item-11992 awb-menu__li awb-menu__sub-li\" ><a  href=\"https:\/\/www.zaanseschans.com\/de\/kalverringdijk-7\/\" class=\"awb-menu__sub-a\"><span>Kalverringdijk 7<\/span><\/a><\/li><li  id=\"menu-item-11993\"  class=\"menu-item menu-item-type-post_type menu-item-object-page menu-item-11993 awb-menu__li awb-menu__sub-li\" ><a  href=\"https:\/\/www.zaanseschans.com\/de\/kalverringdijk-8\/\" class=\"awb-menu__sub-a\"><span>Kalverringdijk 8<\/span><\/a><\/li><li  id=\"menu-item-11994\"  class=\"menu-item menu-item-type-post_type menu-item-object-page menu-item-11994 awb-menu__li awb-menu__sub-li\" ><a  href=\"https:\/\/www.zaanseschans.com\/de\/kalverringdijk-9\/\" class=\"awb-menu__sub-a\"><span>Kalverringdijk 9<\/span><\/a><\/li><li  id=\"menu-item-11995\"  class=\"menu-item menu-item-type-post_type menu-item-object-page menu-item-11995 awb-menu__li awb-menu__sub-li\" ><a  href=\"https:\/\/www.zaanseschans.com\/de\/kalverringdijk-10\/\" class=\"awb-menu__sub-a\"><span>Kalverringdijk 10<\/span><\/a><\/li><li  id=\"menu-item-11996\"  class=\"menu-item menu-item-type-post_type menu-item-object-page menu-item-11996 awb-menu__li awb-menu__sub-li\" ><a  href=\"https:\/\/www.zaanseschans.com\/de\/kalverringdijk-11\/\" class=\"awb-menu__sub-a\"><span>Kalverringdijk 11<\/span><\/a><\/li><li  id=\"menu-item-12035\"  class=\"menu-item menu-item-type-post_type menu-item-object-page menu-item-12035 awb-menu__li awb-menu__sub-li\" ><a  href=\"https:\/\/www.zaanseschans.com\/de\/heerlijck-slaapen-an-der-zaanse-schans\/\" class=\"awb-menu__sub-a\"><span>Kalverringdijk 17<\/span><\/a><\/li><li  id=\"menu-item-12036\"  class=\"menu-item menu-item-type-post_type menu-item-object-page menu-item-12036 awb-menu__li awb-menu__sub-li\" ><a  href=\"https:\/\/www.zaanseschans.com\/de\/das-haus-des-kaufmanns-de-mol\/\" class=\"awb-menu__sub-a\"><span>Kalverringdijk 19<\/span><\/a><\/li><li  id=\"menu-item-11997\"  class=\"menu-item menu-item-type-post_type menu-item-object-page menu-item-11997 awb-menu__li awb-menu__sub-li\" ><a  href=\"https:\/\/www.zaanseschans.com\/de\/zonnewijzerspad-1-2\/\" class=\"awb-menu__sub-a\"><span>Zonnewijzerspad 1-2<\/span><\/a><\/li><li  id=\"menu-item-11998\"  class=\"menu-item menu-item-type-post_type menu-item-object-page menu-item-11998 awb-menu__li awb-menu__sub-li\" ><a  href=\"https:\/\/www.zaanseschans.com\/de\/zonnewijzerspad-5\/\" class=\"awb-menu__sub-a\"><span>Zonnewijzerspad 5<\/span><\/a><\/li><li  id=\"menu-item-11999\"  class=\"menu-item menu-item-type-post_type menu-item-object-page menu-item-11999 awb-menu__li awb-menu__sub-li\" ><a  href=\"https:\/\/www.zaanseschans.com\/de\/zonnewijzerspad-6\/\" class=\"awb-menu__sub-a\"><span>Zonnewijzerspad 6<\/span><\/a><\/li><li  id=\"menu-item-12000\"  class=\"menu-item menu-item-type-post_type menu-item-object-page menu-item-12000 awb-menu__li awb-menu__sub-li\" ><a  href=\"https:\/\/www.zaanseschans.com\/de\/zonnewijzerspad-7\/\" class=\"awb-menu__sub-a\"><span>Zonnewijzerspad 7<\/span><\/a><\/li><li  id=\"menu-item-12001\"  class=\"menu-item menu-item-type-post_type menu-item-object-page menu-item-12001 awb-menu__li awb-menu__sub-li\" ><a  href=\"https:\/\/www.zaanseschans.com\/de\/zonnewijzerspad-8\/\" class=\"awb-menu__sub-a\"><span>Zonnewijzerspad 8<\/span><\/a><\/li><li  id=\"menu-item-12002\"  class=\"menu-item menu-item-type-post_type menu-item-object-page menu-item-12002 awb-menu__li awb-menu__sub-li\" ><a  href=\"https:\/\/www.zaanseschans.com\/de\/de-kwakels-1\/\" class=\"awb-menu__sub-a\"><span>De Kwakels 1<\/span><\/a><\/li><li  id=\"menu-item-12003\"  class=\"menu-item menu-item-type-post_type menu-item-object-page menu-item-12003 awb-menu__li awb-menu__sub-li\" ><a  href=\"https:\/\/www.zaanseschans.com\/de\/zeilenmakerspad-1\/\" class=\"awb-menu__sub-a\"><span>Zeilenmakerspad 1<\/span><\/a><\/li><li  id=\"menu-item-12004\"  class=\"menu-item menu-item-type-post_type menu-item-object-page menu-item-12004 awb-menu__li awb-menu__sub-li\" ><a  href=\"https:\/\/www.zaanseschans.com\/de\/zeilenmakerspad-3\/\" class=\"awb-menu__sub-a\"><span>Zeilenmakerspad 3<\/span><\/a><\/li><li  id=\"menu-item-12005\"  class=\"menu-item menu-item-type-post_type menu-item-object-page menu-item-12005 awb-menu__li awb-menu__sub-li\" ><a  href=\"https:\/\/www.zaanseschans.com\/de\/zeilenmakerspad-5\/\" class=\"awb-menu__sub-a\"><span>Zeilenmakerspad 5<\/span><\/a><\/li><\/ul><\/li><li  id=\"menu-item-12006\"  class=\"menu-item menu-item-type-custom menu-item-object-custom menu-item-has-children menu-item-12006 awb-menu__li awb-menu__main-li awb-menu__main-li_regular\"  data-item-id=\"12006\"><span class=\"awb-menu__main-background-default awb-menu__main-background-default_fade\"><\/span><span class=\"awb-menu__main-background-active awb-menu__main-background-active_fade\"><\/span><a  href=\"https:\/\/www.zaanseschans.com\/tinnegieterij-de-tinkoepel\/\" class=\"awb-menu__main-a awb-menu__main-a_regular\"><span class=\"menu-text\">Handwerk<\/span><\/a><button type=\"button\" aria-label=\"Open submenu of Handwerk\" aria-expanded=\"false\" class=\"awb-menu__open-nav-submenu_mobile awb-menu__open-nav-submenu_click awb-menu__open-nav-submenu_main awb-menu__open-nav-submenu_needs-spacing\"><\/button><ul class=\"awb-menu__sub-ul awb-menu__sub-ul_main\"><li  id=\"menu-item-12007\"  class=\"menu-item menu-item-type-post_type menu-item-object-page menu-item-12007 awb-menu__li awb-menu__sub-li\" ><a  href=\"https:\/\/www.zaanseschans.com\/de\/zinngiesserei-de-tinkoepel\/\" class=\"awb-menu__sub-a\"><span>Zinngie\u00dferei \u2018De Tinkoepel\u2019<\/span><\/a><\/li><li  id=\"menu-item-12008\"  class=\"menu-item menu-item-type-post_type menu-item-object-page menu-item-12008 awb-menu__li awb-menu__sub-li\" ><a  href=\"https:\/\/www.zaanseschans.com\/de\/boettcherei-tiemstra\/\" class=\"awb-menu__sub-a\"><span>B\u00f6ttcherei Tiemstra<\/span><\/a><\/li><li  id=\"menu-item-12009\"  class=\"menu-item menu-item-type-post_type menu-item-object-page menu-item-12009 awb-menu__li awb-menu__sub-li\" ><a  href=\"https:\/\/www.zaanseschans.com\/de\/kaeserei-de-catharina-hoeve\/\" class=\"awb-menu__sub-a\"><span>K\u00e4serei De Catharina Hoeve<\/span><\/a><\/li><li  id=\"menu-item-12010\"  class=\"menu-item menu-item-type-post_type menu-item-object-page menu-item-12010 awb-menu__li awb-menu__sub-li\" ><a  href=\"https:\/\/www.zaanseschans.com\/de\/haus-der-weberin-wevershuis\/\" class=\"awb-menu__sub-a\"><span>Haus der Weberin<\/span><\/a><\/li><li  id=\"menu-item-12011\"  class=\"menu-item menu-item-type-post_type menu-item-object-page menu-item-12011 awb-menu__li awb-menu__sub-li\" ><a  href=\"https:\/\/www.zaanseschans.com\/de\/handwerkszentrum-de-saense-lelie\/\" class=\"awb-menu__sub-a\"><span>Handwerkszentrum De Saense Lelie<\/span><\/a><\/li><li  id=\"menu-item-12012\"  class=\"menu-item menu-item-type-post_type menu-item-object-page menu-item-12012 awb-menu__li awb-menu__sub-li\" ><a  href=\"https:\/\/www.zaanseschans.com\/de\/holzschuhmacherei-de-zaanse-schans\/\" class=\"awb-menu__sub-a\"><span>Holzschuhmacherei De Zaanse Schans<\/span><\/a><\/li><\/ul><\/li><li  id=\"menu-item-12013\"  class=\"menu-item menu-item-type-custom menu-item-object-custom menu-item-has-children menu-item-12013 awb-menu__li awb-menu__main-li awb-menu__main-li_regular\"  data-item-id=\"12013\"><span class=\"awb-menu__main-background-default awb-menu__main-background-default_fade\"><\/span><span class=\"awb-menu__main-background-active awb-menu__main-background-active_fade\"><\/span><a  href=\"https:\/\/www.zaanseschans.com\/museumwinkel-albert-heijn\/\" class=\"awb-menu__main-a awb-menu__main-a_regular\"><span class=\"menu-text\">Museen<\/span><\/a><button type=\"button\" aria-label=\"Open submenu of Museen\" aria-expanded=\"false\" class=\"awb-menu__open-nav-submenu_mobile awb-menu__open-nav-submenu_click awb-menu__open-nav-submenu_main awb-menu__open-nav-submenu_needs-spacing\"><\/button><ul class=\"awb-menu__sub-ul awb-menu__sub-ul_main\"><li  id=\"menu-item-12014\"  class=\"menu-item menu-item-type-post_type menu-item-object-page menu-item-12014 awb-menu__li awb-menu__sub-li\" ><a  href=\"https:\/\/www.zaanseschans.com\/de\/museumsladen-albert-heijn\/\" class=\"awb-menu__sub-a\"><span>Museumsladen Albert Heijn<\/span><\/a><\/li><li  id=\"menu-item-12015\"  class=\"menu-item menu-item-type-post_type menu-item-object-page menu-item-12015 awb-menu__li awb-menu__sub-li\" ><a  href=\"https:\/\/www.zaanseschans.com\/de\/museum-zaanse-tijd\/\" class=\"awb-menu__sub-a\"><span>Museum Zaanse Tijd<\/span><\/a><\/li><li  id=\"menu-item-12016\"  class=\"menu-item menu-item-type-post_type menu-item-object-page menu-item-12016 awb-menu__li awb-menu__sub-li\" ><a  href=\"https:\/\/www.zaanseschans.com\/de\/muehlenmuseum-de-zaansche-molen\/\" class=\"awb-menu__sub-a\"><span>M\u00fchlenmuseum De Zaansche Molen<\/span><\/a><\/li><li  id=\"menu-item-12017\"  class=\"menu-item menu-item-type-post_type menu-item-object-page menu-item-12017 awb-menu__li awb-menu__sub-li\" ><a  href=\"https:\/\/www.zaanseschans.com\/de\/das-jisperhuisje\/\" class=\"awb-menu__sub-a\"><span>Das Jisperhuisje<\/span><\/a><\/li><li  id=\"menu-item-12018\"  class=\"menu-item menu-item-type-post_type menu-item-object-page menu-item-12018 awb-menu__li awb-menu__sub-li\" ><a  href=\"https:\/\/www.zaanseschans.com\/de\/baeckereimuseum-in-de-gecroonde-duyvekater\/\" class=\"awb-menu__sub-a\"><span>B\u00e4ckereimuseum In de Gecroonde Duyvekater<\/span><\/a><\/li><li  id=\"menu-item-12019\"  class=\"menu-item menu-item-type-post_type menu-item-object-page menu-item-12019 awb-menu__li awb-menu__sub-li\" ><a  href=\"https:\/\/www.zaanseschans.com\/de\/zaans-museum\/\" class=\"awb-menu__sub-a\"><span>Zaans Museum<\/span><\/a><\/li><li  id=\"menu-item-12020\"  class=\"menu-item menu-item-type-post_type menu-item-object-page menu-item-12020 awb-menu__li awb-menu__sub-li\" ><a  href=\"https:\/\/www.zaanseschans.com\/de\/verkade-erfahrung\/\" class=\"awb-menu__sub-a\"><span>Verkade Erfahrung<\/span><\/a><\/li><li  id=\"menu-item-12021\"  class=\"menu-item menu-item-type-post_type menu-item-object-page menu-item-12021 awb-menu__li awb-menu__sub-li\" ><a  href=\"https:\/\/www.zaanseschans.com\/de\/mini-museum-spoithois\/\" class=\"awb-menu__sub-a\"><span>Mini-Museum \u2018Spoithois\u2019<\/span><\/a><\/li><\/ul><\/li><li  id=\"menu-item-12022\"  class=\"menu-item menu-item-type-custom menu-item-object-custom menu-item-has-children menu-item-12022 awb-menu__li awb-menu__main-li awb-menu__main-li_regular\"  data-item-id=\"12022\"><span class=\"awb-menu__main-background-default awb-menu__main-background-default_fade\"><\/span><span class=\"awb-menu__main-background-active awb-menu__main-background-active_fade\"><\/span><a  href=\"https:\/\/www.zaanseschans.com\/belevingswinkel-blik-op-de-zaan\/\" class=\"awb-menu__main-a awb-menu__main-a_regular\"><span class=\"menu-text\">Gesch\u00e4fte<\/span><\/a><button type=\"button\" aria-label=\"Open submenu of Gesch\u00e4fte\" aria-expanded=\"false\" class=\"awb-menu__open-nav-submenu_mobile awb-menu__open-nav-submenu_click awb-menu__open-nav-submenu_main awb-menu__open-nav-submenu_needs-spacing\"><\/button><ul class=\"awb-menu__sub-ul awb-menu__sub-ul_main\"><li  id=\"menu-item-12023\"  class=\"menu-item menu-item-type-post_type menu-item-object-page menu-item-12023 awb-menu__li awb-menu__sub-li\" ><a  href=\"https:\/\/www.zaanseschans.com\/de\/erlebnisladen-blik-op-cacao\/\" class=\"awb-menu__sub-a\"><span>Erlebnisladen Blik op Cacao<\/span><\/a><\/li><li  id=\"menu-item-12024\"  class=\"menu-item menu-item-type-post_type menu-item-object-page menu-item-12024 awb-menu__li awb-menu__sub-li\" ><a  href=\"https:\/\/www.zaanseschans.com\/de\/trash-treasures-antiquitaetengeschaeft-het-jagershuis\/\" class=\"awb-menu__sub-a\"><span>Trash &#038; Treasures  Antiquit\u00e4tengesch\u00e4ft Het Jagershuis<\/span><\/a><\/li><li  id=\"menu-item-12025\"  class=\"menu-item menu-item-type-post_type menu-item-object-page menu-item-12025 awb-menu__li awb-menu__sub-li\" ><a  href=\"https:\/\/www.zaanseschans.com\/de\/fotografie-zaanse-schans\/\" class=\"awb-menu__sub-a\"><span>Fotografie Zaanse Schans<\/span><\/a><\/li><li  id=\"menu-item-12026\"  class=\"menu-item menu-item-type-post_type menu-item-object-page menu-item-12026 awb-menu__li awb-menu__sub-li\" ><a  href=\"https:\/\/www.zaanseschans.com\/de\/windmillshop-souvenirs-lagerhaus-de-bezem\/\" class=\"awb-menu__sub-a\"><span>Windmillshop Souvenirs \u2013 Lagerhaus De Bezem<\/span><\/a><\/li><li  id=\"menu-item-12027\"  class=\"menu-item menu-item-type-post_type menu-item-object-page menu-item-12027 awb-menu__li awb-menu__sub-li\" ><a  href=\"https:\/\/www.zaanseschans.com\/de\/souvenirs-lagerhaus-vrede\/\" class=\"awb-menu__sub-a\"><span>Souvenirs Lagerhaus Vrede<\/span><\/a><\/li><li  id=\"menu-item-12028\"  class=\"menu-item menu-item-type-post_type menu-item-object-page menu-item-12028 awb-menu__li awb-menu__sub-li\" ><a  href=\"https:\/\/www.zaanseschans.com\/de\/geschenkeladen-orse-ket-on-t-glop\/\" class=\"awb-menu__sub-a\"><span>Geschenkeladen Orse-Ket on \u2019t Glop<\/span><\/a><\/li><\/ul><\/li><li  id=\"menu-item-12029\"  class=\"menu-item menu-item-type-custom menu-item-object-custom menu-item-has-children menu-item-12029 awb-menu__li awb-menu__main-li awb-menu__main-li_regular\"  data-item-id=\"12029\"><span class=\"awb-menu__main-background-default awb-menu__main-background-default_fade\"><\/span><span class=\"awb-menu__main-background-active awb-menu__main-background-active_fade\"><\/span><a  href=\"https:\/\/www.zaanseschans.com\/kalverringdijk-13\/\" class=\"awb-menu__main-a awb-menu__main-a_regular\"><span class=\"menu-text\">Restaurants<\/span><\/a><button type=\"button\" aria-label=\"Open submenu of Restaurants\" aria-expanded=\"false\" class=\"awb-menu__open-nav-submenu_mobile awb-menu__open-nav-submenu_click awb-menu__open-nav-submenu_main awb-menu__open-nav-submenu_needs-spacing\"><\/button><ul class=\"awb-menu__sub-ul awb-menu__sub-ul_main\"><li  id=\"menu-item-12030\"  class=\"menu-item menu-item-type-post_type menu-item-object-page menu-item-12030 awb-menu__li awb-menu__sub-li\" ><a  href=\"https:\/\/www.zaanseschans.com\/de\/restaurant-de-walvis-dependence\/\" class=\"awb-menu__sub-a\"><span>Restaurant De Walvis Dependence<\/span><\/a><\/li><li  id=\"menu-item-12031\"  class=\"menu-item menu-item-type-post_type menu-item-object-page menu-item-12031 awb-menu__li awb-menu__sub-li\" ><a  href=\"https:\/\/www.zaanseschans.com\/de\/restaurant-de-hoop-op-dswarte-walvis\/\" class=\"awb-menu__sub-a\"><span>Restaurant De Hoop op d\u2019Swarte Walvis<\/span><\/a><\/li><li  id=\"menu-item-12032\"  class=\"menu-item menu-item-type-post_type menu-item-object-page menu-item-12032 awb-menu__li awb-menu__sub-li\" ><a  href=\"https:\/\/www.zaanseschans.com\/de\/verkostungsraum-destillerie-de-tweekoppige-phoenix\/\" class=\"awb-menu__sub-a\"><span>Verkostungsraum\/Destillerie De Tweekoppige Phoenix<\/span><\/a><\/li><li  id=\"menu-item-12033\"  class=\"menu-item menu-item-type-post_type menu-item-object-page menu-item-12033 awb-menu__li awb-menu__sub-li\" ><a  href=\"https:\/\/www.zaanseschans.com\/de\/pfannkuchen-restaurant-de-kraai\/\" class=\"awb-menu__sub-a\"><span>Pfannkuchen-Restaurant De Kraai<\/span><\/a><\/li><\/ul><\/li><li  id=\"menu-item-12037\"  class=\"menu-item menu-item-type-custom menu-item-object-custom menu-item-has-children menu-item-12037 awb-menu__li awb-menu__main-li awb-menu__main-li_regular\"  data-item-id=\"12037\"><span class=\"awb-menu__main-background-default awb-menu__main-background-default_fade\"><\/span><span class=\"awb-menu__main-background-active awb-menu__main-background-active_fade\"><\/span><a  href=\"https:\/\/www.zaanseschans.com\/natuur-wandelroute\/\" class=\"awb-menu__main-a awb-menu__main-a_regular\"><span class=\"menu-text\">Natur-Wanderweg<\/span><\/a><button type=\"button\" aria-label=\"Open submenu of Natur-Wanderweg\" aria-expanded=\"false\" class=\"awb-menu__open-nav-submenu_mobile awb-menu__open-nav-submenu_click awb-menu__open-nav-submenu_main awb-menu__open-nav-submenu_needs-spacing\"><\/button><ul class=\"awb-menu__sub-ul awb-menu__sub-ul_main\"><li  id=\"menu-item-12038\"  class=\"menu-item menu-item-type-post_type menu-item-object-page menu-item-12038 awb-menu__li awb-menu__sub-li\" ><a  href=\"https:\/\/www.zaanseschans.com\/de\/natur-wanderweg\/\" class=\"awb-menu__sub-a\"><span>Natur-Wanderweg<\/span><\/a><\/li><\/ul><\/li><\/ul><\/nav>\n<\/div><\/div><\/div><\/div>\n","protected":false},"excerpt":{"rendered":"","protected":false},"author":1,"featured_media":0,"parent":0,"menu_order":0,"comment_status":"closed","ping_status":"closed","template":"100-width.php","meta":{"footnotes":""},"class_list":["post-11766","page","type-page","status-publish","hentry"],"yoast_head":"<!-- This site is optimized with the Yoast SEO plugin v27.3 - https:\/\/yoast.com\/product\/yoast-seo-wordpress\/ -->\n<title>Kalverringdijk 7 - Zaanse Schans<\/title>\n<meta name=\"description\" content=\"Entdecken Sie das einzige zweist\u00f6ckige Holzhaus an der Zaanse Schans, das eine reiche Geschichte als ehemaliges Ladenhaus hat.\" \/>\n<meta name=\"robots\" content=\"index, follow, max-snippet:-1, max-image-preview:large, max-video-preview:-1\" \/>\n<link rel=\"canonical\" href=\"https:\/\/www.zaanseschans.com\/de\/kalverringdijk-7\/\" \/>\n<meta property=\"og:locale\" content=\"de_DE\" \/>\n<meta property=\"og:type\" content=\"article\" \/>\n<meta property=\"og:title\" content=\"Kalverringdijk 7 - Zaanse Schans\" \/>\n<meta property=\"og:description\" content=\"Entdecken Sie das einzige zweist\u00f6ckige Holzhaus an der Zaanse Schans, das eine reiche Geschichte als ehemaliges Ladenhaus hat.\" \/>\n<meta property=\"og:url\" content=\"https:\/\/www.zaanseschans.com\/de\/kalverringdijk-7\/\" \/>\n<meta property=\"og:site_name\" content=\"Zaanse Schans\" \/>\n<meta property=\"article:modified_time\" content=\"2024-06-16T12:41:58+00:00\" \/>\n<meta name=\"twitter:card\" content=\"summary_large_image\" \/>\n<meta name=\"twitter:label1\" content=\"Gesch\u00e4tzte Lesezeit\" \/>\n\t<meta name=\"twitter:data1\" content=\"3\u00a0Minuten\" \/>\n<script type=\"application\/ld+json\" class=\"yoast-schema-graph\">{\"@context\":\"https:\\\/\\\/schema.org\",\"@graph\":[{\"@type\":\"WebPage\",\"@id\":\"https:\\\/\\\/www.zaanseschans.com\\\/de\\\/kalverringdijk-7\\\/\",\"url\":\"https:\\\/\\\/www.zaanseschans.com\\\/de\\\/kalverringdijk-7\\\/\",\"name\":\"Kalverringdijk 7 - Zaanse Schans\",\"isPartOf\":{\"@id\":\"https:\\\/\\\/www.zaanseschans.com\\\/de\\\/#website\"},\"datePublished\":\"2023-12-07T09:48:06+00:00\",\"dateModified\":\"2024-06-16T12:41:58+00:00\",\"description\":\"Entdecken Sie das einzige zweist\u00f6ckige Holzhaus an der Zaanse Schans, das eine reiche Geschichte als ehemaliges Ladenhaus hat.\",\"breadcrumb\":{\"@id\":\"https:\\\/\\\/www.zaanseschans.com\\\/de\\\/kalverringdijk-7\\\/#breadcrumb\"},\"inLanguage\":\"de\",\"potentialAction\":[{\"@type\":\"ReadAction\",\"target\":[\"https:\\\/\\\/www.zaanseschans.com\\\/de\\\/kalverringdijk-7\\\/\"]}]},{\"@type\":\"BreadcrumbList\",\"@id\":\"https:\\\/\\\/www.zaanseschans.com\\\/de\\\/kalverringdijk-7\\\/#breadcrumb\",\"itemListElement\":[{\"@type\":\"ListItem\",\"position\":1,\"name\":\"Home\",\"item\":\"https:\\\/\\\/www.zaanseschans.com\\\/de\\\/\"},{\"@type\":\"ListItem\",\"position\":2,\"name\":\"Kalverringdijk 7\"}]},{\"@type\":\"WebSite\",\"@id\":\"https:\\\/\\\/www.zaanseschans.com\\\/de\\\/#website\",\"url\":\"https:\\\/\\\/www.zaanseschans.com\\\/de\\\/\",\"name\":\"Zaanse Schans\",\"description\":\"\",\"publisher\":{\"@id\":\"https:\\\/\\\/www.zaanseschans.com\\\/de\\\/#organization\"},\"potentialAction\":[{\"@type\":\"SearchAction\",\"target\":{\"@type\":\"EntryPoint\",\"urlTemplate\":\"https:\\\/\\\/www.zaanseschans.com\\\/de\\\/?s={search_term_string}\"},\"query-input\":{\"@type\":\"PropertyValueSpecification\",\"valueRequired\":true,\"valueName\":\"search_term_string\"}}],\"inLanguage\":\"de\"},{\"@type\":\"Organization\",\"@id\":\"https:\\\/\\\/www.zaanseschans.com\\\/de\\\/#organization\",\"name\":\"Zaanse Schans\",\"url\":\"https:\\\/\\\/www.zaanseschans.com\\\/de\\\/\",\"logo\":{\"@type\":\"ImageObject\",\"inLanguage\":\"de\",\"@id\":\"https:\\\/\\\/www.zaanseschans.com\\\/de\\\/#\\\/schema\\\/logo\\\/image\\\/\",\"url\":\"https:\\\/\\\/www.zaanseschans.com\\\/wp-content\\\/uploads\\\/Zaanse-schans-logo-INSTA.jpg\",\"contentUrl\":\"https:\\\/\\\/www.zaanseschans.com\\\/wp-content\\\/uploads\\\/Zaanse-schans-logo-INSTA.jpg\",\"width\":360,\"height\":360,\"caption\":\"Zaanse Schans\"},\"image\":{\"@id\":\"https:\\\/\\\/www.zaanseschans.com\\\/de\\\/#\\\/schema\\\/logo\\\/image\\\/\"},\"sameAs\":[\"https:\\\/\\\/www.instagram.com\\\/zaanseschansholland\\\/\"]}]}<\/script>\n<!-- \/ Yoast SEO plugin. -->","yoast_head_json":{"title":"Kalverringdijk 7 - Zaanse Schans","description":"Entdecken Sie das einzige zweist\u00f6ckige Holzhaus an der Zaanse Schans, das eine reiche Geschichte als ehemaliges Ladenhaus hat.","robots":{"index":"index","follow":"follow","max-snippet":"max-snippet:-1","max-image-preview":"max-image-preview:large","max-video-preview":"max-video-preview:-1"},"canonical":"https:\/\/www.zaanseschans.com\/de\/kalverringdijk-7\/","og_locale":"de_DE","og_type":"article","og_title":"Kalverringdijk 7 - Zaanse Schans","og_description":"Entdecken Sie das einzige zweist\u00f6ckige Holzhaus an der Zaanse Schans, das eine reiche Geschichte als ehemaliges Ladenhaus hat.","og_url":"https:\/\/www.zaanseschans.com\/de\/kalverringdijk-7\/","og_site_name":"Zaanse Schans","article_modified_time":"2024-06-16T12:41:58+00:00","twitter_card":"summary_large_image","twitter_misc":{"Gesch\u00e4tzte Lesezeit":"3\u00a0Minuten"},"schema":{"@context":"https:\/\/schema.org","@graph":[{"@type":"WebPage","@id":"https:\/\/www.zaanseschans.com\/de\/kalverringdijk-7\/","url":"https:\/\/www.zaanseschans.com\/de\/kalverringdijk-7\/","name":"Kalverringdijk 7 - Zaanse Schans","isPartOf":{"@id":"https:\/\/www.zaanseschans.com\/de\/#website"},"datePublished":"2023-12-07T09:48:06+00:00","dateModified":"2024-06-16T12:41:58+00:00","description":"Entdecken Sie das einzige zweist\u00f6ckige Holzhaus an der Zaanse Schans, das eine reiche Geschichte als ehemaliges Ladenhaus hat.","breadcrumb":{"@id":"https:\/\/www.zaanseschans.com\/de\/kalverringdijk-7\/#breadcrumb"},"inLanguage":"de","potentialAction":[{"@type":"ReadAction","target":["https:\/\/www.zaanseschans.com\/de\/kalverringdijk-7\/"]}]},{"@type":"BreadcrumbList","@id":"https:\/\/www.zaanseschans.com\/de\/kalverringdijk-7\/#breadcrumb","itemListElement":[{"@type":"ListItem","position":1,"name":"Home","item":"https:\/\/www.zaanseschans.com\/de\/"},{"@type":"ListItem","position":2,"name":"Kalverringdijk 7"}]},{"@type":"WebSite","@id":"https:\/\/www.zaanseschans.com\/de\/#website","url":"https:\/\/www.zaanseschans.com\/de\/","name":"Zaanse Schans","description":"","publisher":{"@id":"https:\/\/www.zaanseschans.com\/de\/#organization"},"potentialAction":[{"@type":"SearchAction","target":{"@type":"EntryPoint","urlTemplate":"https:\/\/www.zaanseschans.com\/de\/?s={search_term_string}"},"query-input":{"@type":"PropertyValueSpecification","valueRequired":true,"valueName":"search_term_string"}}],"inLanguage":"de"},{"@type":"Organization","@id":"https:\/\/www.zaanseschans.com\/de\/#organization","name":"Zaanse Schans","url":"https:\/\/www.zaanseschans.com\/de\/","logo":{"@type":"ImageObject","inLanguage":"de","@id":"https:\/\/www.zaanseschans.com\/de\/#\/schema\/logo\/image\/","url":"https:\/\/www.zaanseschans.com\/wp-content\/uploads\/Zaanse-schans-logo-INSTA.jpg","contentUrl":"https:\/\/www.zaanseschans.com\/wp-content\/uploads\/Zaanse-schans-logo-INSTA.jpg","width":360,"height":360,"caption":"Zaanse Schans"},"image":{"@id":"https:\/\/www.zaanseschans.com\/de\/#\/schema\/logo\/image\/"},"sameAs":["https:\/\/www.instagram.com\/zaanseschansholland\/"]}]}},"_links":{"self":[{"href":"https:\/\/www.zaanseschans.com\/de\/wp-json\/wp\/v2\/pages\/11766","targetHints":{"allow":["GET"]}}],"collection":[{"href":"https:\/\/www.zaanseschans.com\/de\/wp-json\/wp\/v2\/pages"}],"about":[{"href":"https:\/\/www.zaanseschans.com\/de\/wp-json\/wp\/v2\/types\/page"}],"author":[{"embeddable":true,"href":"https:\/\/www.zaanseschans.com\/de\/wp-json\/wp\/v2\/users\/1"}],"replies":[{"embeddable":true,"href":"https:\/\/www.zaanseschans.com\/de\/wp-json\/wp\/v2\/comments?post=11766"}],"version-history":[{"count":0,"href":"https:\/\/www.zaanseschans.com\/de\/wp-json\/wp\/v2\/pages\/11766\/revisions"}],"wp:attachment":[{"href":"https:\/\/www.zaanseschans.com\/de\/wp-json\/wp\/v2\/media?parent=11766"}],"curies":[{"name":"wp","href":"https:\/\/api.w.org\/{rel}","templated":true}]}}