{"id":10582,"date":"2023-12-03T14:12:20","date_gmt":"2023-12-03T13:12:20","guid":{"rendered":"https:\/\/www.zaanseschans.com\/centro-de-artesania-de-saense-lelie\/"},"modified":"2024-07-05T17:30:23","modified_gmt":"2024-07-05T16:30:23","slug":"centro-de-artesania-de-saense-lelie","status":"publish","type":"page","link":"https:\/\/www.zaanseschans.com\/es\/centro-de-artesania-de-saense-lelie\/","title":{"rendered":"Centro de artesan\u00eda De Saense Lelie"},"content":{"rendered":"<div class=\"fusion-fullwidth fullwidth-box fusion-builder-row-1 fusion-flex-container has-pattern-background has-mask-background nonhundred-percent-fullwidth non-hundred-percent-height-scrolling\" style=\"--awb-border-radius-top-left:0px;--awb-border-radius-top-right:0px;--awb-border-radius-bottom-right:0px;--awb-border-radius-bottom-left:0px;--awb-padding-top:0px;--awb-padding-right:0px;--awb-padding-bottom:0px;--awb-padding-left:0px;--awb-margin-top:0px;--awb-margin-bottom:0px;--awb-flex-wrap:wrap;\" ><div class=\"fusion-builder-row fusion-row fusion-flex-align-items-stretch fusion-flex-content-wrap\" style=\"max-width:calc( 1375px + 0px );margin-left: calc(-0px \/ 2 );margin-right: calc(-0px \/ 2 );\"><div class=\"fusion-layout-column fusion_builder_column fusion-builder-column-0 fusion_builder_column_2_3 2_3 fusion-flex-column\" style=\"--awb-padding-right:75px;--awb-padding-bottom:100px;--awb-padding-left:75px;--awb-bg-color:#ffffff;--awb-bg-color-hover:#ffffff;--awb-bg-image:linear-gradient(180deg, #ffffff 31%,#f9f9f6 94%);--awb-bg-position:center top;--awb-bg-size:cover;--awb-width-large:66.666666666667%;--awb-margin-top-large:0px;--awb-spacing-right-large:0px;--awb-margin-bottom-large:0px;--awb-spacing-left-large:0px;--awb-width-medium:100%;--awb-order-medium:0;--awb-spacing-right-medium:0px;--awb-spacing-left-medium:0px;--awb-width-small:100%;--awb-order-small:0;--awb-spacing-right-small:0px;--awb-spacing-left-small:0px;\" data-scroll-devices=\"small-visibility,medium-visibility,large-visibility\"><div class=\"fusion-column-wrapper fusion-column-has-shadow fusion-flex-justify-content-flex-start fusion-content-layout-column\"><div class=\"fusion-separator fusion-no-small-visibility fusion-no-medium-visibility fusion-full-width-sep\" style=\"align-self: center;margin-left: auto;margin-right: auto;margin-top:60px;width:100%;\"><\/div><div class=\"fusion-text fusion-text-1\"><h3>Centro de Artesan\u00eda &#8216;De Saense Lelie&#8217;<\/h3>\n<hr \/>\n<h3><\/h3>\n<\/div><div class=\"fusion-image-element \" style=\"--awb-margin-bottom:30px;--awb-caption-title-font-family:var(--h2_typography-font-family);--awb-caption-title-font-weight:var(--h2_typography-font-weight);--awb-caption-title-font-style:var(--h2_typography-font-style);--awb-caption-title-size:var(--h2_typography-font-size);--awb-caption-title-transform:var(--h2_typography-text-transform);--awb-caption-title-line-height:var(--h2_typography-line-height);--awb-caption-title-letter-spacing:var(--h2_typography-letter-spacing);\"><span class=\" fusion-imageframe imageframe-none imageframe-1 hover-type-none\"><img decoding=\"async\" width=\"1000\" height=\"600\" alt=\"Centro de artesan\u00eda De Saense Lelie\" title=\"De-Saense-Lelie-01\" src=\"https:\/\/www.zaanseschans.com\/wp-content\/uploads\/2023\/12\/De-Saense-Lelie-01.jpg\" class=\"img-responsive wp-image-9909\" srcset=\"https:\/\/www.zaanseschans.com\/wp-content\/uploads\/2023\/12\/De-Saense-Lelie-01-200x120.jpg 200w, https:\/\/www.zaanseschans.com\/wp-content\/uploads\/2023\/12\/De-Saense-Lelie-01-400x240.jpg 400w, https:\/\/www.zaanseschans.com\/wp-content\/uploads\/2023\/12\/De-Saense-Lelie-01-600x360.jpg 600w, https:\/\/www.zaanseschans.com\/wp-content\/uploads\/2023\/12\/De-Saense-Lelie-01-800x480.jpg 800w, https:\/\/www.zaanseschans.com\/wp-content\/uploads\/2023\/12\/De-Saense-Lelie-01.jpg 1000w\" sizes=\"(max-width: 1024px) 100vw, (max-width: 640px) 100vw, 800px\" \/><\/span><\/div><div class=\"fusion-text fusion-text-2 fusion-text-no-margin\" style=\"--awb-margin-top:0px;--awb-margin-bottom:40px;\"><p><strong><em>Un granero Westzan, con un orfebre, un comerciante de diamantes y&#8230; \u00a1gofres de melaza fresca!<\/em><\/strong><\/p>\n<p>El almac\u00e9n \u00abDe Saense Lelie\u00bb, en el Zaanse Schans, tiene una rica historia. El edificio original es un granero Westzan de 1789. En 1973, fue el primer almac\u00e9n que se traslad\u00f3 a Zaanse Schans. A lo largo de los a\u00f1os, ha tenido muchos usos, desde espacio para exposiciones y miniteatro hasta caf\u00e9 jazz.<\/p>\n<p>Ahora, el almac\u00e9n se ha transformado en un centro de artesan\u00eda -y tienda- donde los visitantes pueden disfrutar de diversas artesan\u00edas y de la abrumadora gama de productos. En el concesionario de orfebrer\u00eda y diamantes \u00abRoyal Diamonds Amsterdam\u00bb te informar\u00e1n sobre el proceso de elaboraci\u00f3n del oro y los diamantes en todas sus facetas. Experimenta el brillo de una de las mayores colecciones de diamantes y elige tu favorito. Los orfebres experimentados estar\u00e1n encantados de engastar tu diamante en oro de 18 quilates, exactamente como desees.<\/p>\n<\/div><div class=\"fusion-image-element \" style=\"--awb-margin-bottom:30px;--awb-caption-title-font-family:var(--h2_typography-font-family);--awb-caption-title-font-weight:var(--h2_typography-font-weight);--awb-caption-title-font-style:var(--h2_typography-font-style);--awb-caption-title-size:var(--h2_typography-font-size);--awb-caption-title-transform:var(--h2_typography-text-transform);--awb-caption-title-line-height:var(--h2_typography-line-height);--awb-caption-title-letter-spacing:var(--h2_typography-letter-spacing);\"><span class=\" fusion-imageframe imageframe-none imageframe-2 hover-type-none\"><img decoding=\"async\" width=\"1000\" height=\"600\" alt=\"Centro de artesan\u00eda De Saense Lelie\" title=\"De-Saense-Lelie-02\" src=\"https:\/\/www.zaanseschans.com\/wp-content\/uploads\/2023\/12\/De-Saense-Lelie-02.jpg\" class=\"img-responsive wp-image-9910\" srcset=\"https:\/\/www.zaanseschans.com\/wp-content\/uploads\/2023\/12\/De-Saense-Lelie-02-200x120.jpg 200w, https:\/\/www.zaanseschans.com\/wp-content\/uploads\/2023\/12\/De-Saense-Lelie-02-400x240.jpg 400w, https:\/\/www.zaanseschans.com\/wp-content\/uploads\/2023\/12\/De-Saense-Lelie-02-600x360.jpg 600w, https:\/\/www.zaanseschans.com\/wp-content\/uploads\/2023\/12\/De-Saense-Lelie-02-800x480.jpg 800w, https:\/\/www.zaanseschans.com\/wp-content\/uploads\/2023\/12\/De-Saense-Lelie-02.jpg 1000w\" sizes=\"(max-width: 1024px) 100vw, (max-width: 640px) 100vw, 800px\" \/><\/span><\/div><div class=\"fusion-image-element \" style=\"--awb-margin-bottom:10px;--awb-caption-title-font-family:var(--h2_typography-font-family);--awb-caption-title-font-weight:var(--h2_typography-font-weight);--awb-caption-title-font-style:var(--h2_typography-font-style);--awb-caption-title-size:var(--h2_typography-font-size);--awb-caption-title-transform:var(--h2_typography-text-transform);--awb-caption-title-line-height:var(--h2_typography-line-height);--awb-caption-title-letter-spacing:var(--h2_typography-letter-spacing);\"><span class=\" fusion-imageframe imageframe-none imageframe-3 hover-type-none\"><img decoding=\"async\" width=\"1000\" height=\"600\" alt=\"Centro de artesan\u00eda De Saense Lelie\" title=\"De-Saense-Lelie-04\" src=\"https:\/\/www.zaanseschans.com\/wp-content\/uploads\/2023\/12\/De-Saense-Lelie-04.jpg\" class=\"img-responsive wp-image-9911\" srcset=\"https:\/\/www.zaanseschans.com\/wp-content\/uploads\/2023\/12\/De-Saense-Lelie-04-200x120.jpg 200w, https:\/\/www.zaanseschans.com\/wp-content\/uploads\/2023\/12\/De-Saense-Lelie-04-400x240.jpg 400w, https:\/\/www.zaanseschans.com\/wp-content\/uploads\/2023\/12\/De-Saense-Lelie-04-600x360.jpg 600w, https:\/\/www.zaanseschans.com\/wp-content\/uploads\/2023\/12\/De-Saense-Lelie-04-800x480.jpg 800w, https:\/\/www.zaanseschans.com\/wp-content\/uploads\/2023\/12\/De-Saense-Lelie-04.jpg 1000w\" sizes=\"(max-width: 1024px) 100vw, (max-width: 640px) 100vw, 800px\" \/><\/span><\/div><div class=\"fusion-text fusion-text-3 fusion-text-no-margin\" style=\"--awb-margin-top:0px;--awb-margin-bottom:40px;\"><p>Para darte un capricho, hay una panader\u00eda de gofres de sirope&#8230; donde podr\u00e1s disfrutar de gofres de sirope reci\u00e9n horneados y muchas m\u00e1s delicias.<\/p>\n<\/div><div class=\"fusion-image-element \" style=\"--awb-margin-bottom:30px;--awb-caption-title-font-family:var(--h2_typography-font-family);--awb-caption-title-font-weight:var(--h2_typography-font-weight);--awb-caption-title-font-style:var(--h2_typography-font-style);--awb-caption-title-size:var(--h2_typography-font-size);--awb-caption-title-transform:var(--h2_typography-text-transform);--awb-caption-title-line-height:var(--h2_typography-line-height);--awb-caption-title-letter-spacing:var(--h2_typography-letter-spacing);\"><span class=\" fusion-imageframe imageframe-none imageframe-4 hover-type-none\"><img decoding=\"async\" width=\"1000\" height=\"600\" alt=\"Centro de artesan\u00eda De Saense Lelie\" title=\"De-Saense-Lelie-03\" src=\"https:\/\/www.zaanseschans.com\/wp-content\/uploads\/2023\/12\/De-Saense-Lelie-03.jpg\" class=\"img-responsive wp-image-9913\" srcset=\"https:\/\/www.zaanseschans.com\/wp-content\/uploads\/2023\/12\/De-Saense-Lelie-03-200x120.jpg 200w, https:\/\/www.zaanseschans.com\/wp-content\/uploads\/2023\/12\/De-Saense-Lelie-03-400x240.jpg 400w, https:\/\/www.zaanseschans.com\/wp-content\/uploads\/2023\/12\/De-Saense-Lelie-03-600x360.jpg 600w, https:\/\/www.zaanseschans.com\/wp-content\/uploads\/2023\/12\/De-Saense-Lelie-03-800x480.jpg 800w, https:\/\/www.zaanseschans.com\/wp-content\/uploads\/2023\/12\/De-Saense-Lelie-03.jpg 1000w\" sizes=\"(max-width: 1024px) 100vw, (max-width: 640px) 100vw, 800px\" \/><\/span><\/div><div class=\"fusion-text fusion-text-4 fusion-text-no-margin\" style=\"--awb-margin-top:0px;--awb-margin-bottom:40px;\"><p>Pakhuis \u00abDe Lelie\u00bb es un bello ejemplo de los graneros hist\u00f3ricos del Zaanse Schans. Est\u00e1 situado en la Plaza Schipper y se levanta sobre 350 pilotes de madera. Aqu\u00ed, los visitantes no s\u00f3lo pueden disfrutar de todo lo expuesto, sino tambi\u00e9n experimentar el ambiente hist\u00f3rico de un aut\u00e9ntico almac\u00e9n del siglo XVIII.<\/p>\n<p>Una vez m\u00e1s, el almac\u00e9n \u00abDe Lelie\u00bb y \u00abDe Vrede\u00bb est\u00e1n uno al lado del otro, como sol\u00edan estar en la Watermolenstraat de Westzaan.<\/p>\n<\/div><\/div><\/div><div class=\"fusion-layout-column fusion_builder_column fusion-builder-column-1 fusion_builder_column_1_3 1_3 fusion-flex-column fusion-flex-align-self-stretch\" style=\"--awb-padding-right:20%;--awb-padding-bottom:18%;--awb-padding-left:13%;--awb-bg-color:#f9f9f6;--awb-bg-color-hover:#f9f9f6;--awb-bg-size:cover;--awb-width-large:33.333333333333%;--awb-margin-top-large:0px;--awb-spacing-right-large:0px;--awb-margin-bottom-large:0px;--awb-spacing-left-large:0px;--awb-width-medium:100%;--awb-order-medium:0;--awb-spacing-right-medium:0px;--awb-spacing-left-medium:0px;--awb-width-small:100%;--awb-order-small:0;--awb-spacing-right-small:0px;--awb-spacing-left-small:0px;\" data-scroll-devices=\"small-visibility,medium-visibility,large-visibility\"><div class=\"fusion-column-wrapper fusion-column-has-shadow fusion-flex-justify-content-flex-start fusion-content-layout-column\"><div class=\"fusion-separator fusion-no-small-visibility fusion-no-medium-visibility fusion-full-width-sep\" style=\"align-self: center;margin-left: auto;margin-right: auto;margin-top:60px;width:100%;\"><\/div><div style=\"text-align:center;\"><a class=\"fusion-button button-flat fusion-button-default-size button-default fusion-button-default button-1 fusion-button-default-span fusion-button-default-type\" target=\"_self\" href=\"https:\/\/www.zaanseschans.com\/es\/mapa\/\"><span class=\"fusion-button-text awb-button__text awb-button__text--default\">&lt; volver al mapa<\/span><\/a><\/div><div class=\"fusion-separator fusion-full-width-sep\" style=\"align-self: center;margin-left: auto;margin-right: auto;margin-top:60px;width:100%;\"><\/div><div class=\"fusion-image-element \" style=\"text-align:center;--awb-max-width:250px;--awb-caption-title-font-family:var(--h2_typography-font-family);--awb-caption-title-font-weight:var(--h2_typography-font-weight);--awb-caption-title-font-style:var(--h2_typography-font-style);--awb-caption-title-size:var(--h2_typography-font-size);--awb-caption-title-transform:var(--h2_typography-text-transform);--awb-caption-title-line-height:var(--h2_typography-line-height);--awb-caption-title-letter-spacing:var(--h2_typography-letter-spacing);\"><span class=\" fusion-imageframe imageframe-none imageframe-5 hover-type-none\"><img decoding=\"async\" width=\"300\" height=\"215\" title=\"Zeilenmakerspad-7-lijntekening\" src=\"https:\/\/www.zaanseschans.com\/wp-content\/uploads\/2023\/12\/Zeilenmakerspad-7-lijntekening-300x215.png\" alt class=\"img-responsive wp-image-9915\" srcset=\"https:\/\/www.zaanseschans.com\/wp-content\/uploads\/2023\/12\/Zeilenmakerspad-7-lijntekening-200x144.png 200w, https:\/\/www.zaanseschans.com\/wp-content\/uploads\/2023\/12\/Zeilenmakerspad-7-lijntekening-400x287.png 400w, https:\/\/www.zaanseschans.com\/wp-content\/uploads\/2023\/12\/Zeilenmakerspad-7-lijntekening.png 500w\" sizes=\"(max-width: 1024px) 100vw, (max-width: 640px) 100vw, 400px\" \/><\/span><\/div><div class=\"fusion-separator fusion-full-width-sep\" style=\"align-self: center;margin-left: auto;margin-right: auto;margin-top:20px;width:100%;\"><\/div><div class=\"fusion-text fusion-text-5\"><p style=\"text-align: center;\"><span style=\"color: #808080;\"><br \/>\n<em>Monumento municipal 1789<\/em><\/span><span style=\"color: #808080;\"><br \/>\n<em>Reubicaci\u00f3n 1973<\/em><br \/>\n<em>(antes Watermolenstraat, Westzaan)<\/em><br \/>\n<\/span><\/p>\n<\/div><ul style=\"--awb-size:14px;--awb-iconcolor:rgba(0,0,0,0.49);--awb-divider-color:rgba(0,0,0,0.49);--awb-textcolor:#707070;--awb-line-height:23.8px;--awb-icon-width:23.8px;--awb-icon-height:23.8px;--awb-icon-margin:9.8px;--awb-content-margin:33.6px;\" class=\"fusion-checklist fusion-checklist-1 fusion-checklist-default fusion-checklist-divider type-icons\"><li class=\"fusion-li-item\" style=\"\"><span class=\"icon-wrapper circle-no\"><i class=\"fusion-li-icon fa-home fas\" aria-hidden=\"true\"><\/i><\/span><div class=\"fusion-li-item-content\">\n<p>Manualidades | Tienda<\/p>\n<\/div><\/li><li class=\"fusion-li-item\" style=\"\"><span class=\"icon-wrapper circle-no\"><i class=\"fusion-li-icon fa-map fas\" aria-hidden=\"true\"><\/i><\/span><div class=\"fusion-li-item-content\">\n<p>Zeilenmakerspad 7, 1509 BZ Zaandam<\/p>\n<\/div><\/li><li class=\"fusion-li-item\" style=\"\"><span class=\"icon-wrapper circle-no\"><i class=\"fusion-li-icon fa-door-open fas\" aria-hidden=\"true\"><\/i><\/span><div class=\"fusion-li-item-content\">\n<p><strong><span style=\"color: #b4b63e;\">Entrada: gratuita<\/span><\/strong><\/p>\n<\/div><\/li><li class=\"fusion-li-item\" style=\"\"><span class=\"icon-wrapper circle-no\"><i class=\"fusion-li-icon fa-sign fas\" aria-hidden=\"true\"><\/i><\/span><div class=\"fusion-li-item-content\">\n<p>Abierto todos los d\u00edas de 8.30 a 18.00<\/p>\n<\/div><\/li><li class=\"fusion-li-item\" style=\"\"><span class=\"icon-wrapper circle-no\"><i class=\"fusion-li-icon fa-mobile-alt fas\" aria-hidden=\"true\"><\/i><\/span><div class=\"fusion-li-item-content\">\n<p>075-6354622<\/p>\n<\/div><\/li><li class=\"fusion-li-item\" style=\"\"><span class=\"icon-wrapper circle-no\"><i class=\"fusion-li-icon fa-envelope-open fas\" aria-hidden=\"true\"><\/i><\/span><div class=\"fusion-li-item-content\">\n<p><a href=\"mailto:info@saenselelie.nl\"> info@saenselelie.nl<\/a><\/p>\n<\/div><\/li><li class=\"fusion-li-item\" style=\"\"><span class=\"icon-wrapper circle-no\"><i class=\"fusion-li-icon fa-laptop fas\" aria-hidden=\"true\"><\/i><\/span><div class=\"fusion-li-item-content\">\n<p><a href=\"http:\/\/www.saenselelie.nl\" target=\"_blank\" rel=\"noopener\">www.saenselelie.nl<\/a><\/p>\n<\/div><\/li><\/ul><div class=\"fusion-separator fusion-full-width-sep\" style=\"align-self: center;margin-left: auto;margin-right: auto;margin-top:80px;width:100%;\"><\/div><nav class=\"awb-menu awb-menu_column awb-menu_em-click mobile-mode-collapse-to-button awb-menu_icons-left awb-menu_dc-yes mobile-trigger-fullwidth-off awb-menu_mobile-toggle awb-menu_indent-left close-on-outer-click-yes mobile-size-full-absolute loading mega-menu-loading awb-menu_desktop awb-menu_v-stacked awb-submenu_cm_accordion\" style=\"--awb-active-color:#000000;--awb-icons-size:56;--awb-main-justify-content:flex-start;--awb-mobile-justify:flex-start;--awb-mobile-caret-left:auto;--awb-mobile-caret-right:0;--awb-fusion-font-family-typography:inherit;--awb-fusion-font-style-typography:normal;--awb-fusion-font-weight-typography:400;--awb-fusion-font-family-submenu-typography:inherit;--awb-fusion-font-style-submenu-typography:normal;--awb-fusion-font-weight-submenu-typography:400;--awb-fusion-font-family-mobile-typography:inherit;--awb-fusion-font-style-mobile-typography:normal;--awb-fusion-font-weight-mobile-typography:400;\" aria-label=\"Locaties\" data-breakpoint=\"0\" data-count=\"0\" data-transition-type=\"fade\" data-transition-time=\"300\"><ul id=\"menu-locaties-spaans\" class=\"fusion-menu awb-menu__main-ul awb-menu__main-ul_column\"><li  id=\"menu-item-10747\"  class=\"menu-item menu-item-type-custom menu-item-object-custom menu-item-has-children menu-item-10747 awb-menu__li awb-menu__main-li awb-menu__main-li_regular\"  data-item-id=\"10747\"><span class=\"awb-menu__main-background-default awb-menu__main-background-default_fade\"><\/span><span class=\"awb-menu__main-background-active awb-menu__main-background-active_fade\"><\/span><a  href=\"https:\/\/www.zaanseschans.com\/specerijenmolen-de-huisman\/\" class=\"awb-menu__main-a awb-menu__main-a_regular\"><span class=\"menu-text\">Molinos<\/span><\/a><button type=\"button\" aria-label=\"Open submenu of Molinos\" aria-expanded=\"false\" class=\"awb-menu__open-nav-submenu_mobile awb-menu__open-nav-submenu_click awb-menu__open-nav-submenu_main awb-menu__open-nav-submenu_needs-spacing\"><\/button><ul class=\"awb-menu__sub-ul awb-menu__sub-ul_main\"><li  id=\"menu-item-10748\"  class=\"menu-item menu-item-type-post_type menu-item-object-page menu-item-10748 awb-menu__li awb-menu__sub-li\" ><a  href=\"https:\/\/www.zaanseschans.com\/es\/el-molino-de-especias-de-huisman\/\" class=\"awb-menu__sub-a\"><span>El molino de especias Huisman<\/span><\/a><\/li><li  id=\"menu-item-10749\"  class=\"menu-item menu-item-type-post_type menu-item-object-page menu-item-10749 awb-menu__li awb-menu__sub-li\" ><a  href=\"https:\/\/www.zaanseschans.com\/es\/aserradero-de-madera-molino-de-gekroonde-poelenburg\/\" class=\"awb-menu__sub-a\"><span>Aserradero de madera molino De Gekroonde Poelenburg<\/span><\/a><\/li><li  id=\"menu-item-10750\"  class=\"menu-item menu-item-type-post_type menu-item-object-page menu-item-10750 awb-menu__li awb-menu__sub-li\" ><a  href=\"https:\/\/www.zaanseschans.com\/es\/molino-de-pintura-de-kat\/\" class=\"awb-menu__sub-a\"><span>Molino de pintura El gato<\/span><\/a><\/li><li  id=\"menu-item-10751\"  class=\"menu-item menu-item-type-post_type menu-item-object-page menu-item-10751 awb-menu__li awb-menu__sub-li\" ><a  href=\"https:\/\/www.zaanseschans.com\/es\/molina-almazara-de-zoeker\/\" class=\"awb-menu__sub-a\"><span>Almazara El Buscador<\/span><\/a><\/li><li  id=\"menu-item-10752\"  class=\"menu-item menu-item-type-post_type menu-item-object-page menu-item-10752 awb-menu__li awb-menu__sub-li\" ><a  href=\"https:\/\/www.zaanseschans.com\/es\/molino-serradero-de-madera-het-jonge-schaap\/\" class=\"awb-menu__sub-a\"><span>Aserradero de madera La oveja joven<\/span><\/a><\/li><li  id=\"menu-item-10753\"  class=\"menu-item menu-item-type-post_type menu-item-object-page menu-item-10753 awb-menu__li awb-menu__sub-li\" ><a  href=\"https:\/\/www.zaanseschans.com\/es\/molino-almazara-de-os\/\" class=\"awb-menu__sub-a\"><span>Molino almazara De Os<\/span><\/a><\/li><li  id=\"menu-item-10754\"  class=\"menu-item menu-item-type-post_type menu-item-object-page menu-item-10754 awb-menu__li awb-menu__sub-li\" ><a  href=\"https:\/\/www.zaanseschans.com\/es\/molino-aserradero-de-madera-het-klaverblad\/\" class=\"awb-menu__sub-a\"><span>Molino aserradero de madera Het Klaverblad<\/span><\/a><\/li><li  id=\"menu-item-10755\"  class=\"menu-item menu-item-type-post_type menu-item-object-page menu-item-10755 awb-menu__li awb-menu__sub-li\" ><a  href=\"https:\/\/www.zaanseschans.com\/es\/molino-almazara-de-bonte-hen\/\" class=\"awb-menu__sub-a\"><span>Almazara De Bonte Hen<\/span><\/a><\/li><li  id=\"menu-item-10756\"  class=\"menu-item menu-item-type-post_type menu-item-object-page menu-item-10756 awb-menu__li awb-menu__sub-li\" ><a  href=\"https:\/\/www.zaanseschans.com\/es\/molino-de-juego-de-windhond\/\" class=\"awb-menu__sub-a\"><span>Molino de juego De Windhond<\/span><\/a><\/li><li  id=\"menu-item-10757\"  class=\"menu-item menu-item-type-post_type menu-item-object-page menu-item-10757 awb-menu__li awb-menu__sub-li\" ><a  href=\"https:\/\/www.zaanseschans.com\/es\/molino-del-prado-de-hadel\/\" class=\"awb-menu__sub-a\"><span>Molino del Prado De Hadel<\/span><\/a><\/li><\/ul><\/li><li  id=\"menu-item-10758\"  class=\"menu-item menu-item-type-custom menu-item-object-custom menu-item-has-children menu-item-10758 awb-menu__li awb-menu__main-li awb-menu__main-li_regular\"  data-item-id=\"10758\"><span class=\"awb-menu__main-background-default awb-menu__main-background-default_fade\"><\/span><span class=\"awb-menu__main-background-active awb-menu__main-background-active_fade\"><\/span><a  href=\"https:\/\/www.zaanseschans.com\/kalverringdijk-7\/\" class=\"awb-menu__main-a awb-menu__main-a_regular\"><span class=\"menu-text\">Casas<\/span><\/a><button type=\"button\" aria-label=\"Open submenu of Casas\" aria-expanded=\"false\" class=\"awb-menu__open-nav-submenu_mobile awb-menu__open-nav-submenu_click awb-menu__open-nav-submenu_main awb-menu__open-nav-submenu_needs-spacing\"><\/button><ul class=\"awb-menu__sub-ul awb-menu__sub-ul_main\"><li  id=\"menu-item-10759\"  class=\"menu-item menu-item-type-post_type menu-item-object-page menu-item-10759 awb-menu__li awb-menu__sub-li\" ><a  href=\"https:\/\/www.zaanseschans.com\/es\/kalverringdijk-7\/\" class=\"awb-menu__sub-a\"><span>Kalverringdijk 7<\/span><\/a><\/li><li  id=\"menu-item-10760\"  class=\"menu-item menu-item-type-post_type menu-item-object-page menu-item-10760 awb-menu__li awb-menu__sub-li\" ><a  href=\"https:\/\/www.zaanseschans.com\/es\/kalverringdijk-8\/\" class=\"awb-menu__sub-a\"><span>Kalverringdijk 8<\/span><\/a><\/li><li  id=\"menu-item-10761\"  class=\"menu-item menu-item-type-post_type menu-item-object-page menu-item-10761 awb-menu__li awb-menu__sub-li\" ><a  href=\"https:\/\/www.zaanseschans.com\/es\/kalverringdijk-9\/\" class=\"awb-menu__sub-a\"><span>Kalverringdijk 9<\/span><\/a><\/li><li  id=\"menu-item-10762\"  class=\"menu-item menu-item-type-post_type menu-item-object-page menu-item-10762 awb-menu__li awb-menu__sub-li\" ><a  href=\"https:\/\/www.zaanseschans.com\/es\/kalverringdijk-10\/\" class=\"awb-menu__sub-a\"><span>Kalverringdijk 10<\/span><\/a><\/li><li  id=\"menu-item-10763\"  class=\"menu-item menu-item-type-post_type menu-item-object-page menu-item-10763 awb-menu__li awb-menu__sub-li\" ><a  href=\"https:\/\/www.zaanseschans.com\/es\/kalverringdijk-11\/\" class=\"awb-menu__sub-a\"><span>Kalverringdijk 11<\/span><\/a><\/li><li  id=\"menu-item-10802\"  class=\"menu-item menu-item-type-post_type menu-item-object-page menu-item-10802 awb-menu__li awb-menu__sub-li\" ><a  href=\"https:\/\/www.zaanseschans.com\/es\/heerlijck-slaapen-op-de-zaanse-schans\/\" class=\"awb-menu__sub-a\"><span>Kalverringdijk 17<\/span><\/a><\/li><li  id=\"menu-item-10803\"  class=\"menu-item menu-item-type-post_type menu-item-object-page menu-item-10803 awb-menu__li awb-menu__sub-li\" ><a  href=\"https:\/\/www.zaanseschans.com\/es\/casa-del-mercader-de-mol\/\" class=\"awb-menu__sub-a\"><span>Kalverringdijk 19<\/span><\/a><\/li><li  id=\"menu-item-10764\"  class=\"menu-item menu-item-type-post_type menu-item-object-page menu-item-10764 awb-menu__li awb-menu__sub-li\" ><a  href=\"https:\/\/www.zaanseschans.com\/es\/zonnewijzerspad-1-2\/\" class=\"awb-menu__sub-a\"><span>Zonnewijzerspad 1-2<\/span><\/a><\/li><li  id=\"menu-item-10765\"  class=\"menu-item menu-item-type-post_type menu-item-object-page menu-item-10765 awb-menu__li awb-menu__sub-li\" ><a  href=\"https:\/\/www.zaanseschans.com\/es\/zonnewijzerspad-5\/\" class=\"awb-menu__sub-a\"><span>Zonnewijzerspad 5<\/span><\/a><\/li><li  id=\"menu-item-10766\"  class=\"menu-item menu-item-type-post_type menu-item-object-page menu-item-10766 awb-menu__li awb-menu__sub-li\" ><a  href=\"https:\/\/www.zaanseschans.com\/es\/zonnewijzerspad-6\/\" class=\"awb-menu__sub-a\"><span>Zonnewijzerspad 6<\/span><\/a><\/li><li  id=\"menu-item-10767\"  class=\"menu-item menu-item-type-post_type menu-item-object-page menu-item-10767 awb-menu__li awb-menu__sub-li\" ><a  href=\"https:\/\/www.zaanseschans.com\/es\/zonnewijzerspad-7\/\" class=\"awb-menu__sub-a\"><span>Zonnewijzerspad 7<\/span><\/a><\/li><li  id=\"menu-item-10768\"  class=\"menu-item menu-item-type-post_type menu-item-object-page menu-item-10768 awb-menu__li awb-menu__sub-li\" ><a  href=\"https:\/\/www.zaanseschans.com\/es\/zonnewijzerspad-8\/\" class=\"awb-menu__sub-a\"><span>Zonnewijzerspad 8<\/span><\/a><\/li><li  id=\"menu-item-10769\"  class=\"menu-item menu-item-type-post_type menu-item-object-page menu-item-10769 awb-menu__li awb-menu__sub-li\" ><a  href=\"https:\/\/www.zaanseschans.com\/es\/de-kwakels-1\/\" class=\"awb-menu__sub-a\"><span>De Kwakels 1<\/span><\/a><\/li><li  id=\"menu-item-10770\"  class=\"menu-item menu-item-type-post_type menu-item-object-page menu-item-10770 awb-menu__li awb-menu__sub-li\" ><a  href=\"https:\/\/www.zaanseschans.com\/es\/zeilenmakerspad-1\/\" class=\"awb-menu__sub-a\"><span>Zeilenmakerspad 1<\/span><\/a><\/li><li  id=\"menu-item-10771\"  class=\"menu-item menu-item-type-post_type menu-item-object-page menu-item-10771 awb-menu__li awb-menu__sub-li\" ><a  href=\"https:\/\/www.zaanseschans.com\/es\/zeilenmakerspad-3\/\" class=\"awb-menu__sub-a\"><span>Zeilenmakerspad 3<\/span><\/a><\/li><li  id=\"menu-item-10772\"  class=\"menu-item menu-item-type-post_type menu-item-object-page menu-item-10772 awb-menu__li awb-menu__sub-li\" ><a  href=\"https:\/\/www.zaanseschans.com\/es\/zeilenmakerspad-5\/\" class=\"awb-menu__sub-a\"><span>Zeilenmakerspad 5<\/span><\/a><\/li><\/ul><\/li><li  id=\"menu-item-10773\"  class=\"menu-item menu-item-type-custom menu-item-object-custom menu-item-has-children menu-item-10773 awb-menu__li awb-menu__main-li awb-menu__main-li_regular\"  data-item-id=\"10773\"><span class=\"awb-menu__main-background-default awb-menu__main-background-default_fade\"><\/span><span class=\"awb-menu__main-background-active awb-menu__main-background-active_fade\"><\/span><a  href=\"https:\/\/www.zaanseschans.com\/tinnegieterij-de-tinkoepel\/\" class=\"awb-menu__main-a awb-menu__main-a_regular\"><span class=\"menu-text\">Manualidades<\/span><\/a><button type=\"button\" aria-label=\"Open submenu of Manualidades\" aria-expanded=\"false\" class=\"awb-menu__open-nav-submenu_mobile awb-menu__open-nav-submenu_click awb-menu__open-nav-submenu_main awb-menu__open-nav-submenu_needs-spacing\"><\/button><ul class=\"awb-menu__sub-ul awb-menu__sub-ul_main\"><li  id=\"menu-item-10774\"  class=\"menu-item menu-item-type-post_type menu-item-object-page menu-item-10774 awb-menu__li awb-menu__sub-li\" ><a  href=\"https:\/\/www.zaanseschans.com\/es\/fundicion-de-estano-de-tinkoepel\/\" class=\"awb-menu__sub-a\"><span>Fundici\u00f3n de esta\u00f1o De Tinkoepel<\/span><\/a><\/li><li  id=\"menu-item-10775\"  class=\"menu-item menu-item-type-post_type menu-item-object-page menu-item-10775 awb-menu__li awb-menu__sub-li\" ><a  href=\"https:\/\/www.zaanseschans.com\/es\/toneleria-tiemstra\/\" class=\"awb-menu__sub-a\"><span>Toneler\u00eda Tiemstra<\/span><\/a><\/li><li  id=\"menu-item-10776\"  class=\"menu-item menu-item-type-post_type menu-item-object-page menu-item-10776 awb-menu__li awb-menu__sub-li\" ><a  href=\"https:\/\/www.zaanseschans.com\/es\/granja-de-queso-de-catharina-hoeve\/\" class=\"awb-menu__sub-a\"><span>Granja de queso De Catharina Hoeve<\/span><\/a><\/li><li  id=\"menu-item-10777\"  class=\"menu-item menu-item-type-post_type menu-item-object-page menu-item-10777 awb-menu__li awb-menu__sub-li\" ><a  href=\"https:\/\/www.zaanseschans.com\/es\/casa-de-la-tejedora-wevershuis\/\" class=\"awb-menu__sub-a\"><span>Casa de la Tejedora<\/span><\/a><\/li><li  id=\"menu-item-10778\"  class=\"menu-item menu-item-type-post_type menu-item-object-page menu-item-10778 awb-menu__li awb-menu__sub-li\" ><a  href=\"https:\/\/www.zaanseschans.com\/es\/centro-de-artesania-de-saense-lelie\/\" class=\"awb-menu__sub-a\"><span>Centro de artesan\u00eda De Saense Lelie<\/span><\/a><\/li><li  id=\"menu-item-10779\"  class=\"menu-item menu-item-type-post_type menu-item-object-page menu-item-10779 awb-menu__li awb-menu__sub-li\" ><a  href=\"https:\/\/www.zaanseschans.com\/es\/la-fabrica-de-zuecos-de-zaanse-schans\/\" class=\"awb-menu__sub-a\"><span>La f\u00e1brica de zuecos de Zaanse Schans<\/span><\/a><\/li><\/ul><\/li><li  id=\"menu-item-10780\"  class=\"menu-item menu-item-type-custom menu-item-object-custom menu-item-has-children menu-item-10780 awb-menu__li awb-menu__main-li awb-menu__main-li_regular\"  data-item-id=\"10780\"><span class=\"awb-menu__main-background-default awb-menu__main-background-default_fade\"><\/span><span class=\"awb-menu__main-background-active awb-menu__main-background-active_fade\"><\/span><a  href=\"https:\/\/www.zaanseschans.com\/museumwinkel-albert-heijn\/\" class=\"awb-menu__main-a awb-menu__main-a_regular\"><span class=\"menu-text\">Museos<\/span><\/a><button type=\"button\" aria-label=\"Open submenu of Museos\" aria-expanded=\"false\" class=\"awb-menu__open-nav-submenu_mobile awb-menu__open-nav-submenu_click awb-menu__open-nav-submenu_main awb-menu__open-nav-submenu_needs-spacing\"><\/button><ul class=\"awb-menu__sub-ul awb-menu__sub-ul_main\"><li  id=\"menu-item-10781\"  class=\"menu-item menu-item-type-post_type menu-item-object-page menu-item-10781 awb-menu__li awb-menu__sub-li\" ><a  href=\"https:\/\/www.zaanseschans.com\/es\/tienda-museo-albert-heijn\/\" class=\"awb-menu__sub-a\"><span>Tienda museo Albert Heijn<\/span><\/a><\/li><li  id=\"menu-item-10782\"  class=\"menu-item menu-item-type-post_type menu-item-object-page menu-item-10782 awb-menu__li awb-menu__sub-li\" ><a  href=\"https:\/\/www.zaanseschans.com\/es\/museo-zaanse-tijd\/\" class=\"awb-menu__sub-a\"><span>Museo Zaanse Tijd<\/span><\/a><\/li><li  id=\"menu-item-10783\"  class=\"menu-item menu-item-type-post_type menu-item-object-page menu-item-10783 awb-menu__li awb-menu__sub-li\" ><a  href=\"https:\/\/www.zaanseschans.com\/es\/molino-museo-de-zaansche-molen\/\" class=\"awb-menu__sub-a\"><span>Molino museo De Zaansche Molen<\/span><\/a><\/li><li  id=\"menu-item-10784\"  class=\"menu-item menu-item-type-post_type menu-item-object-page menu-item-10784 awb-menu__li awb-menu__sub-li\" ><a  href=\"https:\/\/www.zaanseschans.com\/es\/casa-de-jisp\/\" class=\"awb-menu__sub-a\"><span>Casa de Jisp<\/span><\/a><\/li><li  id=\"menu-item-10785\"  class=\"menu-item menu-item-type-post_type menu-item-object-page menu-item-10785 awb-menu__li awb-menu__sub-li\" ><a  href=\"https:\/\/www.zaanseschans.com\/es\/museo-de-la-panaderia-in-de-gecroonde-duyvekater\/\" class=\"awb-menu__sub-a\"><span>Museo de la Panader\u00eda In de Gecroonde Duyvekater<\/span><\/a><\/li><li  id=\"menu-item-10786\"  class=\"menu-item menu-item-type-post_type menu-item-object-page menu-item-10786 awb-menu__li awb-menu__sub-li\" ><a  href=\"https:\/\/www.zaanseschans.com\/es\/museo-zaans\/\" class=\"awb-menu__sub-a\"><span>Museo Zaans<\/span><\/a><\/li><li  id=\"menu-item-10787\"  class=\"menu-item menu-item-type-post_type menu-item-object-page menu-item-10787 awb-menu__li awb-menu__sub-li\" ><a  href=\"https:\/\/www.zaanseschans.com\/es\/pabellon-verkade\/\" class=\"awb-menu__sub-a\"><span>Experiencia Verkade<\/span><\/a><\/li><li  id=\"menu-item-10788\"  class=\"menu-item menu-item-type-post_type menu-item-object-page menu-item-10788 awb-menu__li awb-menu__sub-li\" ><a  href=\"https:\/\/www.zaanseschans.com\/es\/mini-museo-spoithois\/\" class=\"awb-menu__sub-a\"><span>Mini Museo \u201cSpoithois<\/span><\/a><\/li><\/ul><\/li><li  id=\"menu-item-10789\"  class=\"menu-item menu-item-type-custom menu-item-object-custom menu-item-has-children menu-item-10789 awb-menu__li awb-menu__main-li awb-menu__main-li_regular\"  data-item-id=\"10789\"><span class=\"awb-menu__main-background-default awb-menu__main-background-default_fade\"><\/span><span class=\"awb-menu__main-background-active awb-menu__main-background-active_fade\"><\/span><a  href=\"https:\/\/www.zaanseschans.com\/belevingswinkel-blik-op-de-zaan\/\" class=\"awb-menu__main-a awb-menu__main-a_regular\"><span class=\"menu-text\">Tiendas<\/span><\/a><button type=\"button\" aria-label=\"Open submenu of Tiendas\" aria-expanded=\"false\" class=\"awb-menu__open-nav-submenu_mobile awb-menu__open-nav-submenu_click awb-menu__open-nav-submenu_main awb-menu__open-nav-submenu_needs-spacing\"><\/button><ul class=\"awb-menu__sub-ul awb-menu__sub-ul_main\"><li  id=\"menu-item-10790\"  class=\"menu-item menu-item-type-post_type menu-item-object-page menu-item-10790 awb-menu__li awb-menu__sub-li\" ><a  href=\"https:\/\/www.zaanseschans.com\/es\/tienda-de-experiencias-blik-op-cacao\/\" class=\"awb-menu__sub-a\"><span>Tienda de experiencias Blik op Cacao<\/span><\/a><\/li><li  id=\"menu-item-10791\"  class=\"menu-item menu-item-type-post_type menu-item-object-page menu-item-10791 awb-menu__li awb-menu__sub-li\" ><a  href=\"https:\/\/www.zaanseschans.com\/es\/trash-treasures-tienda-de-antiguedades-het-jagershuis\/\" class=\"awb-menu__sub-a\"><span>Trash &#038; Treasures Tienda de antig\u00fcedades\u00a0Het Jagershuis<\/span><\/a><\/li><li  id=\"menu-item-10792\"  class=\"menu-item menu-item-type-post_type menu-item-object-page menu-item-10792 awb-menu__li awb-menu__sub-li\" ><a  href=\"https:\/\/www.zaanseschans.com\/es\/fotografia-zaanse-schans\/\" class=\"awb-menu__sub-a\"><span>Fotograf\u00eda Zaanse Schans<\/span><\/a><\/li><li  id=\"menu-item-10793\"  class=\"menu-item menu-item-type-post_type menu-item-object-page menu-item-10793 awb-menu__li awb-menu__sub-li\" ><a  href=\"https:\/\/www.zaanseschans.com\/es\/recuerdos-de-molinos-de-viento-pakhuis-de-bezem\/\" class=\"awb-menu__sub-a\"><span>Recuerdos de molinos de viento Pakhuis De Bezem<\/span><\/a><\/li><li  id=\"menu-item-10794\"  class=\"menu-item menu-item-type-post_type menu-item-object-page menu-item-10794 awb-menu__li awb-menu__sub-li\" ><a  href=\"https:\/\/www.zaanseschans.com\/es\/recuerdos-pakhuis-vrede\/\" class=\"awb-menu__sub-a\"><span>Recuerdos \u2013 Pakhuis Vrede<\/span><\/a><\/li><li  id=\"menu-item-10795\"  class=\"menu-item menu-item-type-post_type menu-item-object-page menu-item-10795 awb-menu__li awb-menu__sub-li\" ><a  href=\"https:\/\/www.zaanseschans.com\/es\/tienda-de-regalos-orse-ket-aan-t-glop\/\" class=\"awb-menu__sub-a\"><span>Tienda de regalos Orse-Ket on \u2019t Glop<\/span><\/a><\/li><\/ul><\/li><li  id=\"menu-item-10796\"  class=\"menu-item menu-item-type-custom menu-item-object-custom menu-item-has-children menu-item-10796 awb-menu__li awb-menu__main-li awb-menu__main-li_regular\"  data-item-id=\"10796\"><span class=\"awb-menu__main-background-default awb-menu__main-background-default_fade\"><\/span><span class=\"awb-menu__main-background-active awb-menu__main-background-active_fade\"><\/span><a  href=\"https:\/\/www.zaanseschans.com\/kalverringdijk-13\/\" class=\"awb-menu__main-a awb-menu__main-a_regular\"><span class=\"menu-text\">Restaurantes<\/span><\/a><button type=\"button\" aria-label=\"Open submenu of Restaurantes\" aria-expanded=\"false\" class=\"awb-menu__open-nav-submenu_mobile awb-menu__open-nav-submenu_click awb-menu__open-nav-submenu_main awb-menu__open-nav-submenu_needs-spacing\"><\/button><ul class=\"awb-menu__sub-ul awb-menu__sub-ul_main\"><li  id=\"menu-item-10797\"  class=\"menu-item menu-item-type-post_type menu-item-object-page menu-item-10797 awb-menu__li awb-menu__sub-li\" ><a  href=\"https:\/\/www.zaanseschans.com\/es\/restaurante-dependiente-de-walvis\/\" class=\"awb-menu__sub-a\"><span>Restaurante Dependiente \u2018De Walvis\u2019<\/span><\/a><\/li><li  id=\"menu-item-10798\"  class=\"menu-item menu-item-type-post_type menu-item-object-page menu-item-10798 awb-menu__li awb-menu__sub-li\" ><a  href=\"https:\/\/www.zaanseschans.com\/es\/restaurante-de-hoop-op-dswarte-walvis\/\" class=\"awb-menu__sub-a\"><span>Restaurante De Hoop op d\u2019Swarte Walvis<\/span><\/a><\/li><li  id=\"menu-item-10799\"  class=\"menu-item menu-item-type-post_type menu-item-object-page menu-item-10799 awb-menu__li awb-menu__sub-li\" ><a  href=\"https:\/\/www.zaanseschans.com\/es\/sala-de-degustacion-destileria-de-tweekoppige-phoenix\/\" class=\"awb-menu__sub-a\"><span>Sala de degustaci\u00f3n\/destiler\u00eda De Tweekoppige Phoenix<\/span><\/a><\/li><li  id=\"menu-item-10800\"  class=\"menu-item menu-item-type-post_type menu-item-object-page menu-item-10800 awb-menu__li awb-menu__sub-li\" ><a  href=\"https:\/\/www.zaanseschans.com\/es\/restaurante-de-panqueques-de-kraai\/\" class=\"awb-menu__sub-a\"><span>Restaurante de panqueques De Kraai<\/span><\/a><\/li><\/ul><\/li><li  id=\"menu-item-10804\"  class=\"menu-item menu-item-type-custom menu-item-object-custom menu-item-has-children menu-item-10804 awb-menu__li awb-menu__main-li awb-menu__main-li_regular\"  data-item-id=\"10804\"><span class=\"awb-menu__main-background-default awb-menu__main-background-default_fade\"><\/span><span class=\"awb-menu__main-background-active awb-menu__main-background-active_fade\"><\/span><a  href=\"https:\/\/www.zaanseschans.com\/natuur-wandelroute\/\" class=\"awb-menu__main-a awb-menu__main-a_regular\"><span class=\"menu-text\">Actividades<\/span><\/a><button type=\"button\" aria-label=\"Open submenu of Actividades\" aria-expanded=\"false\" class=\"awb-menu__open-nav-submenu_mobile awb-menu__open-nav-submenu_click awb-menu__open-nav-submenu_main awb-menu__open-nav-submenu_needs-spacing\"><\/button><ul class=\"awb-menu__sub-ul awb-menu__sub-ul_main\"><li  id=\"menu-item-10805\"  class=\"menu-item menu-item-type-post_type menu-item-object-page menu-item-10805 awb-menu__li awb-menu__sub-li\" ><a  href=\"https:\/\/www.zaanseschans.com\/es\/ruta-de-senderismo-por-la-naturaleza\/\" class=\"awb-menu__sub-a\"><span>Ruta de la naturaleza<\/span><\/a><\/li><\/ul><\/li><\/ul><\/nav>\n<\/div><\/div><\/div><\/div>\n","protected":false},"excerpt":{"rendered":"","protected":false},"author":1,"featured_media":0,"parent":0,"menu_order":0,"comment_status":"closed","ping_status":"closed","template":"100-width.php","meta":{"footnotes":""},"class_list":["post-10582","page","type-page","status-publish","hentry"],"yoast_head":"<!-- This site is optimized with the Yoast SEO plugin v27.3 - https:\/\/yoast.com\/product\/yoast-seo-wordpress\/ -->\n<title>Centro de artesan\u00eda De Saense Lelie - Zaanse Schans<\/title>\n<meta name=\"description\" content=\"Descubre la historia y la artesan\u00eda en el Pakhuis &quot;De Saense Lelie&quot;. Del granero a la herrer\u00eda de oro, experimenta una mezcla \u00fanica de patrimonio y artesan\u00eda\" \/>\n<meta name=\"robots\" content=\"index, follow, max-snippet:-1, max-image-preview:large, max-video-preview:-1\" \/>\n<link rel=\"canonical\" href=\"https:\/\/www.zaanseschans.com\/es\/centro-de-artesania-de-saense-lelie\/\" \/>\n<meta property=\"og:locale\" content=\"es_ES\" \/>\n<meta property=\"og:type\" content=\"article\" \/>\n<meta property=\"og:title\" content=\"Centro de artesan\u00eda De Saense Lelie - Zaanse Schans\" \/>\n<meta property=\"og:description\" content=\"Descubre la historia y la artesan\u00eda en el Pakhuis &quot;De Saense Lelie&quot;. Del granero a la herrer\u00eda de oro, experimenta una mezcla \u00fanica de patrimonio y artesan\u00eda\" \/>\n<meta property=\"og:url\" content=\"https:\/\/www.zaanseschans.com\/es\/centro-de-artesania-de-saense-lelie\/\" \/>\n<meta property=\"og:site_name\" content=\"Zaanse Schans\" \/>\n<meta property=\"article:modified_time\" content=\"2024-07-05T16:30:23+00:00\" \/>\n<meta name=\"twitter:card\" content=\"summary_large_image\" \/>\n<meta name=\"twitter:label1\" content=\"Tiempo de lectura\" \/>\n\t<meta name=\"twitter:data1\" content=\"4 minutos\" \/>\n<script type=\"application\/ld+json\" class=\"yoast-schema-graph\">{\"@context\":\"https:\\\/\\\/schema.org\",\"@graph\":[{\"@type\":\"WebPage\",\"@id\":\"https:\\\/\\\/www.zaanseschans.com\\\/es\\\/centro-de-artesania-de-saense-lelie\\\/\",\"url\":\"https:\\\/\\\/www.zaanseschans.com\\\/es\\\/centro-de-artesania-de-saense-lelie\\\/\",\"name\":\"Centro de artesan\u00eda De Saense Lelie - Zaanse Schans\",\"isPartOf\":{\"@id\":\"https:\\\/\\\/www.zaanseschans.com\\\/es\\\/#website\"},\"datePublished\":\"2023-12-03T13:12:20+00:00\",\"dateModified\":\"2024-07-05T16:30:23+00:00\",\"description\":\"Descubre la historia y la artesan\u00eda en el Pakhuis \\\"De Saense Lelie\\\". Del granero a la herrer\u00eda de oro, experimenta una mezcla \u00fanica de patrimonio y artesan\u00eda\",\"breadcrumb\":{\"@id\":\"https:\\\/\\\/www.zaanseschans.com\\\/es\\\/centro-de-artesania-de-saense-lelie\\\/#breadcrumb\"},\"inLanguage\":\"es\",\"potentialAction\":[{\"@type\":\"ReadAction\",\"target\":[\"https:\\\/\\\/www.zaanseschans.com\\\/es\\\/centro-de-artesania-de-saense-lelie\\\/\"]}]},{\"@type\":\"BreadcrumbList\",\"@id\":\"https:\\\/\\\/www.zaanseschans.com\\\/es\\\/centro-de-artesania-de-saense-lelie\\\/#breadcrumb\",\"itemListElement\":[{\"@type\":\"ListItem\",\"position\":1,\"name\":\"Home\",\"item\":\"https:\\\/\\\/www.zaanseschans.com\\\/es\\\/\"},{\"@type\":\"ListItem\",\"position\":2,\"name\":\"Centro de artesan\u00eda De Saense Lelie\"}]},{\"@type\":\"WebSite\",\"@id\":\"https:\\\/\\\/www.zaanseschans.com\\\/es\\\/#website\",\"url\":\"https:\\\/\\\/www.zaanseschans.com\\\/es\\\/\",\"name\":\"Zaanse Schans\",\"description\":\"\",\"publisher\":{\"@id\":\"https:\\\/\\\/www.zaanseschans.com\\\/es\\\/#organization\"},\"potentialAction\":[{\"@type\":\"SearchAction\",\"target\":{\"@type\":\"EntryPoint\",\"urlTemplate\":\"https:\\\/\\\/www.zaanseschans.com\\\/es\\\/?s={search_term_string}\"},\"query-input\":{\"@type\":\"PropertyValueSpecification\",\"valueRequired\":true,\"valueName\":\"search_term_string\"}}],\"inLanguage\":\"es\"},{\"@type\":\"Organization\",\"@id\":\"https:\\\/\\\/www.zaanseschans.com\\\/es\\\/#organization\",\"name\":\"Zaanse Schans\",\"url\":\"https:\\\/\\\/www.zaanseschans.com\\\/es\\\/\",\"logo\":{\"@type\":\"ImageObject\",\"inLanguage\":\"es\",\"@id\":\"https:\\\/\\\/www.zaanseschans.com\\\/es\\\/#\\\/schema\\\/logo\\\/image\\\/\",\"url\":\"https:\\\/\\\/www.zaanseschans.com\\\/wp-content\\\/uploads\\\/Zaanse-schans-logo-INSTA.jpg\",\"contentUrl\":\"https:\\\/\\\/www.zaanseschans.com\\\/wp-content\\\/uploads\\\/Zaanse-schans-logo-INSTA.jpg\",\"width\":360,\"height\":360,\"caption\":\"Zaanse Schans\"},\"image\":{\"@id\":\"https:\\\/\\\/www.zaanseschans.com\\\/es\\\/#\\\/schema\\\/logo\\\/image\\\/\"},\"sameAs\":[\"https:\\\/\\\/www.instagram.com\\\/zaanseschansholland\\\/\"]}]}<\/script>\n<!-- \/ Yoast SEO plugin. -->","yoast_head_json":{"title":"Centro de artesan\u00eda De Saense Lelie - Zaanse Schans","description":"Descubre la historia y la artesan\u00eda en el Pakhuis \"De Saense Lelie\". Del granero a la herrer\u00eda de oro, experimenta una mezcla \u00fanica de patrimonio y artesan\u00eda","robots":{"index":"index","follow":"follow","max-snippet":"max-snippet:-1","max-image-preview":"max-image-preview:large","max-video-preview":"max-video-preview:-1"},"canonical":"https:\/\/www.zaanseschans.com\/es\/centro-de-artesania-de-saense-lelie\/","og_locale":"es_ES","og_type":"article","og_title":"Centro de artesan\u00eda De Saense Lelie - Zaanse Schans","og_description":"Descubre la historia y la artesan\u00eda en el Pakhuis \"De Saense Lelie\". Del granero a la herrer\u00eda de oro, experimenta una mezcla \u00fanica de patrimonio y artesan\u00eda","og_url":"https:\/\/www.zaanseschans.com\/es\/centro-de-artesania-de-saense-lelie\/","og_site_name":"Zaanse Schans","article_modified_time":"2024-07-05T16:30:23+00:00","twitter_card":"summary_large_image","twitter_misc":{"Tiempo de lectura":"4 minutos"},"schema":{"@context":"https:\/\/schema.org","@graph":[{"@type":"WebPage","@id":"https:\/\/www.zaanseschans.com\/es\/centro-de-artesania-de-saense-lelie\/","url":"https:\/\/www.zaanseschans.com\/es\/centro-de-artesania-de-saense-lelie\/","name":"Centro de artesan\u00eda De Saense Lelie - Zaanse Schans","isPartOf":{"@id":"https:\/\/www.zaanseschans.com\/es\/#website"},"datePublished":"2023-12-03T13:12:20+00:00","dateModified":"2024-07-05T16:30:23+00:00","description":"Descubre la historia y la artesan\u00eda en el Pakhuis \"De Saense Lelie\". Del granero a la herrer\u00eda de oro, experimenta una mezcla \u00fanica de patrimonio y artesan\u00eda","breadcrumb":{"@id":"https:\/\/www.zaanseschans.com\/es\/centro-de-artesania-de-saense-lelie\/#breadcrumb"},"inLanguage":"es","potentialAction":[{"@type":"ReadAction","target":["https:\/\/www.zaanseschans.com\/es\/centro-de-artesania-de-saense-lelie\/"]}]},{"@type":"BreadcrumbList","@id":"https:\/\/www.zaanseschans.com\/es\/centro-de-artesania-de-saense-lelie\/#breadcrumb","itemListElement":[{"@type":"ListItem","position":1,"name":"Home","item":"https:\/\/www.zaanseschans.com\/es\/"},{"@type":"ListItem","position":2,"name":"Centro de artesan\u00eda De Saense Lelie"}]},{"@type":"WebSite","@id":"https:\/\/www.zaanseschans.com\/es\/#website","url":"https:\/\/www.zaanseschans.com\/es\/","name":"Zaanse Schans","description":"","publisher":{"@id":"https:\/\/www.zaanseschans.com\/es\/#organization"},"potentialAction":[{"@type":"SearchAction","target":{"@type":"EntryPoint","urlTemplate":"https:\/\/www.zaanseschans.com\/es\/?s={search_term_string}"},"query-input":{"@type":"PropertyValueSpecification","valueRequired":true,"valueName":"search_term_string"}}],"inLanguage":"es"},{"@type":"Organization","@id":"https:\/\/www.zaanseschans.com\/es\/#organization","name":"Zaanse Schans","url":"https:\/\/www.zaanseschans.com\/es\/","logo":{"@type":"ImageObject","inLanguage":"es","@id":"https:\/\/www.zaanseschans.com\/es\/#\/schema\/logo\/image\/","url":"https:\/\/www.zaanseschans.com\/wp-content\/uploads\/Zaanse-schans-logo-INSTA.jpg","contentUrl":"https:\/\/www.zaanseschans.com\/wp-content\/uploads\/Zaanse-schans-logo-INSTA.jpg","width":360,"height":360,"caption":"Zaanse Schans"},"image":{"@id":"https:\/\/www.zaanseschans.com\/es\/#\/schema\/logo\/image\/"},"sameAs":["https:\/\/www.instagram.com\/zaanseschansholland\/"]}]}},"_links":{"self":[{"href":"https:\/\/www.zaanseschans.com\/es\/wp-json\/wp\/v2\/pages\/10582","targetHints":{"allow":["GET"]}}],"collection":[{"href":"https:\/\/www.zaanseschans.com\/es\/wp-json\/wp\/v2\/pages"}],"about":[{"href":"https:\/\/www.zaanseschans.com\/es\/wp-json\/wp\/v2\/types\/page"}],"author":[{"embeddable":true,"href":"https:\/\/www.zaanseschans.com\/es\/wp-json\/wp\/v2\/users\/1"}],"replies":[{"embeddable":true,"href":"https:\/\/www.zaanseschans.com\/es\/wp-json\/wp\/v2\/comments?post=10582"}],"version-history":[{"count":1,"href":"https:\/\/www.zaanseschans.com\/es\/wp-json\/wp\/v2\/pages\/10582\/revisions"}],"predecessor-version":[{"id":14802,"href":"https:\/\/www.zaanseschans.com\/es\/wp-json\/wp\/v2\/pages\/10582\/revisions\/14802"}],"wp:attachment":[{"href":"https:\/\/www.zaanseschans.com\/es\/wp-json\/wp\/v2\/media?parent=10582"}],"curies":[{"name":"wp","href":"https:\/\/api.w.org\/{rel}","templated":true}]}}