{"id":9938,"date":"2023-12-07T10:48:06","date_gmt":"2023-12-07T09:48:06","guid":{"rendered":"https:\/\/www.zaanseschans.com\/kalverringdijk-7\/"},"modified":"2024-06-10T15:01:53","modified_gmt":"2024-06-10T14:01:53","slug":"kalverringdijk-7","status":"publish","type":"page","link":"https:\/\/www.zaanseschans.com\/es\/kalverringdijk-7\/","title":{"rendered":"Kalverringdijk 7"},"content":{"rendered":"<div class=\"fusion-fullwidth fullwidth-box fusion-builder-row-1 fusion-flex-container has-pattern-background has-mask-background nonhundred-percent-fullwidth non-hundred-percent-height-scrolling\" style=\"--awb-border-radius-top-left:0px;--awb-border-radius-top-right:0px;--awb-border-radius-bottom-right:0px;--awb-border-radius-bottom-left:0px;--awb-padding-top:0px;--awb-padding-right:0px;--awb-padding-bottom:0px;--awb-padding-left:0px;--awb-margin-top:0px;--awb-margin-bottom:0px;--awb-flex-wrap:wrap;\" ><div class=\"fusion-builder-row fusion-row fusion-flex-align-items-stretch fusion-flex-content-wrap\" style=\"max-width:calc( 1375px + 0px );margin-left: calc(-0px \/ 2 );margin-right: calc(-0px \/ 2 );\"><div class=\"fusion-layout-column fusion_builder_column fusion-builder-column-0 fusion_builder_column_2_3 2_3 fusion-flex-column\" style=\"--awb-padding-right:75px;--awb-padding-bottom:100px;--awb-padding-left:75px;--awb-bg-color:#ffffff;--awb-bg-color-hover:#ffffff;--awb-bg-image:linear-gradient(180deg, #ffffff 31%,#f9f9f6 94%);--awb-bg-position:center top;--awb-bg-size:cover;--awb-width-large:66.666666666667%;--awb-margin-top-large:0px;--awb-spacing-right-large:0px;--awb-margin-bottom-large:0px;--awb-spacing-left-large:0px;--awb-width-medium:100%;--awb-order-medium:0;--awb-spacing-right-medium:0px;--awb-spacing-left-medium:0px;--awb-width-small:100%;--awb-order-small:0;--awb-spacing-right-small:0px;--awb-spacing-left-small:0px;\" data-scroll-devices=\"small-visibility,medium-visibility,large-visibility\"><div class=\"fusion-column-wrapper fusion-column-has-shadow fusion-flex-justify-content-flex-start fusion-content-layout-column\"><div class=\"fusion-separator fusion-no-small-visibility fusion-no-medium-visibility fusion-full-width-sep\" style=\"align-self: center;margin-left: auto;margin-right: auto;margin-top:60px;width:100%;\"><\/div><div class=\"fusion-text fusion-text-1\"><h3 class=\"fusion-responsive-typography-calculated\" data-fontsize=\"48\" data-lineheight=\"48px\">Kalverringdijk 7<\/h3>\n<hr>\n<h3 class=\"fusion-responsive-typography-calculated\" data-fontsize=\"48\" data-lineheight=\"48px\"><\/h3>\n<\/div><div class=\"fusion-image-element \" style=\"--awb-margin-bottom:30px;--awb-caption-title-font-family:var(--h2_typography-font-family);--awb-caption-title-font-weight:var(--h2_typography-font-weight);--awb-caption-title-font-style:var(--h2_typography-font-style);--awb-caption-title-size:var(--h2_typography-font-size);--awb-caption-title-transform:var(--h2_typography-text-transform);--awb-caption-title-line-height:var(--h2_typography-line-height);--awb-caption-title-letter-spacing:var(--h2_typography-letter-spacing);\"><span class=\" fusion-imageframe imageframe-none imageframe-1 hover-type-none\"><img decoding=\"async\" width=\"1134\" height=\"683\" alt=\"Kalverringdijk 7\" title=\"Kalverringdijk-7-1-1\" src=\"https:\/\/www.zaanseschans.com\/wp-content\/uploads\/Kalverringdijk-7-1-1.jpg\" class=\"img-responsive wp-image-9942\" srcset=\"https:\/\/www.zaanseschans.com\/wp-content\/uploads\/Kalverringdijk-7-1-1-200x120.jpg 200w, https:\/\/www.zaanseschans.com\/wp-content\/uploads\/Kalverringdijk-7-1-1-400x241.jpg 400w, https:\/\/www.zaanseschans.com\/wp-content\/uploads\/Kalverringdijk-7-1-1-600x361.jpg 600w, https:\/\/www.zaanseschans.com\/wp-content\/uploads\/Kalverringdijk-7-1-1-800x482.jpg 800w, https:\/\/www.zaanseschans.com\/wp-content\/uploads\/Kalverringdijk-7-1-1.jpg 1134w\" sizes=\"(max-width: 1024px) 100vw, (max-width: 640px) 100vw, 800px\" \/><\/span><\/div><div class=\"fusion-text fusion-text-2 fusion-text-no-margin\" style=\"--awb-margin-top:0px;--awb-margin-bottom:40px;\"><p><strong><em>La \u00fanica casa de madera de dos plantas del Zaanse Schans&#8230;<\/em><\/strong><\/p>\n<p>La propiedad de Kalverringdijk 7 es \u00fanica en el Zaanse Schans, ya que es la \u00fanica con dos plantas. Este tipo de viviendas con una planta m\u00e1s son raras en la construcci\u00f3n en madera de Zaans. El edificio es totalmente de pino y tiene una estructura de soporte de madera bien conservada. Aunque la fachada de los siglos XVIII y XIX estaba muy da\u00f1ada, el arquitecto Cornelis de Jong pudo reconstruirla utilizando una fotograf\u00eda antigua y un estudio exhaustivo de la propiedad.<\/p>\n<p>Antes de trasladarse a Zaanse Schans, el inmueble sirvi\u00f3 de escaparate para una tienda de pa\u00f1os y una fruter\u00eda. La casa data de alrededor de 1650 y se caracteriza por una hermosa crester\u00eda tallada en madera. En la d\u00e9cada de 1960, fue transportada en un remolque de plataforma desde la calle Noorderkerkstraat, en el coraz\u00f3n de Zaandam, hasta Kalverpolder, donde ahora es una llamativa e hist\u00f3rica adici\u00f3n al Zaanse Schans.<\/p>\n<\/div><div class=\"fusion-image-element \" style=\"--awb-margin-bottom:10px;--awb-caption-title-font-family:var(--h2_typography-font-family);--awb-caption-title-font-weight:var(--h2_typography-font-weight);--awb-caption-title-font-style:var(--h2_typography-font-style);--awb-caption-title-size:var(--h2_typography-font-size);--awb-caption-title-transform:var(--h2_typography-text-transform);--awb-caption-title-line-height:var(--h2_typography-line-height);--awb-caption-title-letter-spacing:var(--h2_typography-letter-spacing);\"><span class=\" fusion-imageframe imageframe-none imageframe-2 hover-type-none\"><img decoding=\"async\" width=\"900\" height=\"650\" alt=\"Kalverringdijk 7\" title=\"Kalverringdijk-7-historie\" src=\"https:\/\/www.zaanseschans.com\/wp-content\/uploads\/2023\/11\/Kalverringdijk-7-historie-1.jpg\" class=\"img-responsive wp-image-10096\" srcset=\"https:\/\/www.zaanseschans.com\/wp-content\/uploads\/2023\/11\/Kalverringdijk-7-historie-1-200x144.jpg 200w, https:\/\/www.zaanseschans.com\/wp-content\/uploads\/2023\/11\/Kalverringdijk-7-historie-1-400x289.jpg 400w, https:\/\/www.zaanseschans.com\/wp-content\/uploads\/2023\/11\/Kalverringdijk-7-historie-1-600x433.jpg 600w, https:\/\/www.zaanseschans.com\/wp-content\/uploads\/2023\/11\/Kalverringdijk-7-historie-1-800x578.jpg 800w, https:\/\/www.zaanseschans.com\/wp-content\/uploads\/2023\/11\/Kalverringdijk-7-historie-1.jpg 900w\" sizes=\"(max-width: 1024px) 100vw, (max-width: 640px) 100vw, 800px\" \/><\/span><\/div><div class=\"fusion-text fusion-text-3 fusion-text-no-margin\" style=\"--awb-margin-top:0px;--awb-margin-bottom:40px;\"><p><em><span style=\"color: #808080;\">La propiedad de Noorderkerkstraat 7 se traslada a Kalverringdijk 7 en Zaanse Schans en 1963<\/span><\/em><\/p>\n<\/div><\/div><\/div><div class=\"fusion-layout-column fusion_builder_column fusion-builder-column-1 fusion_builder_column_1_3 1_3 fusion-flex-column fusion-flex-align-self-stretch\" style=\"--awb-padding-right:20%;--awb-padding-bottom:18%;--awb-padding-left:13%;--awb-bg-color:#f9f9f6;--awb-bg-color-hover:#f9f9f6;--awb-bg-size:cover;--awb-width-large:33.333333333333%;--awb-margin-top-large:0px;--awb-spacing-right-large:0px;--awb-margin-bottom-large:0px;--awb-spacing-left-large:0px;--awb-width-medium:100%;--awb-order-medium:0;--awb-spacing-right-medium:0px;--awb-spacing-left-medium:0px;--awb-width-small:100%;--awb-order-small:0;--awb-spacing-right-small:0px;--awb-spacing-left-small:0px;\" data-scroll-devices=\"small-visibility,medium-visibility,large-visibility\"><div class=\"fusion-column-wrapper fusion-column-has-shadow fusion-flex-justify-content-flex-start fusion-content-layout-column\"><div class=\"fusion-separator fusion-no-small-visibility fusion-no-medium-visibility fusion-full-width-sep\" style=\"align-self: center;margin-left: auto;margin-right: auto;margin-top:60px;width:100%;\"><\/div><div style=\"text-align:center;\"><a class=\"fusion-button button-flat fusion-button-default-size button-default fusion-button-default button-1 fusion-button-default-span fusion-button-default-type\" target=\"_self\" href=\"https:\/\/www.zaanseschans.com\/es\/mapa\/\"><span class=\"fusion-button-text awb-button__text awb-button__text--default\">&lt;  volver al mapa<\/span><\/a><\/div><div class=\"fusion-separator fusion-full-width-sep\" style=\"align-self: center;margin-left: auto;margin-right: auto;margin-top:60px;width:100%;\"><\/div><div class=\"fusion-image-element \" style=\"text-align:center;--awb-max-width:250px;--awb-caption-title-font-family:var(--h2_typography-font-family);--awb-caption-title-font-weight:var(--h2_typography-font-weight);--awb-caption-title-font-style:var(--h2_typography-font-style);--awb-caption-title-size:var(--h2_typography-font-size);--awb-caption-title-transform:var(--h2_typography-text-transform);--awb-caption-title-line-height:var(--h2_typography-line-height);--awb-caption-title-letter-spacing:var(--h2_typography-letter-spacing);\"><span class=\" fusion-imageframe imageframe-none imageframe-3 hover-type-none\"><img decoding=\"async\" width=\"500\" height=\"503\" title=\"Kalverringdijk-7-lijntekening\" src=\"https:\/\/www.zaanseschans.com\/wp-content\/uploads\/2023\/11\/Kalverringdijk-7-lijntekening.png\" alt class=\"img-responsive wp-image-10098\" srcset=\"https:\/\/www.zaanseschans.com\/wp-content\/uploads\/2023\/11\/Kalverringdijk-7-lijntekening-200x201.png 200w, https:\/\/www.zaanseschans.com\/wp-content\/uploads\/2023\/11\/Kalverringdijk-7-lijntekening-400x402.png 400w, https:\/\/www.zaanseschans.com\/wp-content\/uploads\/2023\/11\/Kalverringdijk-7-lijntekening.png 500w\" sizes=\"(max-width: 1024px) 100vw, (max-width: 640px) 100vw, 400px\" \/><\/span><\/div><div class=\"fusion-separator fusion-full-width-sep\" style=\"align-self: center;margin-left: auto;margin-right: auto;margin-top:30px;width:100%;\"><\/div><div class=\"fusion-text fusion-text-4\"><p style=\"text-align: center;\"><span style=\"color: #999999;\"><em>Monumento nacional hacia 1650<br \/>\nReincorporaci\u00f3n 1965<br \/>\n(antes Noorderkerkstraat 7, Zaandam)<\/em><\/span><\/p>\n<\/div><ul style=\"--awb-size:14px;--awb-iconcolor:rgba(0,0,0,0.49);--awb-divider-color:rgba(0,0,0,0.49);--awb-textcolor:#707070;--awb-line-height:23.8px;--awb-icon-width:23.8px;--awb-icon-height:23.8px;--awb-icon-margin:9.8px;--awb-content-margin:33.6px;\" class=\"fusion-checklist fusion-checklist-1 fusion-checklist-default fusion-checklist-divider type-icons\"><li class=\"fusion-li-item\" style=\"\"><span class=\"icon-wrapper circle-no\"><i class=\"fusion-li-icon fa-home fas\" aria-hidden=\"true\"><\/i><\/span><div class=\"fusion-li-item-content\">\n<p>Casa residencial<\/p>\n<\/div><\/li><li class=\"fusion-li-item\" style=\"\"><span class=\"icon-wrapper circle-no\"><i class=\"fusion-li-icon fa-map fas\" aria-hidden=\"true\"><\/i><\/span><div class=\"fusion-li-item-content\">\n<p>Kalverringdijk 7<\/p>\n<\/div><\/li><li class=\"fusion-li-item\" style=\"\"><span class=\"icon-wrapper circle-no\"><i class=\"fusion-li-icon fa-sign fas\" aria-hidden=\"true\"><\/i><\/span><div class=\"fusion-li-item-content\">\n<p>No visites<\/p>\n<p>Las casas del Zaanse Schans muestran la aut\u00e9ntica e hist\u00f3rica construcci\u00f3n en madera del Zaanse. Las casas est\u00e1n ocupadas, por lo que no puedes visitarlas. Obs\u00e9rvalos desde lejos y, por favor, s\u00e9 considerado con los residentes.<br \/>\n<em>\u00a1Disfruta del entorno y de un d\u00eda maravilloso en Zaanse Schans!<\/em><\/p>\n<\/div><\/li><\/ul><div class=\"fusion-separator fusion-full-width-sep\" style=\"align-self: center;margin-left: auto;margin-right: auto;margin-top:60px;width:100%;\"><\/div><nav class=\"awb-menu awb-menu_column awb-menu_em-click mobile-mode-collapse-to-button awb-menu_icons-left awb-menu_dc-yes mobile-trigger-fullwidth-off awb-menu_mobile-toggle awb-menu_indent-left close-on-outer-click-yes mobile-size-full-absolute loading mega-menu-loading awb-menu_desktop awb-menu_v-stacked awb-submenu_cm_accordion\" style=\"--awb-active-color:#000000;--awb-icons-size:56;--awb-main-justify-content:flex-start;--awb-mobile-justify:flex-start;--awb-mobile-caret-left:auto;--awb-mobile-caret-right:0;--awb-fusion-font-family-typography:inherit;--awb-fusion-font-style-typography:normal;--awb-fusion-font-weight-typography:400;--awb-fusion-font-family-submenu-typography:inherit;--awb-fusion-font-style-submenu-typography:normal;--awb-fusion-font-weight-submenu-typography:400;--awb-fusion-font-family-mobile-typography:inherit;--awb-fusion-font-style-mobile-typography:normal;--awb-fusion-font-weight-mobile-typography:400;\" aria-label=\"Locaties\" data-breakpoint=\"0\" data-count=\"0\" data-transition-type=\"fade\" data-transition-time=\"300\"><ul id=\"menu-locaties-spaans\" class=\"fusion-menu awb-menu__main-ul awb-menu__main-ul_column\"><li  id=\"menu-item-10747\"  class=\"menu-item menu-item-type-custom menu-item-object-custom menu-item-has-children menu-item-10747 awb-menu__li awb-menu__main-li awb-menu__main-li_regular\"  data-item-id=\"10747\"><span class=\"awb-menu__main-background-default awb-menu__main-background-default_fade\"><\/span><span class=\"awb-menu__main-background-active awb-menu__main-background-active_fade\"><\/span><a  href=\"https:\/\/www.zaanseschans.com\/specerijenmolen-de-huisman\/\" class=\"awb-menu__main-a awb-menu__main-a_regular\"><span class=\"menu-text\">Molinos<\/span><\/a><button type=\"button\" aria-label=\"Open submenu of Molinos\" aria-expanded=\"false\" class=\"awb-menu__open-nav-submenu_mobile awb-menu__open-nav-submenu_click awb-menu__open-nav-submenu_main awb-menu__open-nav-submenu_needs-spacing\"><\/button><ul class=\"awb-menu__sub-ul awb-menu__sub-ul_main\"><li  id=\"menu-item-10748\"  class=\"menu-item menu-item-type-post_type menu-item-object-page menu-item-10748 awb-menu__li awb-menu__sub-li\" ><a  href=\"https:\/\/www.zaanseschans.com\/es\/el-molino-de-especias-de-huisman\/\" class=\"awb-menu__sub-a\"><span>El molino de especias Huisman<\/span><\/a><\/li><li  id=\"menu-item-10749\"  class=\"menu-item menu-item-type-post_type menu-item-object-page menu-item-10749 awb-menu__li awb-menu__sub-li\" ><a  href=\"https:\/\/www.zaanseschans.com\/es\/aserradero-de-madera-molino-de-gekroonde-poelenburg\/\" class=\"awb-menu__sub-a\"><span>Aserradero de madera molino De Gekroonde Poelenburg<\/span><\/a><\/li><li  id=\"menu-item-10750\"  class=\"menu-item menu-item-type-post_type menu-item-object-page menu-item-10750 awb-menu__li awb-menu__sub-li\" ><a  href=\"https:\/\/www.zaanseschans.com\/es\/molino-de-pintura-de-kat\/\" class=\"awb-menu__sub-a\"><span>Molino de pintura El gato<\/span><\/a><\/li><li  id=\"menu-item-10751\"  class=\"menu-item menu-item-type-post_type menu-item-object-page menu-item-10751 awb-menu__li awb-menu__sub-li\" ><a  href=\"https:\/\/www.zaanseschans.com\/es\/molina-almazara-de-zoeker\/\" class=\"awb-menu__sub-a\"><span>Almazara El Buscador<\/span><\/a><\/li><li  id=\"menu-item-10752\"  class=\"menu-item menu-item-type-post_type menu-item-object-page menu-item-10752 awb-menu__li awb-menu__sub-li\" ><a  href=\"https:\/\/www.zaanseschans.com\/es\/molino-serradero-de-madera-het-jonge-schaap\/\" class=\"awb-menu__sub-a\"><span>Aserradero de madera La oveja joven<\/span><\/a><\/li><li  id=\"menu-item-10753\"  class=\"menu-item menu-item-type-post_type menu-item-object-page menu-item-10753 awb-menu__li awb-menu__sub-li\" ><a  href=\"https:\/\/www.zaanseschans.com\/es\/molino-almazara-de-os\/\" class=\"awb-menu__sub-a\"><span>Molino almazara De Os<\/span><\/a><\/li><li  id=\"menu-item-10754\"  class=\"menu-item menu-item-type-post_type menu-item-object-page menu-item-10754 awb-menu__li awb-menu__sub-li\" ><a  href=\"https:\/\/www.zaanseschans.com\/es\/molino-aserradero-de-madera-het-klaverblad\/\" class=\"awb-menu__sub-a\"><span>Molino aserradero de madera Het Klaverblad<\/span><\/a><\/li><li  id=\"menu-item-10755\"  class=\"menu-item menu-item-type-post_type menu-item-object-page menu-item-10755 awb-menu__li awb-menu__sub-li\" ><a  href=\"https:\/\/www.zaanseschans.com\/es\/molino-almazara-de-bonte-hen\/\" class=\"awb-menu__sub-a\"><span>Almazara De Bonte Hen<\/span><\/a><\/li><li  id=\"menu-item-10756\"  class=\"menu-item menu-item-type-post_type menu-item-object-page menu-item-10756 awb-menu__li awb-menu__sub-li\" ><a  href=\"https:\/\/www.zaanseschans.com\/es\/molino-de-juego-de-windhond\/\" class=\"awb-menu__sub-a\"><span>Molino de juego De Windhond<\/span><\/a><\/li><li  id=\"menu-item-10757\"  class=\"menu-item menu-item-type-post_type menu-item-object-page menu-item-10757 awb-menu__li awb-menu__sub-li\" ><a  href=\"https:\/\/www.zaanseschans.com\/es\/molino-del-prado-de-hadel\/\" class=\"awb-menu__sub-a\"><span>Molino del Prado De Hadel<\/span><\/a><\/li><\/ul><\/li><li  id=\"menu-item-10758\"  class=\"menu-item menu-item-type-custom menu-item-object-custom menu-item-has-children menu-item-10758 awb-menu__li awb-menu__main-li awb-menu__main-li_regular\"  data-item-id=\"10758\"><span class=\"awb-menu__main-background-default awb-menu__main-background-default_fade\"><\/span><span class=\"awb-menu__main-background-active awb-menu__main-background-active_fade\"><\/span><a  href=\"https:\/\/www.zaanseschans.com\/kalverringdijk-7\/\" class=\"awb-menu__main-a awb-menu__main-a_regular\"><span class=\"menu-text\">Casas<\/span><\/a><button type=\"button\" aria-label=\"Open submenu of Casas\" aria-expanded=\"false\" class=\"awb-menu__open-nav-submenu_mobile awb-menu__open-nav-submenu_click awb-menu__open-nav-submenu_main awb-menu__open-nav-submenu_needs-spacing\"><\/button><ul class=\"awb-menu__sub-ul awb-menu__sub-ul_main\"><li  id=\"menu-item-10759\"  class=\"menu-item menu-item-type-post_type menu-item-object-page menu-item-10759 awb-menu__li awb-menu__sub-li\" ><a  href=\"https:\/\/www.zaanseschans.com\/es\/kalverringdijk-7\/\" class=\"awb-menu__sub-a\"><span>Kalverringdijk 7<\/span><\/a><\/li><li  id=\"menu-item-10760\"  class=\"menu-item menu-item-type-post_type menu-item-object-page menu-item-10760 awb-menu__li awb-menu__sub-li\" ><a  href=\"https:\/\/www.zaanseschans.com\/es\/kalverringdijk-8\/\" class=\"awb-menu__sub-a\"><span>Kalverringdijk 8<\/span><\/a><\/li><li  id=\"menu-item-10761\"  class=\"menu-item menu-item-type-post_type menu-item-object-page menu-item-10761 awb-menu__li awb-menu__sub-li\" ><a  href=\"https:\/\/www.zaanseschans.com\/es\/kalverringdijk-9\/\" class=\"awb-menu__sub-a\"><span>Kalverringdijk 9<\/span><\/a><\/li><li  id=\"menu-item-10762\"  class=\"menu-item menu-item-type-post_type menu-item-object-page menu-item-10762 awb-menu__li awb-menu__sub-li\" ><a  href=\"https:\/\/www.zaanseschans.com\/es\/kalverringdijk-10\/\" class=\"awb-menu__sub-a\"><span>Kalverringdijk 10<\/span><\/a><\/li><li  id=\"menu-item-10763\"  class=\"menu-item menu-item-type-post_type menu-item-object-page menu-item-10763 awb-menu__li awb-menu__sub-li\" ><a  href=\"https:\/\/www.zaanseschans.com\/es\/kalverringdijk-11\/\" class=\"awb-menu__sub-a\"><span>Kalverringdijk 11<\/span><\/a><\/li><li  id=\"menu-item-10802\"  class=\"menu-item menu-item-type-post_type menu-item-object-page menu-item-10802 awb-menu__li awb-menu__sub-li\" ><a  href=\"https:\/\/www.zaanseschans.com\/es\/heerlijck-slaapen-op-de-zaanse-schans\/\" class=\"awb-menu__sub-a\"><span>Kalverringdijk 17<\/span><\/a><\/li><li  id=\"menu-item-10803\"  class=\"menu-item menu-item-type-post_type menu-item-object-page menu-item-10803 awb-menu__li awb-menu__sub-li\" ><a  href=\"https:\/\/www.zaanseschans.com\/es\/casa-del-mercader-de-mol\/\" class=\"awb-menu__sub-a\"><span>Kalverringdijk 19<\/span><\/a><\/li><li  id=\"menu-item-10764\"  class=\"menu-item menu-item-type-post_type menu-item-object-page menu-item-10764 awb-menu__li awb-menu__sub-li\" ><a  href=\"https:\/\/www.zaanseschans.com\/es\/zonnewijzerspad-1-2\/\" class=\"awb-menu__sub-a\"><span>Zonnewijzerspad 1-2<\/span><\/a><\/li><li  id=\"menu-item-10765\"  class=\"menu-item menu-item-type-post_type menu-item-object-page menu-item-10765 awb-menu__li awb-menu__sub-li\" ><a  href=\"https:\/\/www.zaanseschans.com\/es\/zonnewijzerspad-5\/\" class=\"awb-menu__sub-a\"><span>Zonnewijzerspad 5<\/span><\/a><\/li><li  id=\"menu-item-10766\"  class=\"menu-item menu-item-type-post_type menu-item-object-page menu-item-10766 awb-menu__li awb-menu__sub-li\" ><a  href=\"https:\/\/www.zaanseschans.com\/es\/zonnewijzerspad-6\/\" class=\"awb-menu__sub-a\"><span>Zonnewijzerspad 6<\/span><\/a><\/li><li  id=\"menu-item-10767\"  class=\"menu-item menu-item-type-post_type menu-item-object-page menu-item-10767 awb-menu__li awb-menu__sub-li\" ><a  href=\"https:\/\/www.zaanseschans.com\/es\/zonnewijzerspad-7\/\" class=\"awb-menu__sub-a\"><span>Zonnewijzerspad 7<\/span><\/a><\/li><li  id=\"menu-item-10768\"  class=\"menu-item menu-item-type-post_type menu-item-object-page menu-item-10768 awb-menu__li awb-menu__sub-li\" ><a  href=\"https:\/\/www.zaanseschans.com\/es\/zonnewijzerspad-8\/\" class=\"awb-menu__sub-a\"><span>Zonnewijzerspad 8<\/span><\/a><\/li><li  id=\"menu-item-10769\"  class=\"menu-item menu-item-type-post_type menu-item-object-page menu-item-10769 awb-menu__li awb-menu__sub-li\" ><a  href=\"https:\/\/www.zaanseschans.com\/es\/de-kwakels-1\/\" class=\"awb-menu__sub-a\"><span>De Kwakels 1<\/span><\/a><\/li><li  id=\"menu-item-10770\"  class=\"menu-item menu-item-type-post_type menu-item-object-page menu-item-10770 awb-menu__li awb-menu__sub-li\" ><a  href=\"https:\/\/www.zaanseschans.com\/es\/zeilenmakerspad-1\/\" class=\"awb-menu__sub-a\"><span>Zeilenmakerspad 1<\/span><\/a><\/li><li  id=\"menu-item-10771\"  class=\"menu-item menu-item-type-post_type menu-item-object-page menu-item-10771 awb-menu__li awb-menu__sub-li\" ><a  href=\"https:\/\/www.zaanseschans.com\/es\/zeilenmakerspad-3\/\" class=\"awb-menu__sub-a\"><span>Zeilenmakerspad 3<\/span><\/a><\/li><li  id=\"menu-item-10772\"  class=\"menu-item menu-item-type-post_type menu-item-object-page menu-item-10772 awb-menu__li awb-menu__sub-li\" ><a  href=\"https:\/\/www.zaanseschans.com\/es\/zeilenmakerspad-5\/\" class=\"awb-menu__sub-a\"><span>Zeilenmakerspad 5<\/span><\/a><\/li><\/ul><\/li><li  id=\"menu-item-10773\"  class=\"menu-item menu-item-type-custom menu-item-object-custom menu-item-has-children menu-item-10773 awb-menu__li awb-menu__main-li awb-menu__main-li_regular\"  data-item-id=\"10773\"><span class=\"awb-menu__main-background-default awb-menu__main-background-default_fade\"><\/span><span class=\"awb-menu__main-background-active awb-menu__main-background-active_fade\"><\/span><a  href=\"https:\/\/www.zaanseschans.com\/tinnegieterij-de-tinkoepel\/\" class=\"awb-menu__main-a awb-menu__main-a_regular\"><span class=\"menu-text\">Manualidades<\/span><\/a><button type=\"button\" aria-label=\"Open submenu of Manualidades\" aria-expanded=\"false\" class=\"awb-menu__open-nav-submenu_mobile awb-menu__open-nav-submenu_click awb-menu__open-nav-submenu_main awb-menu__open-nav-submenu_needs-spacing\"><\/button><ul class=\"awb-menu__sub-ul awb-menu__sub-ul_main\"><li  id=\"menu-item-10774\"  class=\"menu-item menu-item-type-post_type menu-item-object-page menu-item-10774 awb-menu__li awb-menu__sub-li\" ><a  href=\"https:\/\/www.zaanseschans.com\/es\/fundicion-de-estano-de-tinkoepel\/\" class=\"awb-menu__sub-a\"><span>Fundici\u00f3n de esta\u00f1o De Tinkoepel<\/span><\/a><\/li><li  id=\"menu-item-10775\"  class=\"menu-item menu-item-type-post_type menu-item-object-page menu-item-10775 awb-menu__li awb-menu__sub-li\" ><a  href=\"https:\/\/www.zaanseschans.com\/es\/toneleria-tiemstra\/\" class=\"awb-menu__sub-a\"><span>Toneler\u00eda Tiemstra<\/span><\/a><\/li><li  id=\"menu-item-10776\"  class=\"menu-item menu-item-type-post_type menu-item-object-page menu-item-10776 awb-menu__li awb-menu__sub-li\" ><a  href=\"https:\/\/www.zaanseschans.com\/es\/granja-de-queso-de-catharina-hoeve\/\" class=\"awb-menu__sub-a\"><span>Granja de queso De Catharina Hoeve<\/span><\/a><\/li><li  id=\"menu-item-10777\"  class=\"menu-item menu-item-type-post_type menu-item-object-page menu-item-10777 awb-menu__li awb-menu__sub-li\" ><a  href=\"https:\/\/www.zaanseschans.com\/es\/casa-de-la-tejedora-wevershuis\/\" class=\"awb-menu__sub-a\"><span>Casa de la Tejedora<\/span><\/a><\/li><li  id=\"menu-item-10778\"  class=\"menu-item menu-item-type-post_type menu-item-object-page menu-item-10778 awb-menu__li awb-menu__sub-li\" ><a  href=\"https:\/\/www.zaanseschans.com\/es\/centro-de-artesania-de-saense-lelie\/\" class=\"awb-menu__sub-a\"><span>Centro de artesan\u00eda De Saense Lelie<\/span><\/a><\/li><li  id=\"menu-item-10779\"  class=\"menu-item menu-item-type-post_type menu-item-object-page menu-item-10779 awb-menu__li awb-menu__sub-li\" ><a  href=\"https:\/\/www.zaanseschans.com\/es\/la-fabrica-de-zuecos-de-zaanse-schans\/\" class=\"awb-menu__sub-a\"><span>La f\u00e1brica de zuecos de Zaanse Schans<\/span><\/a><\/li><\/ul><\/li><li  id=\"menu-item-10780\"  class=\"menu-item menu-item-type-custom menu-item-object-custom menu-item-has-children menu-item-10780 awb-menu__li awb-menu__main-li awb-menu__main-li_regular\"  data-item-id=\"10780\"><span class=\"awb-menu__main-background-default awb-menu__main-background-default_fade\"><\/span><span class=\"awb-menu__main-background-active awb-menu__main-background-active_fade\"><\/span><a  href=\"https:\/\/www.zaanseschans.com\/museumwinkel-albert-heijn\/\" class=\"awb-menu__main-a awb-menu__main-a_regular\"><span class=\"menu-text\">Museos<\/span><\/a><button type=\"button\" aria-label=\"Open submenu of Museos\" aria-expanded=\"false\" class=\"awb-menu__open-nav-submenu_mobile awb-menu__open-nav-submenu_click awb-menu__open-nav-submenu_main awb-menu__open-nav-submenu_needs-spacing\"><\/button><ul class=\"awb-menu__sub-ul awb-menu__sub-ul_main\"><li  id=\"menu-item-10781\"  class=\"menu-item menu-item-type-post_type menu-item-object-page menu-item-10781 awb-menu__li awb-menu__sub-li\" ><a  href=\"https:\/\/www.zaanseschans.com\/es\/tienda-museo-albert-heijn\/\" class=\"awb-menu__sub-a\"><span>Tienda museo Albert Heijn<\/span><\/a><\/li><li  id=\"menu-item-10782\"  class=\"menu-item menu-item-type-post_type menu-item-object-page menu-item-10782 awb-menu__li awb-menu__sub-li\" ><a  href=\"https:\/\/www.zaanseschans.com\/es\/museo-zaanse-tijd\/\" class=\"awb-menu__sub-a\"><span>Museo Zaanse Tijd<\/span><\/a><\/li><li  id=\"menu-item-10783\"  class=\"menu-item menu-item-type-post_type menu-item-object-page menu-item-10783 awb-menu__li awb-menu__sub-li\" ><a  href=\"https:\/\/www.zaanseschans.com\/es\/molino-museo-de-zaansche-molen\/\" class=\"awb-menu__sub-a\"><span>Molino museo De Zaansche Molen<\/span><\/a><\/li><li  id=\"menu-item-10784\"  class=\"menu-item menu-item-type-post_type menu-item-object-page menu-item-10784 awb-menu__li awb-menu__sub-li\" ><a  href=\"https:\/\/www.zaanseschans.com\/es\/casa-de-jisp\/\" class=\"awb-menu__sub-a\"><span>Casa de Jisp<\/span><\/a><\/li><li  id=\"menu-item-10785\"  class=\"menu-item menu-item-type-post_type menu-item-object-page menu-item-10785 awb-menu__li awb-menu__sub-li\" ><a  href=\"https:\/\/www.zaanseschans.com\/es\/museo-de-la-panaderia-in-de-gecroonde-duyvekater\/\" class=\"awb-menu__sub-a\"><span>Museo de la Panader\u00eda In de Gecroonde Duyvekater<\/span><\/a><\/li><li  id=\"menu-item-10786\"  class=\"menu-item menu-item-type-post_type menu-item-object-page menu-item-10786 awb-menu__li awb-menu__sub-li\" ><a  href=\"https:\/\/www.zaanseschans.com\/es\/museo-zaans\/\" class=\"awb-menu__sub-a\"><span>Museo Zaans<\/span><\/a><\/li><li  id=\"menu-item-10787\"  class=\"menu-item menu-item-type-post_type menu-item-object-page menu-item-10787 awb-menu__li awb-menu__sub-li\" ><a  href=\"https:\/\/www.zaanseschans.com\/es\/pabellon-verkade\/\" class=\"awb-menu__sub-a\"><span>Experiencia Verkade<\/span><\/a><\/li><li  id=\"menu-item-10788\"  class=\"menu-item menu-item-type-post_type menu-item-object-page menu-item-10788 awb-menu__li awb-menu__sub-li\" ><a  href=\"https:\/\/www.zaanseschans.com\/es\/mini-museo-spoithois\/\" class=\"awb-menu__sub-a\"><span>Mini Museo \u201cSpoithois<\/span><\/a><\/li><\/ul><\/li><li  id=\"menu-item-10789\"  class=\"menu-item menu-item-type-custom menu-item-object-custom menu-item-has-children menu-item-10789 awb-menu__li awb-menu__main-li awb-menu__main-li_regular\"  data-item-id=\"10789\"><span class=\"awb-menu__main-background-default awb-menu__main-background-default_fade\"><\/span><span class=\"awb-menu__main-background-active awb-menu__main-background-active_fade\"><\/span><a  href=\"https:\/\/www.zaanseschans.com\/belevingswinkel-blik-op-de-zaan\/\" class=\"awb-menu__main-a awb-menu__main-a_regular\"><span class=\"menu-text\">Tiendas<\/span><\/a><button type=\"button\" aria-label=\"Open submenu of Tiendas\" aria-expanded=\"false\" class=\"awb-menu__open-nav-submenu_mobile awb-menu__open-nav-submenu_click awb-menu__open-nav-submenu_main awb-menu__open-nav-submenu_needs-spacing\"><\/button><ul class=\"awb-menu__sub-ul awb-menu__sub-ul_main\"><li  id=\"menu-item-10790\"  class=\"menu-item menu-item-type-post_type menu-item-object-page menu-item-10790 awb-menu__li awb-menu__sub-li\" ><a  href=\"https:\/\/www.zaanseschans.com\/es\/tienda-de-experiencias-blik-op-cacao\/\" class=\"awb-menu__sub-a\"><span>Tienda de experiencias Blik op Cacao<\/span><\/a><\/li><li  id=\"menu-item-10791\"  class=\"menu-item menu-item-type-post_type menu-item-object-page menu-item-10791 awb-menu__li awb-menu__sub-li\" ><a  href=\"https:\/\/www.zaanseschans.com\/es\/trash-treasures-tienda-de-antiguedades-het-jagershuis\/\" class=\"awb-menu__sub-a\"><span>Trash &#038; Treasures Tienda de antig\u00fcedades\u00a0Het Jagershuis<\/span><\/a><\/li><li  id=\"menu-item-10792\"  class=\"menu-item menu-item-type-post_type menu-item-object-page menu-item-10792 awb-menu__li awb-menu__sub-li\" ><a  href=\"https:\/\/www.zaanseschans.com\/es\/fotografia-zaanse-schans\/\" class=\"awb-menu__sub-a\"><span>Fotograf\u00eda Zaanse Schans<\/span><\/a><\/li><li  id=\"menu-item-10793\"  class=\"menu-item menu-item-type-post_type menu-item-object-page menu-item-10793 awb-menu__li awb-menu__sub-li\" ><a  href=\"https:\/\/www.zaanseschans.com\/es\/recuerdos-de-molinos-de-viento-pakhuis-de-bezem\/\" class=\"awb-menu__sub-a\"><span>Recuerdos de molinos de viento Pakhuis De Bezem<\/span><\/a><\/li><li  id=\"menu-item-10794\"  class=\"menu-item menu-item-type-post_type menu-item-object-page menu-item-10794 awb-menu__li awb-menu__sub-li\" ><a  href=\"https:\/\/www.zaanseschans.com\/es\/recuerdos-pakhuis-vrede\/\" class=\"awb-menu__sub-a\"><span>Recuerdos \u2013 Pakhuis Vrede<\/span><\/a><\/li><li  id=\"menu-item-10795\"  class=\"menu-item menu-item-type-post_type menu-item-object-page menu-item-10795 awb-menu__li awb-menu__sub-li\" ><a  href=\"https:\/\/www.zaanseschans.com\/es\/tienda-de-regalos-orse-ket-aan-t-glop\/\" class=\"awb-menu__sub-a\"><span>Tienda de regalos Orse-Ket on \u2019t Glop<\/span><\/a><\/li><\/ul><\/li><li  id=\"menu-item-10796\"  class=\"menu-item menu-item-type-custom menu-item-object-custom menu-item-has-children menu-item-10796 awb-menu__li awb-menu__main-li awb-menu__main-li_regular\"  data-item-id=\"10796\"><span class=\"awb-menu__main-background-default awb-menu__main-background-default_fade\"><\/span><span class=\"awb-menu__main-background-active awb-menu__main-background-active_fade\"><\/span><a  href=\"https:\/\/www.zaanseschans.com\/kalverringdijk-13\/\" class=\"awb-menu__main-a awb-menu__main-a_regular\"><span class=\"menu-text\">Restaurantes<\/span><\/a><button type=\"button\" aria-label=\"Open submenu of Restaurantes\" aria-expanded=\"false\" class=\"awb-menu__open-nav-submenu_mobile awb-menu__open-nav-submenu_click awb-menu__open-nav-submenu_main awb-menu__open-nav-submenu_needs-spacing\"><\/button><ul class=\"awb-menu__sub-ul awb-menu__sub-ul_main\"><li  id=\"menu-item-10797\"  class=\"menu-item menu-item-type-post_type menu-item-object-page menu-item-10797 awb-menu__li awb-menu__sub-li\" ><a  href=\"https:\/\/www.zaanseschans.com\/es\/restaurante-dependiente-de-walvis\/\" class=\"awb-menu__sub-a\"><span>Restaurante Dependiente \u2018De Walvis\u2019<\/span><\/a><\/li><li  id=\"menu-item-10798\"  class=\"menu-item menu-item-type-post_type menu-item-object-page menu-item-10798 awb-menu__li awb-menu__sub-li\" ><a  href=\"https:\/\/www.zaanseschans.com\/es\/restaurante-de-hoop-op-dswarte-walvis\/\" class=\"awb-menu__sub-a\"><span>Restaurante De Hoop op d\u2019Swarte Walvis<\/span><\/a><\/li><li  id=\"menu-item-10799\"  class=\"menu-item menu-item-type-post_type menu-item-object-page menu-item-10799 awb-menu__li awb-menu__sub-li\" ><a  href=\"https:\/\/www.zaanseschans.com\/es\/sala-de-degustacion-destileria-de-tweekoppige-phoenix\/\" class=\"awb-menu__sub-a\"><span>Sala de degustaci\u00f3n\/destiler\u00eda De Tweekoppige Phoenix<\/span><\/a><\/li><li  id=\"menu-item-10800\"  class=\"menu-item menu-item-type-post_type menu-item-object-page menu-item-10800 awb-menu__li awb-menu__sub-li\" ><a  href=\"https:\/\/www.zaanseschans.com\/es\/restaurante-de-panqueques-de-kraai\/\" class=\"awb-menu__sub-a\"><span>Restaurante de panqueques De Kraai<\/span><\/a><\/li><\/ul><\/li><li  id=\"menu-item-10804\"  class=\"menu-item menu-item-type-custom menu-item-object-custom menu-item-has-children menu-item-10804 awb-menu__li awb-menu__main-li awb-menu__main-li_regular\"  data-item-id=\"10804\"><span class=\"awb-menu__main-background-default awb-menu__main-background-default_fade\"><\/span><span class=\"awb-menu__main-background-active awb-menu__main-background-active_fade\"><\/span><a  href=\"https:\/\/www.zaanseschans.com\/natuur-wandelroute\/\" class=\"awb-menu__main-a awb-menu__main-a_regular\"><span class=\"menu-text\">Actividades<\/span><\/a><button type=\"button\" aria-label=\"Open submenu of Actividades\" aria-expanded=\"false\" class=\"awb-menu__open-nav-submenu_mobile awb-menu__open-nav-submenu_click awb-menu__open-nav-submenu_main awb-menu__open-nav-submenu_needs-spacing\"><\/button><ul class=\"awb-menu__sub-ul awb-menu__sub-ul_main\"><li  id=\"menu-item-10805\"  class=\"menu-item menu-item-type-post_type menu-item-object-page menu-item-10805 awb-menu__li awb-menu__sub-li\" ><a  href=\"https:\/\/www.zaanseschans.com\/es\/ruta-de-senderismo-por-la-naturaleza\/\" class=\"awb-menu__sub-a\"><span>Ruta de la naturaleza<\/span><\/a><\/li><\/ul><\/li><\/ul><\/nav>\n<\/div><\/div><\/div><\/div>\n","protected":false},"excerpt":{"rendered":"","protected":false},"author":1,"featured_media":0,"parent":0,"menu_order":0,"comment_status":"closed","ping_status":"closed","template":"100-width.php","meta":{"footnotes":""},"class_list":["post-9938","page","type-page","status-publish","hentry"],"yoast_head":"<!-- This site is optimized with the Yoast SEO plugin v27.3 - https:\/\/yoast.com\/product\/yoast-seo-wordpress\/ -->\n<title>Kalverringdijk 7 - Zaanse Schans<\/title>\n<meta name=\"description\" content=\"Descubre la \u00fanica casa de madera de dos plantas del Zaanse Schans, con una rica historia como antigua tienda.\" \/>\n<meta name=\"robots\" content=\"index, follow, max-snippet:-1, max-image-preview:large, max-video-preview:-1\" \/>\n<link rel=\"canonical\" href=\"https:\/\/www.zaanseschans.com\/es\/kalverringdijk-7\/\" \/>\n<meta property=\"og:locale\" content=\"es_ES\" \/>\n<meta property=\"og:type\" content=\"article\" \/>\n<meta property=\"og:title\" content=\"Kalverringdijk 7 - Zaanse Schans\" \/>\n<meta property=\"og:description\" content=\"Descubre la \u00fanica casa de madera de dos plantas del Zaanse Schans, con una rica historia como antigua tienda.\" \/>\n<meta property=\"og:url\" content=\"https:\/\/www.zaanseschans.com\/es\/kalverringdijk-7\/\" \/>\n<meta property=\"og:site_name\" content=\"Zaanse Schans\" \/>\n<meta property=\"article:modified_time\" content=\"2024-06-10T14:01:53+00:00\" \/>\n<meta name=\"twitter:card\" content=\"summary_large_image\" \/>\n<meta name=\"twitter:label1\" content=\"Tiempo de lectura\" \/>\n\t<meta name=\"twitter:data1\" content=\"18 minutos\" \/>\n<script type=\"application\/ld+json\" class=\"yoast-schema-graph\">{\"@context\":\"https:\\\/\\\/schema.org\",\"@graph\":[{\"@type\":\"WebPage\",\"@id\":\"https:\\\/\\\/www.zaanseschans.com\\\/es\\\/kalverringdijk-7\\\/\",\"url\":\"https:\\\/\\\/www.zaanseschans.com\\\/es\\\/kalverringdijk-7\\\/\",\"name\":\"Kalverringdijk 7 - Zaanse Schans\",\"isPartOf\":{\"@id\":\"https:\\\/\\\/www.zaanseschans.com\\\/es\\\/#website\"},\"datePublished\":\"2023-12-07T09:48:06+00:00\",\"dateModified\":\"2024-06-10T14:01:53+00:00\",\"description\":\"Descubre la \u00fanica casa de madera de dos plantas del Zaanse Schans, con una rica historia como antigua tienda.\",\"breadcrumb\":{\"@id\":\"https:\\\/\\\/www.zaanseschans.com\\\/es\\\/kalverringdijk-7\\\/#breadcrumb\"},\"inLanguage\":\"es\",\"potentialAction\":[{\"@type\":\"ReadAction\",\"target\":[\"https:\\\/\\\/www.zaanseschans.com\\\/es\\\/kalverringdijk-7\\\/\"]}]},{\"@type\":\"BreadcrumbList\",\"@id\":\"https:\\\/\\\/www.zaanseschans.com\\\/es\\\/kalverringdijk-7\\\/#breadcrumb\",\"itemListElement\":[{\"@type\":\"ListItem\",\"position\":1,\"name\":\"Home\",\"item\":\"https:\\\/\\\/www.zaanseschans.com\\\/es\\\/\"},{\"@type\":\"ListItem\",\"position\":2,\"name\":\"Kalverringdijk 7\"}]},{\"@type\":\"WebSite\",\"@id\":\"https:\\\/\\\/www.zaanseschans.com\\\/es\\\/#website\",\"url\":\"https:\\\/\\\/www.zaanseschans.com\\\/es\\\/\",\"name\":\"Zaanse Schans\",\"description\":\"\",\"publisher\":{\"@id\":\"https:\\\/\\\/www.zaanseschans.com\\\/es\\\/#organization\"},\"potentialAction\":[{\"@type\":\"SearchAction\",\"target\":{\"@type\":\"EntryPoint\",\"urlTemplate\":\"https:\\\/\\\/www.zaanseschans.com\\\/es\\\/?s={search_term_string}\"},\"query-input\":{\"@type\":\"PropertyValueSpecification\",\"valueRequired\":true,\"valueName\":\"search_term_string\"}}],\"inLanguage\":\"es\"},{\"@type\":\"Organization\",\"@id\":\"https:\\\/\\\/www.zaanseschans.com\\\/es\\\/#organization\",\"name\":\"Zaanse Schans\",\"url\":\"https:\\\/\\\/www.zaanseschans.com\\\/es\\\/\",\"logo\":{\"@type\":\"ImageObject\",\"inLanguage\":\"es\",\"@id\":\"https:\\\/\\\/www.zaanseschans.com\\\/es\\\/#\\\/schema\\\/logo\\\/image\\\/\",\"url\":\"https:\\\/\\\/www.zaanseschans.com\\\/wp-content\\\/uploads\\\/Zaanse-schans-logo-INSTA.jpg\",\"contentUrl\":\"https:\\\/\\\/www.zaanseschans.com\\\/wp-content\\\/uploads\\\/Zaanse-schans-logo-INSTA.jpg\",\"width\":360,\"height\":360,\"caption\":\"Zaanse Schans\"},\"image\":{\"@id\":\"https:\\\/\\\/www.zaanseschans.com\\\/es\\\/#\\\/schema\\\/logo\\\/image\\\/\"},\"sameAs\":[\"https:\\\/\\\/www.instagram.com\\\/zaanseschansholland\\\/\"]}]}<\/script>\n<!-- \/ Yoast SEO plugin. -->","yoast_head_json":{"title":"Kalverringdijk 7 - Zaanse Schans","description":"Descubre la \u00fanica casa de madera de dos plantas del Zaanse Schans, con una rica historia como antigua tienda.","robots":{"index":"index","follow":"follow","max-snippet":"max-snippet:-1","max-image-preview":"max-image-preview:large","max-video-preview":"max-video-preview:-1"},"canonical":"https:\/\/www.zaanseschans.com\/es\/kalverringdijk-7\/","og_locale":"es_ES","og_type":"article","og_title":"Kalverringdijk 7 - Zaanse Schans","og_description":"Descubre la \u00fanica casa de madera de dos plantas del Zaanse Schans, con una rica historia como antigua tienda.","og_url":"https:\/\/www.zaanseschans.com\/es\/kalverringdijk-7\/","og_site_name":"Zaanse Schans","article_modified_time":"2024-06-10T14:01:53+00:00","twitter_card":"summary_large_image","twitter_misc":{"Tiempo de lectura":"18 minutos"},"schema":{"@context":"https:\/\/schema.org","@graph":[{"@type":"WebPage","@id":"https:\/\/www.zaanseschans.com\/es\/kalverringdijk-7\/","url":"https:\/\/www.zaanseschans.com\/es\/kalverringdijk-7\/","name":"Kalverringdijk 7 - Zaanse Schans","isPartOf":{"@id":"https:\/\/www.zaanseschans.com\/es\/#website"},"datePublished":"2023-12-07T09:48:06+00:00","dateModified":"2024-06-10T14:01:53+00:00","description":"Descubre la \u00fanica casa de madera de dos plantas del Zaanse Schans, con una rica historia como antigua tienda.","breadcrumb":{"@id":"https:\/\/www.zaanseschans.com\/es\/kalverringdijk-7\/#breadcrumb"},"inLanguage":"es","potentialAction":[{"@type":"ReadAction","target":["https:\/\/www.zaanseschans.com\/es\/kalverringdijk-7\/"]}]},{"@type":"BreadcrumbList","@id":"https:\/\/www.zaanseschans.com\/es\/kalverringdijk-7\/#breadcrumb","itemListElement":[{"@type":"ListItem","position":1,"name":"Home","item":"https:\/\/www.zaanseschans.com\/es\/"},{"@type":"ListItem","position":2,"name":"Kalverringdijk 7"}]},{"@type":"WebSite","@id":"https:\/\/www.zaanseschans.com\/es\/#website","url":"https:\/\/www.zaanseschans.com\/es\/","name":"Zaanse Schans","description":"","publisher":{"@id":"https:\/\/www.zaanseschans.com\/es\/#organization"},"potentialAction":[{"@type":"SearchAction","target":{"@type":"EntryPoint","urlTemplate":"https:\/\/www.zaanseschans.com\/es\/?s={search_term_string}"},"query-input":{"@type":"PropertyValueSpecification","valueRequired":true,"valueName":"search_term_string"}}],"inLanguage":"es"},{"@type":"Organization","@id":"https:\/\/www.zaanseschans.com\/es\/#organization","name":"Zaanse Schans","url":"https:\/\/www.zaanseschans.com\/es\/","logo":{"@type":"ImageObject","inLanguage":"es","@id":"https:\/\/www.zaanseschans.com\/es\/#\/schema\/logo\/image\/","url":"https:\/\/www.zaanseschans.com\/wp-content\/uploads\/Zaanse-schans-logo-INSTA.jpg","contentUrl":"https:\/\/www.zaanseschans.com\/wp-content\/uploads\/Zaanse-schans-logo-INSTA.jpg","width":360,"height":360,"caption":"Zaanse Schans"},"image":{"@id":"https:\/\/www.zaanseschans.com\/es\/#\/schema\/logo\/image\/"},"sameAs":["https:\/\/www.instagram.com\/zaanseschansholland\/"]}]}},"_links":{"self":[{"href":"https:\/\/www.zaanseschans.com\/es\/wp-json\/wp\/v2\/pages\/9938","targetHints":{"allow":["GET"]}}],"collection":[{"href":"https:\/\/www.zaanseschans.com\/es\/wp-json\/wp\/v2\/pages"}],"about":[{"href":"https:\/\/www.zaanseschans.com\/es\/wp-json\/wp\/v2\/types\/page"}],"author":[{"embeddable":true,"href":"https:\/\/www.zaanseschans.com\/es\/wp-json\/wp\/v2\/users\/1"}],"replies":[{"embeddable":true,"href":"https:\/\/www.zaanseschans.com\/es\/wp-json\/wp\/v2\/comments?post=9938"}],"version-history":[{"count":0,"href":"https:\/\/www.zaanseschans.com\/es\/wp-json\/wp\/v2\/pages\/9938\/revisions"}],"wp:attachment":[{"href":"https:\/\/www.zaanseschans.com\/es\/wp-json\/wp\/v2\/media?parent=9938"}],"curies":[{"name":"wp","href":"https:\/\/api.w.org\/{rel}","templated":true}]}}