{"id":12939,"date":"2023-12-02T13:00:33","date_gmt":"2023-12-02T12:00:33","guid":{"rendered":"https:\/\/www.zaanseschans.com\/musee-de-la-boulangerie-in-de-gecroonde-duyvekater\/"},"modified":"2024-06-16T20:42:14","modified_gmt":"2024-06-16T19:42:14","slug":"musee-de-la-boulangerie-in-de-gecroonde-duyvekater","status":"publish","type":"page","link":"https:\/\/www.zaanseschans.com\/fr\/musee-de-la-boulangerie-in-de-gecroonde-duyvekater\/","title":{"rendered":"Mus\u00e9e de la boulangerie In de Gecroonde Duyvekater"},"content":{"rendered":"<div class=\"fusion-fullwidth fullwidth-box fusion-builder-row-1 fusion-flex-container has-pattern-background has-mask-background nonhundred-percent-fullwidth non-hundred-percent-height-scrolling\" style=\"--awb-border-radius-top-left:0px;--awb-border-radius-top-right:0px;--awb-border-radius-bottom-right:0px;--awb-border-radius-bottom-left:0px;--awb-padding-top:0px;--awb-padding-right:0px;--awb-padding-bottom:0px;--awb-padding-left:0px;--awb-margin-top:0px;--awb-margin-bottom:0px;--awb-flex-wrap:wrap;\" ><div class=\"fusion-builder-row fusion-row fusion-flex-align-items-stretch fusion-flex-content-wrap\" style=\"max-width:calc( 1375px + 0px );margin-left: calc(-0px \/ 2 );margin-right: calc(-0px \/ 2 );\"><div class=\"fusion-layout-column fusion_builder_column fusion-builder-column-0 fusion_builder_column_2_3 2_3 fusion-flex-column\" style=\"--awb-padding-right:75px;--awb-padding-bottom:100px;--awb-padding-left:75px;--awb-bg-color:#ffffff;--awb-bg-color-hover:#ffffff;--awb-bg-image:linear-gradient(180deg, #ffffff 31%,#f9f9f6 94%);--awb-bg-position:center top;--awb-bg-size:cover;--awb-width-large:66.666666666667%;--awb-margin-top-large:0px;--awb-spacing-right-large:0px;--awb-margin-bottom-large:0px;--awb-spacing-left-large:0px;--awb-width-medium:100%;--awb-order-medium:0;--awb-spacing-right-medium:0px;--awb-spacing-left-medium:0px;--awb-width-small:100%;--awb-order-small:0;--awb-spacing-right-small:0px;--awb-spacing-left-small:0px;\" data-scroll-devices=\"small-visibility,medium-visibility,large-visibility\"><div class=\"fusion-column-wrapper fusion-column-has-shadow fusion-flex-justify-content-flex-start fusion-content-layout-column\"><div class=\"fusion-separator fusion-no-small-visibility fusion-no-medium-visibility fusion-full-width-sep\" style=\"align-self: center;margin-left: auto;margin-right: auto;margin-top:60px;width:100%;\"><\/div><div class=\"fusion-text fusion-text-1\"><h3>Mus\u00e9e de la boulangerie &lsquo;In de Gecroonde Duyvekater&rsquo;<\/h3>\n<hr \/>\n<h3><\/h3>\n<\/div><div class=\"fusion-image-element \" style=\"--awb-margin-bottom:30px;--awb-caption-title-font-family:var(--h2_typography-font-family);--awb-caption-title-font-weight:var(--h2_typography-font-weight);--awb-caption-title-font-style:var(--h2_typography-font-style);--awb-caption-title-size:var(--h2_typography-font-size);--awb-caption-title-transform:var(--h2_typography-text-transform);--awb-caption-title-line-height:var(--h2_typography-line-height);--awb-caption-title-letter-spacing:var(--h2_typography-letter-spacing);\"><span class=\" fusion-imageframe imageframe-none imageframe-1 hover-type-none\"><img decoding=\"async\" width=\"1000\" height=\"700\" alt=\"Mus\u00e9e de la boulangerie In de Gecroonde Duyvekater\" title=\"In-de-Gecroonde-Duyvekater\u2019\" src=\"https:\/\/www.zaanseschans.com\/wp-content\/uploads\/In-de-Gecroonde-Duyvekater.jpg\" class=\"img-responsive wp-image-12947\" srcset=\"https:\/\/www.zaanseschans.com\/wp-content\/uploads\/In-de-Gecroonde-Duyvekater-200x140.jpg 200w, https:\/\/www.zaanseschans.com\/wp-content\/uploads\/In-de-Gecroonde-Duyvekater-400x280.jpg 400w, https:\/\/www.zaanseschans.com\/wp-content\/uploads\/In-de-Gecroonde-Duyvekater-600x420.jpg 600w, https:\/\/www.zaanseschans.com\/wp-content\/uploads\/In-de-Gecroonde-Duyvekater-800x560.jpg 800w, https:\/\/www.zaanseschans.com\/wp-content\/uploads\/In-de-Gecroonde-Duyvekater.jpg 1000w\" sizes=\"(max-width: 1024px) 100vw, (max-width: 640px) 100vw, 800px\" \/><\/span><\/div><div class=\"fusion-text fusion-text-2 fusion-text-no-margin\" style=\"--awb-margin-top:0px;--awb-margin-bottom:40px;\"><p><strong><em>Ici, vous pouvez encore acheter le \u00ab\u00a0Duivekater<\/em><\/strong><\/p>\n<p>En 1972, la reine Juliana a ouvert le mus\u00e9e de la boulangerie \u00ab\u00a0In de Gecroonde Duyvekater\u00a0\u00bb sur le Zaanse Schans. Cette ancienne boulangerie de Zaandijk a servi sur Hazepad jusqu&rsquo;en 1956, sous le nom de Bakker Bolding. Construite comme maison d&rsquo;habitation en 1658, elle a \u00e9t\u00e9 partiellement transform\u00e9e en boulangerie en 1753 et sert aujourd&rsquo;hui de mus\u00e9e de la boulangerie et de magasin de bonbons, avec de nombreux produits de boulangerie hollandais tels que le chocolat, le massepain, les sp\u00e9culoos, les taaitaai et les confiseries.<\/p>\n<\/div><div class=\"fusion-image-element \" style=\"--awb-margin-bottom:30px;--awb-caption-title-font-family:var(--h2_typography-font-family);--awb-caption-title-font-weight:var(--h2_typography-font-weight);--awb-caption-title-font-style:var(--h2_typography-font-style);--awb-caption-title-size:var(--h2_typography-font-size);--awb-caption-title-transform:var(--h2_typography-text-transform);--awb-caption-title-line-height:var(--h2_typography-line-height);--awb-caption-title-letter-spacing:var(--h2_typography-letter-spacing);\"><span class=\" fusion-imageframe imageframe-none imageframe-2 hover-type-none\"><img decoding=\"async\" width=\"2000\" height=\"1276\" alt=\"Mus\u00e9e de la boulangerie In de Gecroonde Duyvekater\" title=\"duijvenkater\" src=\"https:\/\/www.zaanseschans.com\/wp-content\/uploads\/duijvenkater.jpg\" class=\"img-responsive wp-image-12952\" srcset=\"https:\/\/www.zaanseschans.com\/wp-content\/uploads\/duijvenkater-200x128.jpg 200w, https:\/\/www.zaanseschans.com\/wp-content\/uploads\/duijvenkater-400x255.jpg 400w, https:\/\/www.zaanseschans.com\/wp-content\/uploads\/duijvenkater-600x383.jpg 600w, https:\/\/www.zaanseschans.com\/wp-content\/uploads\/duijvenkater-800x510.jpg 800w, https:\/\/www.zaanseschans.com\/wp-content\/uploads\/duijvenkater-1200x766.jpg 1200w, https:\/\/www.zaanseschans.com\/wp-content\/uploads\/duijvenkater.jpg 2000w\" sizes=\"(max-width: 1024px) 100vw, (max-width: 640px) 100vw, 800px\" \/><\/span><\/div><div class=\"fusion-text fusion-text-3 fusion-text-no-margin\" style=\"--awb-margin-top:0px;--awb-margin-bottom:40px;\"><p>Le nom et les gravures au-dessus de la porte du magasin font r\u00e9f\u00e9rence au pain de f\u00eate sucr\u00e9 typique de Zaanish, un pain de No\u00ebl traditionnel, qui est \u00e9galement consomm\u00e9 \u00e0 P\u00e2ques et \u00e0 la Pentec\u00f4te : le \u00ab\u00a0Duivekater\u00a0\u00bb. Elle avait remplac\u00e9 la coutume primitive d&rsquo;offrir une gueule de bois au printemps, contre le diable et avant une saison prosp\u00e8re. Lorsque l&rsquo;\u00c9glise de Rome s&rsquo;est implant\u00e9e dans la r\u00e9gion, elle a interdit les sacrifices d&rsquo;animaux et les a remplac\u00e9s par la cuisson de pains en forme de corps de chat. Les Duivekaters sont toujours cuits au four et traditionnellement consomm\u00e9s avec une bonne couche de beurre. La recette est rest\u00e9e inchang\u00e9e depuis des centaines d&rsquo;ann\u00e9es<\/p>\n<\/div><div class=\"fusion-image-element \" style=\"--awb-margin-bottom:30px;--awb-caption-title-font-family:var(--h2_typography-font-family);--awb-caption-title-font-weight:var(--h2_typography-font-weight);--awb-caption-title-font-style:var(--h2_typography-font-style);--awb-caption-title-size:var(--h2_typography-font-size);--awb-caption-title-transform:var(--h2_typography-text-transform);--awb-caption-title-line-height:var(--h2_typography-line-height);--awb-caption-title-letter-spacing:var(--h2_typography-letter-spacing);\"><span class=\" fusion-imageframe imageframe-none imageframe-3 hover-type-none\"><img decoding=\"async\" width=\"1000\" height=\"650\" alt=\"Mus\u00e9e de la boulangerie In de Gecroonde Duyvekater\" title=\"Gecroonde-Duyvekater-01\" src=\"https:\/\/www.zaanseschans.com\/wp-content\/uploads\/2023\/12\/Gecroonde-Duyvekater-01.jpg\" class=\"img-responsive wp-image-12942\" srcset=\"https:\/\/www.zaanseschans.com\/wp-content\/uploads\/2023\/12\/Gecroonde-Duyvekater-01-200x130.jpg 200w, https:\/\/www.zaanseschans.com\/wp-content\/uploads\/2023\/12\/Gecroonde-Duyvekater-01-400x260.jpg 400w, https:\/\/www.zaanseschans.com\/wp-content\/uploads\/2023\/12\/Gecroonde-Duyvekater-01-600x390.jpg 600w, https:\/\/www.zaanseschans.com\/wp-content\/uploads\/2023\/12\/Gecroonde-Duyvekater-01-800x520.jpg 800w, https:\/\/www.zaanseschans.com\/wp-content\/uploads\/2023\/12\/Gecroonde-Duyvekater-01.jpg 1000w\" sizes=\"(max-width: 1024px) 100vw, (max-width: 640px) 100vw, 800px\" \/><\/span><\/div><div class=\"fusion-text fusion-text-4 fusion-text-no-margin\" style=\"--awb-margin-top:0px;--awb-margin-bottom:40px;\"><p>La boutique est d\u00e9cor\u00e9e dans le style du XIXe si\u00e8cle, avec un magnifique plancher en bois marbr\u00e9 et un authentique four en briques. Dans une partie s\u00e9par\u00e9e, \u00e0 droite, se trouve une pi\u00e8ce d&rsquo;\u00e9poque avec une magnifique chemin\u00e9e en fa\u00efence, \u00e9galement appel\u00e9e \u00ab\u00a0smuiger\u00a0\u00bb. Le b\u00e2timent a \u00e9t\u00e9 offert en 1970 par la soci\u00e9t\u00e9 Wessanen Koninklijke Fabrieken NV de Zaan, aujourd&rsquo;hui une multinationale de l&rsquo;alimentation.<\/p>\n<\/div><div class=\"fusion-image-element \" style=\"--awb-margin-bottom:10px;--awb-caption-title-font-family:var(--h2_typography-font-family);--awb-caption-title-font-weight:var(--h2_typography-font-weight);--awb-caption-title-font-style:var(--h2_typography-font-style);--awb-caption-title-size:var(--h2_typography-font-size);--awb-caption-title-transform:var(--h2_typography-text-transform);--awb-caption-title-line-height:var(--h2_typography-line-height);--awb-caption-title-letter-spacing:var(--h2_typography-letter-spacing);\"><span class=\" fusion-imageframe imageframe-none imageframe-4 hover-type-none\"><img decoding=\"async\" width=\"2000\" height=\"1335\" alt=\"Mus\u00e9e de la boulangerie In de Gecroonde Duyvekater\" title=\"Bakkerijmuseum-Zeilenmakerspad-4\" src=\"https:\/\/www.zaanseschans.com\/wp-content\/uploads\/duijvenkater-museum.jpg\" class=\"img-responsive wp-image-9839\" srcset=\"https:\/\/www.zaanseschans.com\/wp-content\/uploads\/duijvenkater-museum-200x134.jpg 200w, https:\/\/www.zaanseschans.com\/wp-content\/uploads\/duijvenkater-museum-400x267.jpg 400w, https:\/\/www.zaanseschans.com\/wp-content\/uploads\/duijvenkater-museum-600x401.jpg 600w, https:\/\/www.zaanseschans.com\/wp-content\/uploads\/duijvenkater-museum-800x534.jpg 800w, https:\/\/www.zaanseschans.com\/wp-content\/uploads\/duijvenkater-museum-1200x801.jpg 1200w, https:\/\/www.zaanseschans.com\/wp-content\/uploads\/duijvenkater-museum.jpg 2000w\" sizes=\"(max-width: 1024px) 100vw, (max-width: 640px) 100vw, 800px\" \/><\/span><\/div><div class=\"fusion-text fusion-text-5 fusion-text-no-margin\" style=\"--awb-margin-top:0px;--awb-margin-bottom:40px;\"><p><span style=\"color: #808080;\"><em>Fait partie de la collection du Mus\u00e9e de la Boulangerie<\/em><\/span><\/p>\n<\/div><div class=\"fusion-image-element \" style=\"--awb-margin-bottom:10px;--awb-caption-title-font-family:var(--h2_typography-font-family);--awb-caption-title-font-weight:var(--h2_typography-font-weight);--awb-caption-title-font-style:var(--h2_typography-font-style);--awb-caption-title-size:var(--h2_typography-font-size);--awb-caption-title-transform:var(--h2_typography-text-transform);--awb-caption-title-line-height:var(--h2_typography-line-height);--awb-caption-title-letter-spacing:var(--h2_typography-letter-spacing);\"><span class=\" fusion-imageframe imageframe-none imageframe-5 hover-type-none\"><img decoding=\"async\" width=\"2000\" height=\"1390\" alt=\"Mus\u00e9e de la boulangerie In de Gecroonde Duyvekater\" title=\"Bakkerijmuseum-historie-NL_ZdGAZ_Zaanstad\" src=\"https:\/\/www.zaanseschans.com\/wp-content\/uploads\/duijvenkater-hsitorie.jpg\" class=\"img-responsive wp-image-12179\" srcset=\"https:\/\/www.zaanseschans.com\/wp-content\/uploads\/duijvenkater-hsitorie-200x139.jpg 200w, https:\/\/www.zaanseschans.com\/wp-content\/uploads\/duijvenkater-hsitorie-400x278.jpg 400w, https:\/\/www.zaanseschans.com\/wp-content\/uploads\/duijvenkater-hsitorie-600x417.jpg 600w, https:\/\/www.zaanseschans.com\/wp-content\/uploads\/duijvenkater-hsitorie-800x556.jpg 800w, https:\/\/www.zaanseschans.com\/wp-content\/uploads\/duijvenkater-hsitorie-1200x834.jpg 1200w, https:\/\/www.zaanseschans.com\/wp-content\/uploads\/duijvenkater-hsitorie.jpg 2000w\" sizes=\"(max-width: 1024px) 100vw, (max-width: 640px) 100vw, 800px\" \/><\/span><\/div><div class=\"fusion-text fusion-text-6 fusion-text-no-margin\" style=\"--awb-margin-top:0px;--awb-margin-bottom:40px;\"><p><span style=\"color: #808080;\"><em>\u00c0 gauche, Bakkerij Bolding sur Hazepad 11 \u00e0 Zaandijk.<\/em><\/span><\/p>\n<\/div><\/div><\/div><div class=\"fusion-layout-column fusion_builder_column fusion-builder-column-1 fusion_builder_column_1_3 1_3 fusion-flex-column fusion-flex-align-self-stretch\" style=\"--awb-padding-right:20%;--awb-padding-bottom:18%;--awb-padding-left:13%;--awb-bg-color:#f9f9f6;--awb-bg-color-hover:#f9f9f6;--awb-bg-size:cover;--awb-width-large:33.333333333333%;--awb-margin-top-large:0px;--awb-spacing-right-large:0px;--awb-margin-bottom-large:0px;--awb-spacing-left-large:0px;--awb-width-medium:100%;--awb-order-medium:0;--awb-spacing-right-medium:0px;--awb-spacing-left-medium:0px;--awb-width-small:100%;--awb-order-small:0;--awb-spacing-right-small:0px;--awb-spacing-left-small:0px;\" data-scroll-devices=\"small-visibility,medium-visibility,large-visibility\"><div class=\"fusion-column-wrapper fusion-column-has-shadow fusion-flex-justify-content-flex-start fusion-content-layout-column\"><div class=\"fusion-separator fusion-no-small-visibility fusion-no-medium-visibility fusion-full-width-sep\" style=\"align-self: center;margin-left: auto;margin-right: auto;margin-top:60px;width:100%;\"><\/div><div style=\"text-align:center;\"><a class=\"fusion-button button-flat fusion-button-default-size button-default fusion-button-default button-1 fusion-button-default-span fusion-button-default-type\" target=\"_self\" href=\"https:\/\/www.zaanseschans.com\/fr\/carte\/\"><span class=\"fusion-button-text awb-button__text awb-button__text--default\">&lt; retour \u00e0 la carte<\/span><\/a><\/div><div class=\"fusion-separator fusion-full-width-sep\" style=\"align-self: center;margin-left: auto;margin-right: auto;margin-top:60px;width:100%;\"><\/div><div class=\"fusion-image-element \" style=\"text-align:center;--awb-max-width:250px;--awb-caption-title-font-family:var(--h2_typography-font-family);--awb-caption-title-font-weight:var(--h2_typography-font-weight);--awb-caption-title-font-style:var(--h2_typography-font-style);--awb-caption-title-size:var(--h2_typography-font-size);--awb-caption-title-transform:var(--h2_typography-text-transform);--awb-caption-title-line-height:var(--h2_typography-line-height);--awb-caption-title-letter-spacing:var(--h2_typography-letter-spacing);\"><span class=\" fusion-imageframe imageframe-none imageframe-6 hover-type-none\"><img decoding=\"async\" width=\"500\" height=\"460\" title=\"Zeilemakerspad-4-lijntekening\" src=\"https:\/\/www.zaanseschans.com\/wp-content\/uploads\/2023\/12\/Zeilemakerspad-4-lijntekening.png\" alt class=\"img-responsive wp-image-12946\" srcset=\"https:\/\/www.zaanseschans.com\/wp-content\/uploads\/2023\/12\/Zeilemakerspad-4-lijntekening-200x184.png 200w, https:\/\/www.zaanseschans.com\/wp-content\/uploads\/2023\/12\/Zeilemakerspad-4-lijntekening-400x368.png 400w, https:\/\/www.zaanseschans.com\/wp-content\/uploads\/2023\/12\/Zeilemakerspad-4-lijntekening.png 500w\" sizes=\"(max-width: 1024px) 100vw, (max-width: 640px) 100vw, 400px\" \/><\/span><\/div><div class=\"fusion-separator fusion-full-width-sep\" style=\"align-self: center;margin-left: auto;margin-right: auto;margin-top:20px;width:100%;\"><\/div><div class=\"fusion-text fusion-text-7 fusion-text-no-margin\" style=\"--awb-margin-top:0px;--awb-margin-bottom:40px;\"><p style=\"text-align: center;\"><span style=\"color: #808080;\"><em>Monument national 1668<br \/>\n<\/em><em>R\u00e9int\u00e9gration 1972<br \/>\n<\/em><em>(anciennement Hazepad 11, Zaandijk)<\/em><\/span><\/p>\n<\/div><ul style=\"--awb-size:14px;--awb-iconcolor:rgba(0,0,0,0.49);--awb-divider-color:rgba(0,0,0,0.49);--awb-textcolor:#707070;--awb-line-height:23.8px;--awb-icon-width:23.8px;--awb-icon-height:23.8px;--awb-icon-margin:9.8px;--awb-content-margin:33.6px;\" class=\"fusion-checklist fusion-checklist-1 fusion-checklist-default fusion-checklist-divider type-icons\"><li class=\"fusion-li-item\" style=\"\"><span class=\"icon-wrapper circle-no\"><i class=\"fusion-li-icon fa-home fas\" aria-hidden=\"true\"><\/i><\/span><div class=\"fusion-li-item-content\">\n<p>Mus\u00e9e | Boutique<\/p>\n<\/div><\/li><li class=\"fusion-li-item\" style=\"\"><span class=\"icon-wrapper circle-no\"><i class=\"fusion-li-icon fa-map fas\" aria-hidden=\"true\"><\/i><\/span><div class=\"fusion-li-item-content\">\n<p>Zeilenmakerspad 4, 1509 BZ Zaandam<\/p>\n<\/div><\/li><li class=\"fusion-li-item\" style=\"\"><span class=\"icon-wrapper circle-no\"><i class=\"fusion-li-icon fa-door-open fas\" aria-hidden=\"true\"><\/i><\/span><div class=\"fusion-li-item-content\">\n<p><strong><span style=\"color: #b4b63e;\">Entr\u00e9e : gratuite<\/span><\/strong><\/p>\n<\/div><\/li><li class=\"fusion-li-item\" style=\"\"><span class=\"icon-wrapper circle-no\"><i class=\"fusion-li-icon fa-sign fas\" aria-hidden=\"true\"><\/i><\/span><div class=\"fusion-li-item-content\">\n<p>Ouvert tous les jours de 9h00 \u00e0 17h00<\/p>\n<\/div><\/li><li class=\"fusion-li-item\" style=\"\"><span class=\"icon-wrapper circle-no\"><i class=\"fusion-li-icon fa-mobile-alt fas\" aria-hidden=\"true\"><\/i><\/span><div class=\"fusion-li-item-content\">\n<p>06-55553443 | 06-24123970<\/p>\n<\/div><\/li><li class=\"fusion-li-item\" style=\"\"><span class=\"icon-wrapper circle-no\"><i class=\"fusion-li-icon fa-envelope-open fas\" aria-hidden=\"true\"><\/i><\/span><div class=\"fusion-li-item-content\">\n<p><a href=\"mailto:indegecroondeduyvekater@gmail.com\">indegecroondeduyvekater@gmail.com<\/a><\/p>\n<\/div><\/li><\/ul><div class=\"fusion-separator fusion-full-width-sep\" style=\"align-self: center;margin-left: auto;margin-right: auto;margin-top:80px;width:100%;\"><\/div><nav class=\"awb-menu awb-menu_column awb-menu_em-click mobile-mode-collapse-to-button awb-menu_icons-left awb-menu_dc-yes mobile-trigger-fullwidth-off awb-menu_mobile-toggle awb-menu_indent-left close-on-outer-click-yes mobile-size-full-absolute loading mega-menu-loading awb-menu_desktop awb-menu_v-stacked awb-submenu_cm_accordion\" style=\"--awb-active-color:#000000;--awb-icons-size:56;--awb-main-justify-content:flex-start;--awb-mobile-justify:flex-start;--awb-mobile-caret-left:auto;--awb-mobile-caret-right:0;--awb-fusion-font-family-typography:inherit;--awb-fusion-font-style-typography:normal;--awb-fusion-font-weight-typography:400;--awb-fusion-font-family-submenu-typography:inherit;--awb-fusion-font-style-submenu-typography:normal;--awb-fusion-font-weight-submenu-typography:400;--awb-fusion-font-family-mobile-typography:inherit;--awb-fusion-font-style-mobile-typography:normal;--awb-fusion-font-weight-mobile-typography:400;\" aria-label=\"Locaties\" data-breakpoint=\"0\" data-count=\"0\" data-transition-type=\"fade\" data-transition-time=\"300\"><ul id=\"menu-locaties-frans\" class=\"fusion-menu awb-menu__main-ul awb-menu__main-ul_column\"><li  id=\"menu-item-13326\"  class=\"menu-item menu-item-type-custom menu-item-object-custom menu-item-has-children menu-item-13326 awb-menu__li awb-menu__main-li awb-menu__main-li_regular\"  data-item-id=\"13326\"><span class=\"awb-menu__main-background-default awb-menu__main-background-default_fade\"><\/span><span class=\"awb-menu__main-background-active awb-menu__main-background-active_fade\"><\/span><a  href=\"https:\/\/www.zaanseschans.com\/specerijenmolen-de-huisman\/\" class=\"awb-menu__main-a awb-menu__main-a_regular\"><span class=\"menu-text\">Moulins<\/span><\/a><button type=\"button\" aria-label=\"Open submenu of Moulins\" aria-expanded=\"false\" class=\"awb-menu__open-nav-submenu_mobile awb-menu__open-nav-submenu_click awb-menu__open-nav-submenu_main awb-menu__open-nav-submenu_needs-spacing\"><\/button><ul class=\"awb-menu__sub-ul awb-menu__sub-ul_main\"><li  id=\"menu-item-13327\"  class=\"menu-item menu-item-type-post_type menu-item-object-page menu-item-13327 awb-menu__li awb-menu__sub-li\" ><a  href=\"https:\/\/www.zaanseschans.com\/fr\/le-moulin-a-epices-huisman\/\" class=\"awb-menu__sub-a\"><span>Le moulin \u00e0 \u00e9pices Huisman<\/span><\/a><\/li><li  id=\"menu-item-13328\"  class=\"menu-item menu-item-type-post_type menu-item-object-page menu-item-13328 awb-menu__li awb-menu__sub-li\" ><a  href=\"https:\/\/www.zaanseschans.com\/fr\/scierie-de-bois-de-gekroonde-poelenburg\/\" class=\"awb-menu__sub-a\"><span>Scierie de bois De Gekroonde Poelenburg<\/span><\/a><\/li><li  id=\"menu-item-13329\"  class=\"menu-item menu-item-type-post_type menu-item-object-page menu-item-13329 awb-menu__li awb-menu__sub-li\" ><a  href=\"https:\/\/www.zaanseschans.com\/fr\/moulin-a-peinture-de-kat\/\" class=\"awb-menu__sub-a\"><span>Moulin \u00e0 peinture Le chat<\/span><\/a><\/li><li  id=\"menu-item-13330\"  class=\"menu-item menu-item-type-post_type menu-item-object-page menu-item-13330 awb-menu__li awb-menu__sub-li\" ><a  href=\"https:\/\/www.zaanseschans.com\/fr\/moulin-a-huile-de-zoeker\/\" class=\"awb-menu__sub-a\"><span>Moulin \u00e0 huile Le sourcier<\/span><\/a><\/li><li  id=\"menu-item-13331\"  class=\"menu-item menu-item-type-post_type menu-item-object-page menu-item-13331 awb-menu__li awb-menu__sub-li\" ><a  href=\"https:\/\/www.zaanseschans.com\/fr\/scierie-de-bois-het-jonge-schaap\/\" class=\"awb-menu__sub-a\"><span>Scierie de bois Le jeune mouton<\/span><\/a><\/li><li  id=\"menu-item-13332\"  class=\"menu-item menu-item-type-post_type menu-item-object-page menu-item-13332 awb-menu__li awb-menu__sub-li\" ><a  href=\"https:\/\/www.zaanseschans.com\/fr\/moulin-a-huile-de-os\/\" class=\"awb-menu__sub-a\"><span>Moulin \u00e0 huile De Os<\/span><\/a><\/li><li  id=\"menu-item-13333\"  class=\"menu-item menu-item-type-post_type menu-item-object-page menu-item-13333 awb-menu__li awb-menu__sub-li\" ><a  href=\"https:\/\/www.zaanseschans.com\/fr\/scierie-de-bois-het-klaverblad\/\" class=\"awb-menu__sub-a\"><span>Scierie de bois Het Klaverblad<\/span><\/a><\/li><li  id=\"menu-item-13334\"  class=\"menu-item menu-item-type-post_type menu-item-object-page menu-item-13334 awb-menu__li awb-menu__sub-li\" ><a  href=\"https:\/\/www.zaanseschans.com\/fr\/moulin-a-huile-de-bonte-hen\/\" class=\"awb-menu__sub-a\"><span>Moulin \u00e0 huile De Bonte Hen<\/span><\/a><\/li><li  id=\"menu-item-13335\"  class=\"menu-item menu-item-type-post_type menu-item-object-page menu-item-13335 awb-menu__li awb-menu__sub-li\" ><a  href=\"https:\/\/www.zaanseschans.com\/fr\/moulin-a-jouer-de-windhond\/\" class=\"awb-menu__sub-a\"><span>Moulin \u00e0 jouer De Windhond<\/span><\/a><\/li><li  id=\"menu-item-13336\"  class=\"menu-item menu-item-type-post_type menu-item-object-page menu-item-13336 awb-menu__li awb-menu__sub-li\" ><a  href=\"https:\/\/www.zaanseschans.com\/fr\/moulin-de-prairie-de-hadel\/\" class=\"awb-menu__sub-a\"><span>Moulin de prairie De Hadel<\/span><\/a><\/li><\/ul><\/li><li  id=\"menu-item-13337\"  class=\"menu-item menu-item-type-custom menu-item-object-custom menu-item-has-children menu-item-13337 awb-menu__li awb-menu__main-li awb-menu__main-li_regular\"  data-item-id=\"13337\"><span class=\"awb-menu__main-background-default awb-menu__main-background-default_fade\"><\/span><span class=\"awb-menu__main-background-active awb-menu__main-background-active_fade\"><\/span><a  href=\"https:\/\/www.zaanseschans.com\/kalverringdijk-7\/\" class=\"awb-menu__main-a awb-menu__main-a_regular\"><span class=\"menu-text\">Maisons<\/span><\/a><button type=\"button\" aria-label=\"Open submenu of Maisons\" aria-expanded=\"false\" class=\"awb-menu__open-nav-submenu_mobile awb-menu__open-nav-submenu_click awb-menu__open-nav-submenu_main awb-menu__open-nav-submenu_needs-spacing\"><\/button><ul class=\"awb-menu__sub-ul awb-menu__sub-ul_main\"><li  id=\"menu-item-13338\"  class=\"menu-item menu-item-type-post_type menu-item-object-page menu-item-13338 awb-menu__li awb-menu__sub-li\" ><a  href=\"https:\/\/www.zaanseschans.com\/fr\/kalverringdijk-7\/\" class=\"awb-menu__sub-a\"><span>Kalverringdijk 7<\/span><\/a><\/li><li  id=\"menu-item-13339\"  class=\"menu-item menu-item-type-post_type menu-item-object-page menu-item-13339 awb-menu__li awb-menu__sub-li\" ><a  href=\"https:\/\/www.zaanseschans.com\/fr\/kalverringdijk-8\/\" class=\"awb-menu__sub-a\"><span>Kalverringdijk 8<\/span><\/a><\/li><li  id=\"menu-item-13340\"  class=\"menu-item menu-item-type-post_type menu-item-object-page menu-item-13340 awb-menu__li awb-menu__sub-li\" ><a  href=\"https:\/\/www.zaanseschans.com\/fr\/kalverringdijk-9\/\" class=\"awb-menu__sub-a\"><span>Kalverringdijk 9<\/span><\/a><\/li><li  id=\"menu-item-13341\"  class=\"menu-item menu-item-type-post_type menu-item-object-page menu-item-13341 awb-menu__li awb-menu__sub-li\" ><a  href=\"https:\/\/www.zaanseschans.com\/fr\/kalverringdijk-10\/\" class=\"awb-menu__sub-a\"><span>Kalverringdijk 10<\/span><\/a><\/li><li  id=\"menu-item-13342\"  class=\"menu-item menu-item-type-post_type menu-item-object-page menu-item-13342 awb-menu__li awb-menu__sub-li\" ><a  href=\"https:\/\/www.zaanseschans.com\/fr\/kalverringdijk-11\/\" class=\"awb-menu__sub-a\"><span>Kalverringdijk 11<\/span><\/a><\/li><li  id=\"menu-item-13381\"  class=\"menu-item menu-item-type-post_type menu-item-object-page menu-item-13381 awb-menu__li awb-menu__sub-li\" ><a  href=\"https:\/\/www.zaanseschans.com\/fr\/heerlijck-slaapen-sur-le-zaanse-schans\/\" class=\"awb-menu__sub-a\"><span>Kalverringdijk 17<\/span><\/a><\/li><li  id=\"menu-item-13382\"  class=\"menu-item menu-item-type-post_type menu-item-object-page menu-item-13382 awb-menu__li awb-menu__sub-li\" ><a  href=\"https:\/\/www.zaanseschans.com\/fr\/maison-de-marchand-de-mol\/\" class=\"awb-menu__sub-a\"><span>Kalverringdijk 19<\/span><\/a><\/li><li  id=\"menu-item-13343\"  class=\"menu-item menu-item-type-post_type menu-item-object-page menu-item-13343 awb-menu__li awb-menu__sub-li\" ><a  href=\"https:\/\/www.zaanseschans.com\/fr\/zonnewijzerspad-1-2\/\" class=\"awb-menu__sub-a\"><span>Zonnewijzerspad 1-2<\/span><\/a><\/li><li  id=\"menu-item-13344\"  class=\"menu-item menu-item-type-post_type menu-item-object-page menu-item-13344 awb-menu__li awb-menu__sub-li\" ><a  href=\"https:\/\/www.zaanseschans.com\/fr\/zonnewijzerspad-5\/\" class=\"awb-menu__sub-a\"><span>Zonnewijzerspad 5<\/span><\/a><\/li><li  id=\"menu-item-13345\"  class=\"menu-item menu-item-type-post_type menu-item-object-page menu-item-13345 awb-menu__li awb-menu__sub-li\" ><a  href=\"https:\/\/www.zaanseschans.com\/fr\/zonnewijzerspad-6\/\" class=\"awb-menu__sub-a\"><span>Zonnewijzerspad 6<\/span><\/a><\/li><li  id=\"menu-item-13346\"  class=\"menu-item menu-item-type-post_type menu-item-object-page menu-item-13346 awb-menu__li awb-menu__sub-li\" ><a  href=\"https:\/\/www.zaanseschans.com\/fr\/zonnewijzerspad-7\/\" class=\"awb-menu__sub-a\"><span>Zonnewijzerspad 7<\/span><\/a><\/li><li  id=\"menu-item-13347\"  class=\"menu-item menu-item-type-post_type menu-item-object-page menu-item-13347 awb-menu__li awb-menu__sub-li\" ><a  href=\"https:\/\/www.zaanseschans.com\/fr\/zonnewijzerspad-8\/\" class=\"awb-menu__sub-a\"><span>Zonnewijzerspad 8<\/span><\/a><\/li><li  id=\"menu-item-13348\"  class=\"menu-item menu-item-type-post_type menu-item-object-page menu-item-13348 awb-menu__li awb-menu__sub-li\" ><a  href=\"https:\/\/www.zaanseschans.com\/fr\/de-kwakels-1\/\" class=\"awb-menu__sub-a\"><span>De Kwakels 1<\/span><\/a><\/li><li  id=\"menu-item-13349\"  class=\"menu-item menu-item-type-post_type menu-item-object-page menu-item-13349 awb-menu__li awb-menu__sub-li\" ><a  href=\"https:\/\/www.zaanseschans.com\/fr\/zeilenmakerspad-1\/\" class=\"awb-menu__sub-a\"><span>Zeilenmakerspad 1<\/span><\/a><\/li><li  id=\"menu-item-13350\"  class=\"menu-item menu-item-type-post_type menu-item-object-page menu-item-13350 awb-menu__li awb-menu__sub-li\" ><a  href=\"https:\/\/www.zaanseschans.com\/fr\/zeilenmakerspad-3\/\" class=\"awb-menu__sub-a\"><span>Zeilenmakerspad 3<\/span><\/a><\/li><li  id=\"menu-item-13351\"  class=\"menu-item menu-item-type-post_type menu-item-object-page menu-item-13351 awb-menu__li awb-menu__sub-li\" ><a  href=\"https:\/\/www.zaanseschans.com\/fr\/zeilenmakerspad-5\/\" class=\"awb-menu__sub-a\"><span>Zeilenmakerspad 5<\/span><\/a><\/li><\/ul><\/li><li  id=\"menu-item-13352\"  class=\"menu-item menu-item-type-custom menu-item-object-custom menu-item-has-children menu-item-13352 awb-menu__li awb-menu__main-li awb-menu__main-li_regular\"  data-item-id=\"13352\"><span class=\"awb-menu__main-background-default awb-menu__main-background-default_fade\"><\/span><span class=\"awb-menu__main-background-active awb-menu__main-background-active_fade\"><\/span><a  href=\"https:\/\/www.zaanseschans.com\/tinnegieterij-de-tinkoepel\/\" class=\"awb-menu__main-a awb-menu__main-a_regular\"><span class=\"menu-text\">Artisanat<\/span><\/a><button type=\"button\" aria-label=\"Open submenu of Artisanat\" aria-expanded=\"false\" class=\"awb-menu__open-nav-submenu_mobile awb-menu__open-nav-submenu_click awb-menu__open-nav-submenu_main awb-menu__open-nav-submenu_needs-spacing\"><\/button><ul class=\"awb-menu__sub-ul awb-menu__sub-ul_main\"><li  id=\"menu-item-13353\"  class=\"menu-item menu-item-type-post_type menu-item-object-page menu-item-13353 awb-menu__li awb-menu__sub-li\" ><a  href=\"https:\/\/www.zaanseschans.com\/fr\/fonderie-detain-de-tinkoepel\/\" class=\"awb-menu__sub-a\"><span>Fonderie d\u2019\u00e9tain De Tinkoepel<\/span><\/a><\/li><li  id=\"menu-item-13354\"  class=\"menu-item menu-item-type-post_type menu-item-object-page menu-item-13354 awb-menu__li awb-menu__sub-li\" ><a  href=\"https:\/\/www.zaanseschans.com\/fr\/tonnellerie-tiemstra\/\" class=\"awb-menu__sub-a\"><span>Tonnellerie Tiemstra<\/span><\/a><\/li><li  id=\"menu-item-13355\"  class=\"menu-item menu-item-type-post_type menu-item-object-page menu-item-13355 awb-menu__li awb-menu__sub-li\" ><a  href=\"https:\/\/www.zaanseschans.com\/fr\/ferme-fromagere-de-catharina-hoeve\/\" class=\"awb-menu__sub-a\"><span>Ferme fromag\u00e8re De Catharina Hoeve<\/span><\/a><\/li><li  id=\"menu-item-13356\"  class=\"menu-item menu-item-type-post_type menu-item-object-page menu-item-13356 awb-menu__li awb-menu__sub-li\" ><a  href=\"https:\/\/www.zaanseschans.com\/fr\/maison-du-tisserand-wevershuis\/\" class=\"awb-menu__sub-a\"><span>Maison du tisserand<\/span><\/a><\/li><li  id=\"menu-item-13357\"  class=\"menu-item menu-item-type-post_type menu-item-object-page menu-item-13357 awb-menu__li awb-menu__sub-li\" ><a  href=\"https:\/\/www.zaanseschans.com\/fr\/centre-dartisanat-de-saense-lelie\/\" class=\"awb-menu__sub-a\"><span>Centre d\u2019artisanat De Saense Lelie<\/span><\/a><\/li><li  id=\"menu-item-13358\"  class=\"menu-item menu-item-type-post_type menu-item-object-page menu-item-13358 awb-menu__li awb-menu__sub-li\" ><a  href=\"https:\/\/www.zaanseschans.com\/fr\/la-fabrique-de-sabots-de-zaanse-schans\/\" class=\"awb-menu__sub-a\"><span>La fabrique de sabots de Zaanse Schans<\/span><\/a><\/li><\/ul><\/li><li  id=\"menu-item-13359\"  class=\"menu-item menu-item-type-custom menu-item-object-custom menu-item-has-children menu-item-13359 awb-menu__li awb-menu__main-li awb-menu__main-li_regular\"  data-item-id=\"13359\"><span class=\"awb-menu__main-background-default awb-menu__main-background-default_fade\"><\/span><span class=\"awb-menu__main-background-active awb-menu__main-background-active_fade\"><\/span><a  href=\"https:\/\/www.zaanseschans.com\/museumwinkel-albert-heijn\/\" class=\"awb-menu__main-a awb-menu__main-a_regular\"><span class=\"menu-text\">Mus\u00e9es<\/span><\/a><button type=\"button\" aria-label=\"Open submenu of Mus\u00e9es\" aria-expanded=\"false\" class=\"awb-menu__open-nav-submenu_mobile awb-menu__open-nav-submenu_click awb-menu__open-nav-submenu_main awb-menu__open-nav-submenu_needs-spacing\"><\/button><ul class=\"awb-menu__sub-ul awb-menu__sub-ul_main\"><li  id=\"menu-item-13360\"  class=\"menu-item menu-item-type-post_type menu-item-object-page menu-item-13360 awb-menu__li awb-menu__sub-li\" ><a  href=\"https:\/\/www.zaanseschans.com\/fr\/boutique-du-musee-albert-heijn\/\" class=\"awb-menu__sub-a\"><span>Boutique du mus\u00e9e Albert Heijn<\/span><\/a><\/li><li  id=\"menu-item-13361\"  class=\"menu-item menu-item-type-post_type menu-item-object-page menu-item-13361 awb-menu__li awb-menu__sub-li\" ><a  href=\"https:\/\/www.zaanseschans.com\/fr\/musee-zaanse-tijd\/\" class=\"awb-menu__sub-a\"><span>Mus\u00e9e Zaanse Tijd<\/span><\/a><\/li><li  id=\"menu-item-13362\"  class=\"menu-item menu-item-type-post_type menu-item-object-page menu-item-13362 awb-menu__li awb-menu__sub-li\" ><a  href=\"https:\/\/www.zaanseschans.com\/fr\/musee-du-moulin-de-zaansche-molen\/\" class=\"awb-menu__sub-a\"><span>Mus\u00e9e du moulin De Zaansche Molen<\/span><\/a><\/li><li  id=\"menu-item-13363\"  class=\"menu-item menu-item-type-post_type menu-item-object-page menu-item-13363 awb-menu__li awb-menu__sub-li\" ><a  href=\"https:\/\/www.zaanseschans.com\/fr\/chalet-jisper\/\" class=\"awb-menu__sub-a\"><span>Chalet Jisper<\/span><\/a><\/li><li  id=\"menu-item-13364\"  class=\"menu-item menu-item-type-post_type menu-item-object-page menu-item-13364 awb-menu__li awb-menu__sub-li\" ><a  href=\"https:\/\/www.zaanseschans.com\/fr\/musee-de-la-boulangerie-in-de-gecroonde-duyvekater\/\" class=\"awb-menu__sub-a\"><span>Mus\u00e9e de la boulangerie In de Gecroonde Duyvekater<\/span><\/a><\/li><li  id=\"menu-item-13365\"  class=\"menu-item menu-item-type-post_type menu-item-object-page menu-item-13365 awb-menu__li awb-menu__sub-li\" ><a  href=\"https:\/\/www.zaanseschans.com\/fr\/musee-zaans\/\" class=\"awb-menu__sub-a\"><span>Mus\u00e9e Zaans<\/span><\/a><\/li><li  id=\"menu-item-13366\"  class=\"menu-item menu-item-type-post_type menu-item-object-page menu-item-13366 awb-menu__li awb-menu__sub-li\" ><a  href=\"https:\/\/www.zaanseschans.com\/fr\/lexperience-verkade\/\" class=\"awb-menu__sub-a\"><span>L\u2019exp\u00e9rience Verkade<\/span><\/a><\/li><li  id=\"menu-item-13367\"  class=\"menu-item menu-item-type-post_type menu-item-object-page menu-item-13367 awb-menu__li awb-menu__sub-li\" ><a  href=\"https:\/\/www.zaanseschans.com\/fr\/mini-musee-spoithois\/\" class=\"awb-menu__sub-a\"><span>Mini-mus\u00e9e \u201cSpoithois<\/span><\/a><\/li><\/ul><\/li><li  id=\"menu-item-13368\"  class=\"menu-item menu-item-type-custom menu-item-object-custom menu-item-has-children menu-item-13368 awb-menu__li awb-menu__main-li awb-menu__main-li_regular\"  data-item-id=\"13368\"><span class=\"awb-menu__main-background-default awb-menu__main-background-default_fade\"><\/span><span class=\"awb-menu__main-background-active awb-menu__main-background-active_fade\"><\/span><a  href=\"https:\/\/www.zaanseschans.com\/belevingswinkel-blik-op-de-zaan\/\" class=\"awb-menu__main-a awb-menu__main-a_regular\"><span class=\"menu-text\">Magasins<\/span><\/a><button type=\"button\" aria-label=\"Open submenu of Magasins\" aria-expanded=\"false\" class=\"awb-menu__open-nav-submenu_mobile awb-menu__open-nav-submenu_click awb-menu__open-nav-submenu_main awb-menu__open-nav-submenu_needs-spacing\"><\/button><ul class=\"awb-menu__sub-ul awb-menu__sub-ul_main\"><li  id=\"menu-item-13369\"  class=\"menu-item menu-item-type-post_type menu-item-object-page menu-item-13369 awb-menu__li awb-menu__sub-li\" ><a  href=\"https:\/\/www.zaanseschans.com\/fr\/magasin-dexperiences-blik-op-de-zaan\/\" class=\"awb-menu__sub-a\"><span>Magasin d\u2019exp\u00e9riences Blik op de Zaan<\/span><\/a><\/li><li  id=\"menu-item-13370\"  class=\"menu-item menu-item-type-post_type menu-item-object-page menu-item-13370 awb-menu__li awb-menu__sub-li\" ><a  href=\"https:\/\/www.zaanseschans.com\/fr\/trash-and-treasures-magasin-dantiquites\/\" class=\"awb-menu__sub-a\"><span>Trash &#038; Treasures Magasin d\u2019antiquit\u00e9s<\/span><\/a><\/li><li  id=\"menu-item-13371\"  class=\"menu-item menu-item-type-post_type menu-item-object-page menu-item-13371 awb-menu__li awb-menu__sub-li\" ><a  href=\"https:\/\/www.zaanseschans.com\/fr\/photographie-zaanse-schans\/\" class=\"awb-menu__sub-a\"><span>Photographie Zaanse Schans<\/span><\/a><\/li><li  id=\"menu-item-13372\"  class=\"menu-item menu-item-type-post_type menu-item-object-page menu-item-13372 awb-menu__li awb-menu__sub-li\" ><a  href=\"https:\/\/www.zaanseschans.com\/fr\/souvenirs-du-moulin-de-bezem\/\" class=\"awb-menu__sub-a\"><span>Souvenirs de l\u2019atelier du moulin \u00e0 vent<\/span><\/a><\/li><li  id=\"menu-item-13373\"  class=\"menu-item menu-item-type-post_type menu-item-object-page menu-item-13373 awb-menu__li awb-menu__sub-li\" ><a  href=\"https:\/\/www.zaanseschans.com\/fr\/souvenirs-pakhuis-vrede\/\" class=\"awb-menu__sub-a\"><span>Souvenirs Pakhuis Vrede<\/span><\/a><\/li><li  id=\"menu-item-13374\"  class=\"menu-item menu-item-type-post_type menu-item-object-page menu-item-13374 awb-menu__li awb-menu__sub-li\" ><a  href=\"https:\/\/www.zaanseschans.com\/fr\/boutique-orse-ket-on-t-glop\/\" class=\"awb-menu__sub-a\"><span>Boutique Orse-Ket on \u2019t Glop<\/span><\/a><\/li><\/ul><\/li><li  id=\"menu-item-13375\"  class=\"menu-item menu-item-type-custom menu-item-object-custom menu-item-has-children menu-item-13375 awb-menu__li awb-menu__main-li awb-menu__main-li_regular\"  data-item-id=\"13375\"><span class=\"awb-menu__main-background-default awb-menu__main-background-default_fade\"><\/span><span class=\"awb-menu__main-background-active awb-menu__main-background-active_fade\"><\/span><a  href=\"https:\/\/www.zaanseschans.com\/kalverringdijk-13\/\" class=\"awb-menu__main-a awb-menu__main-a_regular\"><span class=\"menu-text\">Restaurants<\/span><\/a><button type=\"button\" aria-label=\"Open submenu of Restaurants\" aria-expanded=\"false\" class=\"awb-menu__open-nav-submenu_mobile awb-menu__open-nav-submenu_click awb-menu__open-nav-submenu_main awb-menu__open-nav-submenu_needs-spacing\"><\/button><ul class=\"awb-menu__sub-ul awb-menu__sub-ul_main\"><li  id=\"menu-item-13376\"  class=\"menu-item menu-item-type-post_type menu-item-object-page menu-item-13376 awb-menu__li awb-menu__sub-li\" ><a  href=\"https:\/\/www.zaanseschans.com\/fr\/dependance-restaurant-de-walvis\/\" class=\"awb-menu__sub-a\"><span>Dependance Restaurant \u2018De Walvis\u2019<\/span><\/a><\/li><li  id=\"menu-item-13377\"  class=\"menu-item menu-item-type-post_type menu-item-object-page menu-item-13377 awb-menu__li awb-menu__sub-li\" ><a  href=\"https:\/\/www.zaanseschans.com\/fr\/restaurant-de-hoop-op-dswarte-walvis\/\" class=\"awb-menu__sub-a\"><span>L\u2019espoir de la baleine de Swarte<\/span><\/a><\/li><li  id=\"menu-item-13378\"  class=\"menu-item menu-item-type-post_type menu-item-object-page menu-item-13378 awb-menu__li awb-menu__sub-li\" ><a  href=\"https:\/\/www.zaanseschans.com\/fr\/salle-de-degustation-distillerie-de-tweekoppige-phoenix\/\" class=\"awb-menu__sub-a\"><span>Salle de d\u00e9gustation\/distillerie De Tweekoppige Phoenix<\/span><\/a><\/li><li  id=\"menu-item-13379\"  class=\"menu-item menu-item-type-post_type menu-item-object-page menu-item-13379 awb-menu__li awb-menu__sub-li\" ><a  href=\"https:\/\/www.zaanseschans.com\/fr\/restaurant-de-crepes-de-kraai\/\" class=\"awb-menu__sub-a\"><span>Restaurant de cr\u00eapes De Kraai<\/span><\/a><\/li><\/ul><\/li><li  id=\"menu-item-13383\"  class=\"menu-item menu-item-type-custom menu-item-object-custom menu-item-has-children menu-item-13383 awb-menu__li awb-menu__main-li awb-menu__main-li_regular\"  data-item-id=\"13383\"><span class=\"awb-menu__main-background-default awb-menu__main-background-default_fade\"><\/span><span class=\"awb-menu__main-background-active awb-menu__main-background-active_fade\"><\/span><a  href=\"https:\/\/www.zaanseschans.com\/natuur-wandelroute\/\" class=\"awb-menu__main-a awb-menu__main-a_regular\"><span class=\"menu-text\">Sentier de randonn\u00e9e<\/span><\/a><button type=\"button\" aria-label=\"Open submenu of Sentier de randonn\u00e9e\" aria-expanded=\"false\" class=\"awb-menu__open-nav-submenu_mobile awb-menu__open-nav-submenu_click awb-menu__open-nav-submenu_main awb-menu__open-nav-submenu_needs-spacing\"><\/button><ul class=\"awb-menu__sub-ul awb-menu__sub-ul_main\"><li  id=\"menu-item-13384\"  class=\"menu-item menu-item-type-post_type menu-item-object-page menu-item-13384 awb-menu__li awb-menu__sub-li\" ><a  href=\"https:\/\/www.zaanseschans.com\/fr\/sentier-de-randonnee\/\" class=\"awb-menu__sub-a\"><span>Sentier de randonn\u00e9e<\/span><\/a><\/li><\/ul><\/li><\/ul><\/nav>\n<\/div><\/div><\/div><\/div>\n","protected":false},"excerpt":{"rendered":"","protected":false},"author":1,"featured_media":0,"parent":0,"menu_order":0,"comment_status":"closed","ping_status":"closed","template":"100-width.php","meta":{"footnotes":""},"class_list":["post-12939","page","type-page","status-publish","hentry"],"yoast_head":"<!-- This site is optimized with the Yoast SEO plugin v27.3 - https:\/\/yoast.com\/product\/yoast-seo-wordpress\/ -->\n<title>Mus\u00e9e de la boulangerie In de Gecroonde Duyvekater - Zaanse Schans<\/title>\n<meta name=\"description\" content=\"Visitez le mus\u00e9e de la boulangerie &quot;In de Gecroonde Duyvekater&quot;. D\u00e9couvrez l&#039;histoire et d\u00e9gustez du chocolat, de la p\u00e2te d&#039;amande et des sp\u00e9culoos dans cette confiserie historique.\" \/>\n<meta name=\"robots\" content=\"index, follow, max-snippet:-1, max-image-preview:large, max-video-preview:-1\" \/>\n<link rel=\"canonical\" href=\"https:\/\/www.zaanseschans.com\/fr\/musee-de-la-boulangerie-in-de-gecroonde-duyvekater\/\" \/>\n<meta property=\"og:locale\" content=\"fr_FR\" \/>\n<meta property=\"og:type\" content=\"article\" \/>\n<meta property=\"og:title\" content=\"Mus\u00e9e de la boulangerie In de Gecroonde Duyvekater - Zaanse Schans\" \/>\n<meta property=\"og:description\" content=\"Visitez le mus\u00e9e de la boulangerie &quot;In de Gecroonde Duyvekater&quot;. D\u00e9couvrez l&#039;histoire et d\u00e9gustez du chocolat, de la p\u00e2te d&#039;amande et des sp\u00e9culoos dans cette confiserie historique.\" \/>\n<meta property=\"og:url\" content=\"https:\/\/www.zaanseschans.com\/fr\/musee-de-la-boulangerie-in-de-gecroonde-duyvekater\/\" \/>\n<meta property=\"og:site_name\" content=\"Zaanse Schans\" \/>\n<meta property=\"article:modified_time\" content=\"2024-06-16T19:42:14+00:00\" \/>\n<meta name=\"twitter:card\" content=\"summary_large_image\" \/>\n<meta name=\"twitter:label1\" content=\"Dur\u00e9e de lecture estim\u00e9e\" \/>\n\t<meta name=\"twitter:data1\" content=\"4 minutes\" \/>\n<script type=\"application\/ld+json\" class=\"yoast-schema-graph\">{\"@context\":\"https:\\\/\\\/schema.org\",\"@graph\":[{\"@type\":\"WebPage\",\"@id\":\"https:\\\/\\\/www.zaanseschans.com\\\/fr\\\/musee-de-la-boulangerie-in-de-gecroonde-duyvekater\\\/\",\"url\":\"https:\\\/\\\/www.zaanseschans.com\\\/fr\\\/musee-de-la-boulangerie-in-de-gecroonde-duyvekater\\\/\",\"name\":\"Mus\u00e9e de la boulangerie In de Gecroonde Duyvekater - Zaanse Schans\",\"isPartOf\":{\"@id\":\"https:\\\/\\\/www.zaanseschans.com\\\/fr\\\/#website\"},\"datePublished\":\"2023-12-02T12:00:33+00:00\",\"dateModified\":\"2024-06-16T19:42:14+00:00\",\"description\":\"Visitez le mus\u00e9e de la boulangerie \\\"In de Gecroonde Duyvekater\\\". D\u00e9couvrez l'histoire et d\u00e9gustez du chocolat, de la p\u00e2te d'amande et des sp\u00e9culoos dans cette confiserie historique.\",\"breadcrumb\":{\"@id\":\"https:\\\/\\\/www.zaanseschans.com\\\/fr\\\/musee-de-la-boulangerie-in-de-gecroonde-duyvekater\\\/#breadcrumb\"},\"inLanguage\":\"fr-FR\",\"potentialAction\":[{\"@type\":\"ReadAction\",\"target\":[\"https:\\\/\\\/www.zaanseschans.com\\\/fr\\\/musee-de-la-boulangerie-in-de-gecroonde-duyvekater\\\/\"]}]},{\"@type\":\"BreadcrumbList\",\"@id\":\"https:\\\/\\\/www.zaanseschans.com\\\/fr\\\/musee-de-la-boulangerie-in-de-gecroonde-duyvekater\\\/#breadcrumb\",\"itemListElement\":[{\"@type\":\"ListItem\",\"position\":1,\"name\":\"Home\",\"item\":\"https:\\\/\\\/www.zaanseschans.com\\\/fr\\\/\"},{\"@type\":\"ListItem\",\"position\":2,\"name\":\"Mus\u00e9e de la boulangerie In de Gecroonde Duyvekater\"}]},{\"@type\":\"WebSite\",\"@id\":\"https:\\\/\\\/www.zaanseschans.com\\\/fr\\\/#website\",\"url\":\"https:\\\/\\\/www.zaanseschans.com\\\/fr\\\/\",\"name\":\"Zaanse Schans\",\"description\":\"\",\"publisher\":{\"@id\":\"https:\\\/\\\/www.zaanseschans.com\\\/fr\\\/#organization\"},\"potentialAction\":[{\"@type\":\"SearchAction\",\"target\":{\"@type\":\"EntryPoint\",\"urlTemplate\":\"https:\\\/\\\/www.zaanseschans.com\\\/fr\\\/?s={search_term_string}\"},\"query-input\":{\"@type\":\"PropertyValueSpecification\",\"valueRequired\":true,\"valueName\":\"search_term_string\"}}],\"inLanguage\":\"fr-FR\"},{\"@type\":\"Organization\",\"@id\":\"https:\\\/\\\/www.zaanseschans.com\\\/fr\\\/#organization\",\"name\":\"Zaanse Schans\",\"url\":\"https:\\\/\\\/www.zaanseschans.com\\\/fr\\\/\",\"logo\":{\"@type\":\"ImageObject\",\"inLanguage\":\"fr-FR\",\"@id\":\"https:\\\/\\\/www.zaanseschans.com\\\/fr\\\/#\\\/schema\\\/logo\\\/image\\\/\",\"url\":\"https:\\\/\\\/www.zaanseschans.com\\\/wp-content\\\/uploads\\\/Zaanse-schans-logo-INSTA.jpg\",\"contentUrl\":\"https:\\\/\\\/www.zaanseschans.com\\\/wp-content\\\/uploads\\\/Zaanse-schans-logo-INSTA.jpg\",\"width\":360,\"height\":360,\"caption\":\"Zaanse Schans\"},\"image\":{\"@id\":\"https:\\\/\\\/www.zaanseschans.com\\\/fr\\\/#\\\/schema\\\/logo\\\/image\\\/\"},\"sameAs\":[\"https:\\\/\\\/www.instagram.com\\\/zaanseschansholland\\\/\"]}]}<\/script>\n<!-- \/ Yoast SEO plugin. -->","yoast_head_json":{"title":"Mus\u00e9e de la boulangerie In de Gecroonde Duyvekater - Zaanse Schans","description":"Visitez le mus\u00e9e de la boulangerie \"In de Gecroonde Duyvekater\". D\u00e9couvrez l'histoire et d\u00e9gustez du chocolat, de la p\u00e2te d'amande et des sp\u00e9culoos dans cette confiserie historique.","robots":{"index":"index","follow":"follow","max-snippet":"max-snippet:-1","max-image-preview":"max-image-preview:large","max-video-preview":"max-video-preview:-1"},"canonical":"https:\/\/www.zaanseschans.com\/fr\/musee-de-la-boulangerie-in-de-gecroonde-duyvekater\/","og_locale":"fr_FR","og_type":"article","og_title":"Mus\u00e9e de la boulangerie In de Gecroonde Duyvekater - Zaanse Schans","og_description":"Visitez le mus\u00e9e de la boulangerie \"In de Gecroonde Duyvekater\". D\u00e9couvrez l'histoire et d\u00e9gustez du chocolat, de la p\u00e2te d'amande et des sp\u00e9culoos dans cette confiserie historique.","og_url":"https:\/\/www.zaanseschans.com\/fr\/musee-de-la-boulangerie-in-de-gecroonde-duyvekater\/","og_site_name":"Zaanse Schans","article_modified_time":"2024-06-16T19:42:14+00:00","twitter_card":"summary_large_image","twitter_misc":{"Dur\u00e9e de lecture estim\u00e9e":"4 minutes"},"schema":{"@context":"https:\/\/schema.org","@graph":[{"@type":"WebPage","@id":"https:\/\/www.zaanseschans.com\/fr\/musee-de-la-boulangerie-in-de-gecroonde-duyvekater\/","url":"https:\/\/www.zaanseschans.com\/fr\/musee-de-la-boulangerie-in-de-gecroonde-duyvekater\/","name":"Mus\u00e9e de la boulangerie In de Gecroonde Duyvekater - Zaanse Schans","isPartOf":{"@id":"https:\/\/www.zaanseschans.com\/fr\/#website"},"datePublished":"2023-12-02T12:00:33+00:00","dateModified":"2024-06-16T19:42:14+00:00","description":"Visitez le mus\u00e9e de la boulangerie \"In de Gecroonde Duyvekater\". D\u00e9couvrez l'histoire et d\u00e9gustez du chocolat, de la p\u00e2te d'amande et des sp\u00e9culoos dans cette confiserie historique.","breadcrumb":{"@id":"https:\/\/www.zaanseschans.com\/fr\/musee-de-la-boulangerie-in-de-gecroonde-duyvekater\/#breadcrumb"},"inLanguage":"fr-FR","potentialAction":[{"@type":"ReadAction","target":["https:\/\/www.zaanseschans.com\/fr\/musee-de-la-boulangerie-in-de-gecroonde-duyvekater\/"]}]},{"@type":"BreadcrumbList","@id":"https:\/\/www.zaanseschans.com\/fr\/musee-de-la-boulangerie-in-de-gecroonde-duyvekater\/#breadcrumb","itemListElement":[{"@type":"ListItem","position":1,"name":"Home","item":"https:\/\/www.zaanseschans.com\/fr\/"},{"@type":"ListItem","position":2,"name":"Mus\u00e9e de la boulangerie In de Gecroonde Duyvekater"}]},{"@type":"WebSite","@id":"https:\/\/www.zaanseschans.com\/fr\/#website","url":"https:\/\/www.zaanseschans.com\/fr\/","name":"Zaanse Schans","description":"","publisher":{"@id":"https:\/\/www.zaanseschans.com\/fr\/#organization"},"potentialAction":[{"@type":"SearchAction","target":{"@type":"EntryPoint","urlTemplate":"https:\/\/www.zaanseschans.com\/fr\/?s={search_term_string}"},"query-input":{"@type":"PropertyValueSpecification","valueRequired":true,"valueName":"search_term_string"}}],"inLanguage":"fr-FR"},{"@type":"Organization","@id":"https:\/\/www.zaanseschans.com\/fr\/#organization","name":"Zaanse Schans","url":"https:\/\/www.zaanseschans.com\/fr\/","logo":{"@type":"ImageObject","inLanguage":"fr-FR","@id":"https:\/\/www.zaanseschans.com\/fr\/#\/schema\/logo\/image\/","url":"https:\/\/www.zaanseschans.com\/wp-content\/uploads\/Zaanse-schans-logo-INSTA.jpg","contentUrl":"https:\/\/www.zaanseschans.com\/wp-content\/uploads\/Zaanse-schans-logo-INSTA.jpg","width":360,"height":360,"caption":"Zaanse Schans"},"image":{"@id":"https:\/\/www.zaanseschans.com\/fr\/#\/schema\/logo\/image\/"},"sameAs":["https:\/\/www.instagram.com\/zaanseschansholland\/"]}]}},"_links":{"self":[{"href":"https:\/\/www.zaanseschans.com\/fr\/wp-json\/wp\/v2\/pages\/12939","targetHints":{"allow":["GET"]}}],"collection":[{"href":"https:\/\/www.zaanseschans.com\/fr\/wp-json\/wp\/v2\/pages"}],"about":[{"href":"https:\/\/www.zaanseschans.com\/fr\/wp-json\/wp\/v2\/types\/page"}],"author":[{"embeddable":true,"href":"https:\/\/www.zaanseschans.com\/fr\/wp-json\/wp\/v2\/users\/1"}],"replies":[{"embeddable":true,"href":"https:\/\/www.zaanseschans.com\/fr\/wp-json\/wp\/v2\/comments?post=12939"}],"version-history":[{"count":0,"href":"https:\/\/www.zaanseschans.com\/fr\/wp-json\/wp\/v2\/pages\/12939\/revisions"}],"wp:attachment":[{"href":"https:\/\/www.zaanseschans.com\/fr\/wp-json\/wp\/v2\/media?parent=12939"}],"curies":[{"name":"wp","href":"https:\/\/api.w.org\/{rel}","templated":true}]}}